{"id":8354,"date":"2023-09-04T11:11:40","date_gmt":"2023-09-04T09:11:40","guid":{"rendered":"https:\/\/billroth73.at\/?page_id=8354"},"modified":"2023-09-04T14:50:32","modified_gmt":"2023-09-04T12:50:32","slug":"jugendkonferenzen","status":"publish","type":"page","link":"https:\/\/billroth73.at\/index.php\/jugendkonferenzen\/","title":{"rendered":"Jugendkonferenzen"},"content":{"rendered":"<p>[vc_row][vc_column][vc_column_text]<\/p>\n<h4>EU-Projekt \u201eMy Participation Revolution\u201c<\/h4>\n<p>\u00dcber einen Zeitraum von eineinhalb Jahren werden die Sch\u00fclerinnen und Sch\u00fcler gemeinsam mit Frau Prof. Graf ihre Erwartungen in Bezug auf die Europ\u00e4ische Union diskutieren und innovative Ideen entwickeln. In intensiven Workshops, darunter auch einige in Bologna, werden die Sch\u00fclerinnen und Sch\u00fcler sich eingehend mit dem Thema auseinandersetzen. Schlie\u00dflich werden ausgew\u00e4hlte Sch\u00fclerinnen und Sch\u00fcler ihre Ergebnisse im Europ\u00e4ischen Parlament in Br\u00fcssel pers\u00f6nlich pr\u00e4sentieren. Bleibt weiterhin engagiert und informiert euch \u00fcber die Entwicklungen!<\/p>\n<p>&nbsp;<\/p>\n<p>Weitere Informationen finden Sie auf <a href=\"http:\/\/www.suedwind.at\/myrevolution\">www.suedwind.at\/myrevolution<\/a>.<\/p>\n<p>[\/vc_column_text][vc_empty_space][vc_single_image image=&#8220;8382&#8243; img_size=&#8220;full&#8220; onclick=&#8220;img_link_large&#8220;][vc_single_image image=&#8220;8381&#8243; img_size=&#8220;full&#8220; onclick=&#8220;img_link_large&#8220;][vc_single_image image=&#8220;8379&#8243; img_size=&#8220;full&#8220; onclick=&#8220;img_link_large&#8220;][vc_single_image image=&#8220;8380&#8243; img_size=&#8220;full&#8220; onclick=&#8220;img_link_large&#8220;][vc_single_image image=&#8220;8378&#8243; img_size=&#8220;full&#8220; onclick=&#8220;img_link_large&#8220;][vc_single_image image=&#8220;8383&#8243; img_size=&#8220;large&#8220; onclick=&#8220;img_link_large&#8220;][\/vc_column][\/vc_row]<\/p>\n","protected":false},"excerpt":{"rendered":"<p>[vc_row][vc_column][vc_column_text] EU-Projekt \u201eMy Participation Revolution\u201c \u00dcber einen Zeitraum von eineinhalb Jahren werden die Sch\u00fclerinnen und Sch\u00fcler gemeinsam mit Frau Prof. Graf ihre Erwartungen in Bezug auf die Europ\u00e4ische Union diskutieren und innovative Ideen entwickeln. In intensiven Workshops, darunter auch einige in Bologna, werden die Sch\u00fclerinnen und Sch\u00fcler sich eingehend mit dem Thema auseinandersetzen. Schlie\u00dflich werden&hellip;<\/p>\n","protected":false},"author":10,"featured_media":0,"parent":0,"menu_order":0,"comment_status":"closed","ping_status":"closed","template":"","meta":{"footnotes":"","_links_to":"","_links_to_target":""},"class_list":["post-8354","page","type-page","status-publish","hentry","description-off"],"_links":{"self":[{"href":"https:\/\/billroth73.at\/index.php\/wp-json\/wp\/v2\/pages\/8354","targetHints":{"allow":["GET"]}}],"collection":[{"href":"https:\/\/billroth73.at\/index.php\/wp-json\/wp\/v2\/pages"}],"about":[{"href":"https:\/\/billroth73.at\/index.php\/wp-json\/wp\/v2\/types\/page"}],"author":[{"embeddable":true,"href":"https:\/\/billroth73.at\/index.php\/wp-json\/wp\/v2\/users\/10"}],"replies":[{"embeddable":true,"href":"https:\/\/billroth73.at\/index.php\/wp-json\/wp\/v2\/comments?post=8354"}],"version-history":[{"count":4,"href":"https:\/\/billroth73.at\/index.php\/wp-json\/wp\/v2\/pages\/8354\/revisions"}],"predecessor-version":[{"id":8385,"href":"https:\/\/billroth73.at\/index.php\/wp-json\/wp\/v2\/pages\/8354\/revisions\/8385"}],"wp:attachment":[{"href":"https:\/\/billroth73.at\/index.php\/wp-json\/wp\/v2\/media?parent=8354"}],"curies":[{"name":"wp","href":"https:\/\/api.w.org\/{rel}","templated":true}]}}