{"id":46,"date":"2014-03-18T10:54:00","date_gmt":"2014-03-18T10:54:00","guid":{"rendered":"http:\/\/the7.dream-demo.com\/business\/?page_id=46"},"modified":"2018-12-19T21:54:47","modified_gmt":"2018-12-19T20:54:47","slug":"news","status":"publish","type":"page","link":"https:\/\/billroth73.at\/index.php\/news\/","title":{"rendered":"News"},"content":{"rendered":"<p>[vc_row][vc_column][vc_column_text]<a name=\"termine\"><\/a> [\/vc_column_text]<div id=\"ultimate-heading-145369f198ed9b75c\" class=\"uvc-heading ult-adjust-bottom-margin ultimate-heading-145369f198ed9b75c uvc-3347  uvc-heading-default-font-sizes\" data-hspacer=\"no_spacer\"  data-halign=\"left\" style=\"text-align:left\"><div class=\"uvc-heading-spacer no_spacer\" style=\"top\"><\/div><div class=\"uvc-main-heading ult-responsive\"  data-ultimate-target='.uvc-heading.ultimate-heading-145369f198ed9b75c h2'  data-responsive-json-new='{\"font-size\":\"\",\"line-height\":\"\"}' ><h2 style=\"--font-weight:theme;\">Neues rund um das GRG19<\/h2><\/div><\/div>[vc_separator][\/vc_column][\/vc_row][vc_row][vc_column][vc_empty_space height=&#8220;50px&#8220;][vc_empty_space height=&#8220;50px&#8220;][\/vc_column][\/vc_row][vc_row type=&#8220;vc_default&#8220;][vc_column css=&#8220;.vc_custom_1490282465784{padding-right: 50px !important;padding-left: 50px !important;}&#8220;]<style type=\"text\/css\" data-type=\"the7_shortcodes-inline-css\">.blog-shortcode.blog-masonry-shortcode-id-9d827c2c659a8c7c3231890376a07837.dividers-on.classic-layout-list article {\n  padding-top: 0;\n}\n.blog-shortcode.blog-masonry-shortcode-id-9d827c2c659a8c7c3231890376a07837.dividers-on.classic-layout-list article:first-of-type {\n  margin-top: 0;\n  padding-top: 0;\n}\n.blog-shortcode.blog-masonry-shortcode-id-9d827c2c659a8c7c3231890376a07837.classic-layout-list.mode-list .post-entry-content {\n  width: calc(100% - );\n}\n.blog-shortcode.blog-masonry-shortcode-id-9d827c2c659a8c7c3231890376a07837.classic-layout-list.mode-list .no-img .post-entry-content {\n  width: 100%;\n}\n.blog-shortcode.blog-masonry-shortcode-id-9d827c2c659a8c7c3231890376a07837 .filter-bg-decoration .filter-categories a.act {\n  color: #fff;\n}\n.blog-shortcode.blog-masonry-shortcode-id-9d827c2c659a8c7c3231890376a07837:not(.mode-masonry) article:first-of-type,\n.blog-shortcode.blog-masonry-shortcode-id-9d827c2c659a8c7c3231890376a07837:not(.mode-masonry) article.visible.first:not(.product) {\n  margin-top: 0;\n}\n.blog-shortcode.blog-masonry-shortcode-id-9d827c2c659a8c7c3231890376a07837.dividers-on:not(.mode-masonry) article {\n  margin-top: 0;\n}\n.blog-shortcode.blog-masonry-shortcode-id-9d827c2c659a8c7c3231890376a07837.dividers-on:not(.mode-masonry) article:first-of-type,\n.blog-shortcode.blog-masonry-shortcode-id-9d827c2c659a8c7c3231890376a07837.dividers-on:not(.mode-masonry) article.visible.first:not(.product) {\n  margin-top: 0;\n  padding-top: 0;\n}\n.blog-shortcode.blog-masonry-shortcode-id-9d827c2c659a8c7c3231890376a07837 .post-thumbnail-wrap {\n  padding: 0px 0px 0px 0px;\n}\n.blog-shortcode.blog-masonry-shortcode-id-9d827c2c659a8c7c3231890376a07837.enable-bg-rollover .post-thumbnail-rollover:after {\n  background: -webkit-linear-gradient();\n  background: linear-gradient();\n}\n.blog-shortcode.blog-masonry-shortcode-id-9d827c2c659a8c7c3231890376a07837 .gallery-zoom-ico {\n  width: 44px;\n  height: 44px;\n  line-height: 44px;\n  border-radius: 100px;\n  margin: -22px 0 0 -22px;\n  border-width: 0px;\n  color: #ffffff;\n}\n.bottom-overlap-layout-list.blog-shortcode.blog-masonry-shortcode-id-9d827c2c659a8c7c3231890376a07837 .gallery-zoom-ico {\n  margin-top: -72px;\n}\n.gradient-overlay-layout-list.blog-shortcode.blog-masonry-shortcode-id-9d827c2c659a8c7c3231890376a07837 .gallery-zoom-ico,\n.content-rollover-layout-list.blog-shortcode.blog-masonry-shortcode-id-9d827c2c659a8c7c3231890376a07837 .gallery-zoom-ico {\n  margin: 0 0 10px;\n}\n.content-align-center.gradient-overlay-layout-list.blog-shortcode.blog-masonry-shortcode-id-9d827c2c659a8c7c3231890376a07837 .gallery-zoom-ico,\n.content-align-center.content-rollover-layout-list.blog-shortcode.blog-masonry-shortcode-id-9d827c2c659a8c7c3231890376a07837 .gallery-zoom-ico {\n  margin: 0 auto 10px;\n}\n.dt-icon-bg-on.blog-shortcode.blog-masonry-shortcode-id-9d827c2c659a8c7c3231890376a07837 .gallery-zoom-ico {\n  background: rgba(255,255,255,0.3);\n  box-shadow: none;\n}\n.blog-shortcode.blog-masonry-shortcode-id-9d827c2c659a8c7c3231890376a07837 .gallery-zoom-ico > span,\n.blog-shortcode.blog-masonry-shortcode-id-9d827c2c659a8c7c3231890376a07837 .gallery-zoom-ico:before {\n  font-size: 32px;\n  line-height: 44px;\n}\n.blog-shortcode.blog-masonry-shortcode-id-9d827c2c659a8c7c3231890376a07837 .gallery-zoom-ico > span,\n.blog-shortcode.blog-masonry-shortcode-id-9d827c2c659a8c7c3231890376a07837 .gallery-zoom-ico:before {\n  color: #ffffff;\n}\n.blog-shortcode.blog-masonry-shortcode-id-9d827c2c659a8c7c3231890376a07837 .entry-title,\n.blog-shortcode.blog-masonry-shortcode-id-9d827c2c659a8c7c3231890376a07837.owl-carousel .entry-title {\n  margin-bottom: 5px;\n}\n.blog-shortcode.blog-masonry-shortcode-id-9d827c2c659a8c7c3231890376a07837 .entry-meta {\n  margin-bottom: 15px;\n}\n.blog-shortcode.blog-masonry-shortcode-id-9d827c2c659a8c7c3231890376a07837 .portfolio-categories {\n  margin-bottom: 15px;\n}\n.blog-shortcode.blog-masonry-shortcode-id-9d827c2c659a8c7c3231890376a07837 .entry-excerpt {\n  margin-bottom: 10px;\n  font-size: 16px;\n  line-height: 28px;\n}\n.blog-shortcode.blog-masonry-shortcode-id-9d827c2c659a8c7c3231890376a07837:not(.centered-layout-list) .post-entry-content {\n  padding: 30px 0px 0px 0px;\n}\n.blog-shortcode.blog-masonry-shortcode-id-9d827c2c659a8c7c3231890376a07837:not(.centered-layout-list):not(.content-bg-on):not(.mode-list) .no-img .post-entry-content {\n  padding: 0;\n}\n@media screen and (max-width: ) {\n  .blog-shortcode.blog-masonry-shortcode-id-9d827c2c659a8c7c3231890376a07837 article {\n    -ms-flex-flow: column nowrap;\n    flex-flow: column nowrap;\n    margin-top: 20px;\n  }\n  .blog-shortcode.blog-masonry-shortcode-id-9d827c2c659a8c7c3231890376a07837.dividers-on article {\n    border: none;\n  }\n  .blog-shortcode.blog-masonry-shortcode-id-9d827c2c659a8c7c3231890376a07837.content-bg-on.centered-layout-list article {\n    padding: 0;\n  }\n  .blog-shortcode.blog-masonry-shortcode-id-9d827c2c659a8c7c3231890376a07837.blog-shortcode.dividers-on article,\n  .blog-shortcode.blog-masonry-shortcode-id-9d827c2c659a8c7c3231890376a07837.dividers-on.classic-layout-list article {\n    margin-top: 20px;\n    padding: 0;\n  }\n  .blog-shortcode.blog-masonry-shortcode-id-9d827c2c659a8c7c3231890376a07837.blog-shortcode.dividers-on article:first-of-type,\n  .blog-shortcode.blog-masonry-shortcode-id-9d827c2c659a8c7c3231890376a07837.dividers-on.classic-layout-list article:first-of-type {\n    padding: 0;\n  }\n  #page .blog-shortcode.blog-masonry-shortcode-id-9d827c2c659a8c7c3231890376a07837 .post-thumbnail-wrap,\n  #page .blog-shortcode.blog-masonry-shortcode-id-9d827c2c659a8c7c3231890376a07837 .post-entry-content {\n    width: 100%;\n    margin: 0;\n    top: 0;\n  }\n  #page .blog-shortcode.blog-masonry-shortcode-id-9d827c2c659a8c7c3231890376a07837 .post-thumbnail-wrap {\n    padding: 0;\n  }\n  #page .blog-shortcode.blog-masonry-shortcode-id-9d827c2c659a8c7c3231890376a07837 .post-entry-content:after {\n    display: none;\n  }\n  #page .blog-shortcode.blog-masonry-shortcode-id-9d827c2c659a8c7c3231890376a07837 .project-even .post-thumbnail-wrap,\n  #page .blog-shortcode.blog-masonry-shortcode-id-9d827c2c659a8c7c3231890376a07837.centered-layout-list .post-thumbnail-wrap {\n    -ms-flex-order: 0;\n    order: 0;\n  }\n  #page .blog-shortcode.blog-masonry-shortcode-id-9d827c2c659a8c7c3231890376a07837.centered-layout-list .post-entry-title-content {\n    -ms-flex-order: 1;\n    order: 1;\n    width: 100%;\n    padding: 20px 20px 0;\n  }\n  #page .blog-shortcode.blog-masonry-shortcode-id-9d827c2c659a8c7c3231890376a07837.centered-layout-list .post-entry-content {\n    -ms-flex-order: 2;\n    order: 2;\n    padding-top: 0;\n  }\n  #page .blog-shortcode.blog-masonry-shortcode-id-9d827c2c659a8c7c3231890376a07837 .fancy-categories {\n    top: 10px;\n    left: 10px;\n    bottom: auto;\n    right: auto;\n  }\n  #page .blog-shortcode.blog-masonry-shortcode-id-9d827c2c659a8c7c3231890376a07837 .fancy-date a {\n    top: 10px;\n    right: 10px;\n    left: auto;\n    bottom: auto;\n  }\n  #page .blog-shortcode.blog-masonry-shortcode-id-9d827c2c659a8c7c3231890376a07837 .post-entry-content {\n    padding: 20px;\n  }\n  #page .blog-shortcode.blog-masonry-shortcode-id-9d827c2c659a8c7c3231890376a07837 .entry-title {\n    margin: 3px 0 5px;\n    font-size: 20px;\n    line-height: 26px;\n  }\n  #page .blog-shortcode.blog-masonry-shortcode-id-9d827c2c659a8c7c3231890376a07837 .entry-meta {\n    margin: 5px 0 5px;\n  }\n  #page .blog-shortcode.blog-masonry-shortcode-id-9d827c2c659a8c7c3231890376a07837 .entry-excerpt {\n    margin: 15px 0 0;\n  }\n  #page .blog-shortcode.blog-masonry-shortcode-id-9d827c2c659a8c7c3231890376a07837 .post-details {\n    margin: 5px 0 10px;\n  }\n  #page .blog-shortcode.blog-masonry-shortcode-id-9d827c2c659a8c7c3231890376a07837 .post-details.details-type-link {\n    margin-bottom: 2px;\n  }\n}\n.blog-shortcode.blog-masonry-shortcode-id-9d827c2c659a8c7c3231890376a07837:not(.resize-by-browser-width) .dt-css-grid {\n  grid-row-gap: 50px;\n  grid-column-gap: 50px;\n  grid-template-columns: repeat(auto-fill,minmax(,1fr));\n}\n.blog-shortcode.blog-masonry-shortcode-id-9d827c2c659a8c7c3231890376a07837:not(.resize-by-browser-width) .dt-css-grid .double-width {\n  grid-column: span 2;\n}\n.cssgridlegacy.no-cssgrid .blog-shortcode.blog-masonry-shortcode-id-9d827c2c659a8c7c3231890376a07837:not(.resize-by-browser-width) .dt-css-grid,\n.no-cssgridlegacy.no-cssgrid .blog-shortcode.blog-masonry-shortcode-id-9d827c2c659a8c7c3231890376a07837:not(.resize-by-browser-width) .dt-css-grid {\n  display: flex;\n  flex-flow: row wrap;\n  margin: -25px;\n}\n.cssgridlegacy.no-cssgrid .blog-shortcode.blog-masonry-shortcode-id-9d827c2c659a8c7c3231890376a07837:not(.resize-by-browser-width) .dt-css-grid .wf-cell,\n.no-cssgridlegacy.no-cssgrid .blog-shortcode.blog-masonry-shortcode-id-9d827c2c659a8c7c3231890376a07837:not(.resize-by-browser-width) .dt-css-grid .wf-cell {\n  flex: 1 0 ;\n  max-width: 100%;\n  padding: 25px;\n  box-sizing: border-box;\n}\n.blog-shortcode.blog-masonry-shortcode-id-9d827c2c659a8c7c3231890376a07837.resize-by-browser-width .dt-css-grid {\n  grid-template-columns: repeat(3,1fr);\n  grid-template-rows: auto;\n  grid-column-gap: 50px;\n  grid-row-gap: 50px;\n}\n.blog-shortcode.blog-masonry-shortcode-id-9d827c2c659a8c7c3231890376a07837.resize-by-browser-width .dt-css-grid .double-width {\n  grid-column: span 2;\n}\n.cssgridlegacy.no-cssgrid .blog-shortcode.blog-masonry-shortcode-id-9d827c2c659a8c7c3231890376a07837.resize-by-browser-width .dt-css-grid {\n  margin: -25px;\n}\n.cssgridlegacy.no-cssgrid .blog-shortcode.blog-masonry-shortcode-id-9d827c2c659a8c7c3231890376a07837.resize-by-browser-width .dt-css-grid .wf-cell {\n  width: 33.333333333333%;\n  padding: 25px;\n}\n.cssgridlegacy.no-cssgrid .blog-shortcode.blog-masonry-shortcode-id-9d827c2c659a8c7c3231890376a07837.resize-by-browser-width .dt-css-grid .wf-cell.double-width {\n  width: calc(33.333333333333%) * 2;\n}\n.blog-shortcode.blog-masonry-shortcode-id-9d827c2c659a8c7c3231890376a07837.resize-by-browser-width:not(.centered-layout-list):not(.content-bg-on) .dt-css-grid {\n  grid-row-gap: 50px;\n}\n@media screen and (max-width: 1199px) {\n  .blog-shortcode.blog-masonry-shortcode-id-9d827c2c659a8c7c3231890376a07837.resize-by-browser-width .dt-css-grid {\n    grid-template-columns: repeat(3,1fr);\n  }\n  .cssgridlegacy.no-cssgrid .blog-shortcode.blog-masonry-shortcode-id-9d827c2c659a8c7c3231890376a07837.resize-by-browser-width .dt-css-grid .wf-cell,\n  .no-cssgridlegacy.no-cssgrid .blog-shortcode.blog-masonry-shortcode-id-9d827c2c659a8c7c3231890376a07837.resize-by-browser-width .dt-css-grid .wf-cell {\n    width: 33.333333333333%;\n  }\n  .cssgridlegacy.no-cssgrid .blog-shortcode.blog-masonry-shortcode-id-9d827c2c659a8c7c3231890376a07837.resize-by-browser-width .dt-css-grid .wf-cell.double-width,\n  .no-cssgridlegacy.no-cssgrid .blog-shortcode.blog-masonry-shortcode-id-9d827c2c659a8c7c3231890376a07837.resize-by-browser-width .dt-css-grid .wf-cell.double-width {\n    width: calc(33.333333333333%)*2;\n  }\n}\n@media screen and (max-width: 991px) {\n  .blog-shortcode.blog-masonry-shortcode-id-9d827c2c659a8c7c3231890376a07837.resize-by-browser-width .dt-css-grid {\n    grid-template-columns: repeat(3,1fr);\n  }\n  .cssgridlegacy.no-cssgrid .blog-shortcode.blog-masonry-shortcode-id-9d827c2c659a8c7c3231890376a07837.resize-by-browser-width .dt-css-grid .wf-cell,\n  .no-cssgridlegacy.no-cssgrid .blog-shortcode.blog-masonry-shortcode-id-9d827c2c659a8c7c3231890376a07837.resize-by-browser-width .dt-css-grid .wf-cell {\n    width: 33.333333333333%;\n  }\n  .cssgridlegacy.no-cssgrid .blog-shortcode.blog-masonry-shortcode-id-9d827c2c659a8c7c3231890376a07837.resize-by-browser-width .dt-css-grid .wf-cell.double-width,\n  .no-cssgridlegacy.no-cssgrid .blog-shortcode.blog-masonry-shortcode-id-9d827c2c659a8c7c3231890376a07837.resize-by-browser-width .dt-css-grid .wf-cell.double-width {\n    width: calc(33.333333333333%)*2;\n  }\n}\n@media screen and (max-width: 767px) {\n  .blog-shortcode.blog-masonry-shortcode-id-9d827c2c659a8c7c3231890376a07837.resize-by-browser-width .dt-css-grid {\n    grid-template-columns: repeat(1,1fr);\n  }\n  .blog-shortcode.blog-masonry-shortcode-id-9d827c2c659a8c7c3231890376a07837.resize-by-browser-width .dt-css-grid .double-width {\n    grid-column: span 1;\n  }\n  .cssgridlegacy.no-cssgrid .blog-shortcode.blog-masonry-shortcode-id-9d827c2c659a8c7c3231890376a07837.resize-by-browser-width .dt-css-grid .wf-cell,\n  .no-cssgridlegacy.no-cssgrid .blog-shortcode.blog-masonry-shortcode-id-9d827c2c659a8c7c3231890376a07837.resize-by-browser-width .dt-css-grid .wf-cell {\n    width: 100%;\n  }\n  .cssgridlegacy.no-cssgrid .blog-shortcode.blog-masonry-shortcode-id-9d827c2c659a8c7c3231890376a07837.resize-by-browser-width .dt-css-grid .wf-cell.double-width,\n  .no-cssgridlegacy.no-cssgrid .blog-shortcode.blog-masonry-shortcode-id-9d827c2c659a8c7c3231890376a07837.resize-by-browser-width .dt-css-grid .wf-cell.double-width {\n    width: calc(100%)*2;\n  }\n}\n<\/style><div class=\"blog-shortcode blog-masonry-shortcode-id-9d827c2c659a8c7c3231890376a07837 mode-grid classic-layout-list jquery-filter vertical-fancy-style scale-img meta-info-off dt-css-grid-wrap dt-icon-bg-off resize-by-browser-width loading-effect-none description-under-image \" data-padding=\"25px\" data-cur-page=\"1\" data-post-limit=\"4\" data-pagination-mode=\"load-more\" data-desktop-columns-num=\"3\" data-v-tablet-columns-num=\"3\" data-h-tablet-columns-num=\"3\" data-phone-columns-num=\"1\" data-width=\"0px\" data-columns=\"0\"><div class=\"dt-css-grid\" ><div class=\"visible wf-cell\" data-post-id=\"8934\" data-date=\"2026-03-10T14:57:29+01:00\" data-name=\"4B: 40 Tage - 40 Pflanzen\"><article class=\"post project-odd visible post-8934 type-post status-publish format-standard has-post-thumbnail hentry category-allgemein category-1\" data-name=\"4B: 40 Tage &#8211; 40 Pflanzen\" data-date=\"2026-03-10T14:57:29+01:00\">\n\n<div class=\"post-thumbnail-wrap\">\n\t<div class=\"post-thumbnail\">\n\t\t\n\t\t\n\t\t<a href=\"https:\/\/billroth73.at\/index.php\/2026\/03\/10\/4b-40-tage-40-pflanzen\/\" class=\"post-thumbnail-rollover layzr-bg layzr-bg\" ><img fetchpriority=\"high\" decoding=\"async\" class=\"iso-lazy-load preload-me iso-lazy-load aspect\" src=\"data:image\/svg+xml,%3Csvg%20xmlns%3D&#39;http%3A%2F%2Fwww.w3.org%2F2000%2Fsvg&#39;%20viewBox%3D&#39;0%200%20400%20266&#39;%2F%3E\" data-src=\"https:\/\/billroth73.at\/wp-content\/uploads\/2018\/09\/Logo-GRG-400-400x266.png\" data-srcset=\"https:\/\/billroth73.at\/wp-content\/uploads\/2018\/09\/Logo-GRG-400-400x266.png 400w\" loading=\"eager\" style=\"--ratio: 400 \/ 266\" sizes=\"(max-width: 400px) 100vw, 400px\" alt=\"\" title=\"Logo GRG-400\" width=\"400\" height=\"266\"  \/><\/a>\t<\/div>\n<\/div>\n\n\n<div class=\"post-entry-content\">\n\n\t<h3 class=\"entry-title\">\n\t\t<a href=\"https:\/\/billroth73.at\/index.php\/2026\/03\/10\/4b-40-tage-40-pflanzen\/\" title=\"4B: 40 Tage &#8211; 40 Pflanzen\" rel=\"bookmark\">4B: 40 Tage &#8211; 40 Pflanzen<\/a>\n\t<\/h3>\n\n\t\n\t<div class=\"entry-excerpt\"><p>[vc_row][vc_column][vc_column_text] \ud83c\udf31 Challenge \u201e40 Tage \u2013 40 Pflanzen\u201c Die 4B lernt im Unterricht die positive Wirkung von Pflanzenstoffen auf die Gesundheit sowie die Bedeutung pflanzlicher Lebensmittel f\u00fcr Umwelt und Klima&hellip;<\/p>\n<\/div>\n\t\n<a href=\"https:\/\/billroth73.at\/index.php\/2026\/03\/10\/4b-40-tage-40-pflanzen\/\" class=\"dt-btn-s dt-btn post-details details-type-btn\" aria-label=\"Read more about 4B: 40 Tage &#8211; 40 Pflanzen\">Mehr erfahren...<i class=\"dt-icon-the7-arrow-03\" aria-hidden=\"true\"><\/i><\/a>\n\n<\/div><\/article><\/div><div class=\"visible wf-cell\" data-post-id=\"8926\" data-date=\"2026-03-02T13:54:07+01:00\" data-name=\"Die 2A engagiert sich f\u00fcr Klima- und Artenschutz\"><article class=\"post project-odd visible post-8926 type-post status-publish format-standard has-post-thumbnail hentry category-allgemein category-1\" data-name=\"Die 2A engagiert sich f\u00fcr Klima- und Artenschutz\" data-date=\"2026-03-02T13:54:07+01:00\">\n\n<div class=\"post-thumbnail-wrap\">\n\t<div class=\"post-thumbnail\">\n\t\t\n\t\t\n\t\t<a href=\"https:\/\/billroth73.at\/index.php\/2026\/03\/02\/die-2a-engagiert-sich-fuer-klima-und-artenschutz\/\" class=\"post-thumbnail-rollover layzr-bg layzr-bg\" ><img fetchpriority=\"high\" decoding=\"async\" class=\"iso-lazy-load preload-me iso-lazy-load aspect\" src=\"data:image\/svg+xml,%3Csvg%20xmlns%3D&#39;http%3A%2F%2Fwww.w3.org%2F2000%2Fsvg&#39;%20viewBox%3D&#39;0%200%20400%20266&#39;%2F%3E\" data-src=\"https:\/\/billroth73.at\/wp-content\/uploads\/2018\/09\/Logo-GRG-400-400x266.png\" data-srcset=\"https:\/\/billroth73.at\/wp-content\/uploads\/2018\/09\/Logo-GRG-400-400x266.png 400w\" loading=\"eager\" style=\"--ratio: 400 \/ 266\" sizes=\"(max-width: 400px) 100vw, 400px\" alt=\"\" title=\"Logo GRG-400\" width=\"400\" height=\"266\"  \/><\/a>\t<\/div>\n<\/div>\n\n\n<div class=\"post-entry-content\">\n\n\t<h3 class=\"entry-title\">\n\t\t<a href=\"https:\/\/billroth73.at\/index.php\/2026\/03\/02\/die-2a-engagiert-sich-fuer-klima-und-artenschutz\/\" title=\"Die 2A engagiert sich f\u00fcr Klima- und Artenschutz\" rel=\"bookmark\">Die 2A engagiert sich f\u00fcr Klima- und Artenschutz<\/a>\n\t<\/h3>\n\n\t\n\t<div class=\"entry-excerpt\"><p>[vc_row][vc_column width=&#8220;2\/3&#8243;][vc_column_text] Im laufenden Schuljahr 2025\/26 zeigt die 2A, wie viel Engagement, Herz und Verantwortungsbewusstsein in jungen Menschen steckt. \ud83c\udf0d Lernen \u00fcber den Wald \ud83c\udf33 Aufforstungsprojekt mit wienXtra Die Klasse&hellip;<\/p>\n<\/div>\n\t\n<a href=\"https:\/\/billroth73.at\/index.php\/2026\/03\/02\/die-2a-engagiert-sich-fuer-klima-und-artenschutz\/\" class=\"dt-btn-s dt-btn post-details details-type-btn\" aria-label=\"Read more about Die 2A engagiert sich f\u00fcr Klima- und Artenschutz\">Mehr erfahren...<i class=\"dt-icon-the7-arrow-03\" aria-hidden=\"true\"><\/i><\/a>\n\n<\/div><\/article><\/div><div class=\"visible wf-cell\" data-post-id=\"8924\" data-date=\"2026-02-23T12:17:18+01:00\" data-name=\"Urkunde: MINT UND KI IN DER SCHULE\"><article class=\"post project-odd visible post-8924 type-post status-publish format-standard has-post-thumbnail hentry category-allgemein category-1\" data-name=\"Urkunde: MINT UND KI IN DER SCHULE\" data-date=\"2026-02-23T12:17:18+01:00\">\n\n<div class=\"post-thumbnail-wrap\">\n\t<div class=\"post-thumbnail\">\n\t\t\n\t\t\n\t\t<a href=\"https:\/\/billroth73.at\/wp-content\/uploads\/2026\/02\/3216_001.pdf\" class=\"post-thumbnail-rollover layzr-bg layzr-bg\" ><img fetchpriority=\"high\" decoding=\"async\" class=\"iso-lazy-load preload-me iso-lazy-load aspect\" src=\"data:image\/svg+xml,%3Csvg%20xmlns%3D&#39;http%3A%2F%2Fwww.w3.org%2F2000%2Fsvg&#39;%20viewBox%3D&#39;0%200%20400%20266&#39;%2F%3E\" data-src=\"https:\/\/billroth73.at\/wp-content\/uploads\/2018\/09\/Logo-GRG-400-400x266.png\" data-srcset=\"https:\/\/billroth73.at\/wp-content\/uploads\/2018\/09\/Logo-GRG-400-400x266.png 400w\" loading=\"eager\" style=\"--ratio: 400 \/ 266\" sizes=\"(max-width: 400px) 100vw, 400px\" alt=\"\" title=\"Logo GRG-400\" width=\"400\" height=\"266\"  \/><\/a>\t<\/div>\n<\/div>\n\n\n<div class=\"post-entry-content\">\n\n\t<h3 class=\"entry-title\">\n\t\t<a href=\"https:\/\/billroth73.at\/wp-content\/uploads\/2026\/02\/3216_001.pdf\" title=\"Urkunde: MINT UND KI IN DER SCHULE\" rel=\"bookmark\">Urkunde: MINT UND KI IN DER SCHULE<\/a>\n\t<\/h3>\n\n\t\n\t<div class=\"entry-excerpt\"><\/div>\n\t\n<a href=\"https:\/\/billroth73.at\/wp-content\/uploads\/2026\/02\/3216_001.pdf\" class=\"dt-btn-s dt-btn post-details details-type-btn\" aria-label=\"Read more about Urkunde: MINT UND KI IN DER SCHULE\">Mehr erfahren...<i class=\"dt-icon-the7-arrow-03\" aria-hidden=\"true\"><\/i><\/a>\n\n<\/div><\/article><\/div><div class=\"visible wf-cell\" data-post-id=\"8903\" data-date=\"2025-12-11T09:57:48+01:00\" data-name=\"Schulsportg\u00fctesiegel in GOLD\"><article class=\"post project-odd visible post-8903 type-post status-publish format-standard has-post-thumbnail hentry category-allgemein category-1\" data-name=\"Schulsportg\u00fctesiegel in GOLD\" data-date=\"2025-12-11T09:57:48+01:00\">\n\n<div class=\"post-thumbnail-wrap\">\n\t<div class=\"post-thumbnail\">\n\t\t\n\t\t\n\t\t<a href=\"https:\/\/billroth73.at\/wp-content\/uploads\/2025\/12\/u-098b0384b1.pdf\" class=\"post-thumbnail-rollover layzr-bg layzr-bg\" ><img decoding=\"async\" class=\"iso-lazy-load preload-me iso-lazy-load aspect\" src=\"data:image\/svg+xml,%3Csvg%20xmlns%3D&#39;http%3A%2F%2Fwww.w3.org%2F2000%2Fsvg&#39;%20viewBox%3D&#39;0%200%20768%20512&#39;%2F%3E\" data-src=\"https:\/\/billroth73.at\/wp-content\/uploads\/2025\/12\/siegel-g-2024-768x512.png\" data-srcset=\"https:\/\/billroth73.at\/wp-content\/uploads\/2025\/12\/siegel-g-2024-768x512.png 768w, https:\/\/billroth73.at\/wp-content\/uploads\/2025\/12\/siegel-g-2024-1152x768.png 1152w\" loading=\"eager\" style=\"--ratio: 768 \/ 512\" sizes=\"(max-width: 768px) 100vw, 768px\" alt=\"\" title=\"siegel-g-2024\" width=\"768\" height=\"512\"  \/><\/a>\t<\/div>\n<\/div>\n\n\n<div class=\"post-entry-content\">\n\n\t<h3 class=\"entry-title\">\n\t\t<a href=\"https:\/\/billroth73.at\/wp-content\/uploads\/2025\/12\/u-098b0384b1.pdf\" title=\"Schulsportg\u00fctesiegel in GOLD\" rel=\"bookmark\">Schulsportg\u00fctesiegel in GOLD<\/a>\n\t<\/h3>\n\n\t\n\t<div class=\"entry-excerpt\"><\/div>\n\t\n<a href=\"https:\/\/billroth73.at\/wp-content\/uploads\/2025\/12\/u-098b0384b1.pdf\" class=\"dt-btn-s dt-btn post-details details-type-btn\" aria-label=\"Read more about Schulsportg\u00fctesiegel in GOLD\">Mehr erfahren...<i class=\"dt-icon-the7-arrow-03\" aria-hidden=\"true\"><\/i><\/a>\n\n<\/div><\/article><\/div><div class=\"hidden wf-cell\" data-post-id=\"8893\" data-date=\"2025-11-18T15:07:36+01:00\" data-name=\"Tolles Ergebnis bei der Rote-Nasen-Stra\u00dfensammlung\"><article class=\"post project-odd visible post-8893 type-post status-publish format-standard has-post-thumbnail hentry category-allgemein category-1\" data-name=\"Tolles Ergebnis bei der Rote-Nasen-Stra\u00dfensammlung\" data-date=\"2025-11-18T15:07:36+01:00\">\n\n<div class=\"post-thumbnail-wrap\">\n\t<div class=\"post-thumbnail\">\n\t\t\n\t\t\n\t\t<a href=\"https:\/\/billroth73.at\/index.php\/2025\/11\/18\/tolles-ergebnis-bei-der-rote-nasen-strassensammlung\/\" class=\"post-thumbnail-rollover layzr-bg layzr-bg\" ><img fetchpriority=\"high\" decoding=\"async\" class=\"iso-lazy-load preload-me iso-lazy-load aspect\" src=\"data:image\/svg+xml,%3Csvg%20xmlns%3D&#39;http%3A%2F%2Fwww.w3.org%2F2000%2Fsvg&#39;%20viewBox%3D&#39;0%200%20400%20266&#39;%2F%3E\" data-src=\"https:\/\/billroth73.at\/wp-content\/uploads\/2018\/09\/Logo-GRG-400-400x266.png\" data-srcset=\"https:\/\/billroth73.at\/wp-content\/uploads\/2018\/09\/Logo-GRG-400-400x266.png 400w\" loading=\"eager\" style=\"--ratio: 400 \/ 266\" sizes=\"(max-width: 400px) 100vw, 400px\" alt=\"\" title=\"Logo GRG-400\" width=\"400\" height=\"266\"  \/><\/a>\t<\/div>\n<\/div>\n\n\n<div class=\"post-entry-content\">\n\n\t<h3 class=\"entry-title\">\n\t\t<a href=\"https:\/\/billroth73.at\/index.php\/2025\/11\/18\/tolles-ergebnis-bei-der-rote-nasen-strassensammlung\/\" title=\"Tolles Ergebnis bei der Rote-Nasen-Stra\u00dfensammlung\" rel=\"bookmark\">Tolles Ergebnis bei der Rote-Nasen-Stra\u00dfensammlung<\/a>\n\t<\/h3>\n\n\t\n\t<div class=\"entry-excerpt\"><p>[vc_row][vc_column][vc_column_text] Wir bedanken uns bei unseren Sch\u00fcler:innen der sechsten Klassen, die durch ihr beeindruckendes Sammelergebnis im Rahmen der diesj\u00e4hrigen Stra\u00dfensammlung zugunsten der ROTE-NASEN-Clowndoctors eine wertvolle Br\u00fccke der Freude und Zuversicht&hellip;<\/p>\n<\/div>\n\t\n<a href=\"https:\/\/billroth73.at\/index.php\/2025\/11\/18\/tolles-ergebnis-bei-der-rote-nasen-strassensammlung\/\" class=\"dt-btn-s dt-btn post-details details-type-btn\" aria-label=\"Read more about Tolles Ergebnis bei der Rote-Nasen-Stra\u00dfensammlung\">Mehr erfahren...<i class=\"dt-icon-the7-arrow-03\" aria-hidden=\"true\"><\/i><\/a>\n\n<\/div><\/article><\/div><div class=\"hidden wf-cell\" data-post-id=\"8868\" data-date=\"2025-10-14T15:24:24+02:00\" data-name=\"Neue Informationen zur ABA\"><article class=\"post project-odd visible post-8868 type-post status-publish format-standard has-post-thumbnail hentry category-allgemein category-1\" data-name=\"Neue Informationen zur ABA\" data-date=\"2025-10-14T15:24:24+02:00\">\n\n<div class=\"post-thumbnail-wrap\">\n\t<div class=\"post-thumbnail\">\n\t\t\n\t\t\n\t\t<a href=\"https:\/\/billroth73.at\/index.php\/2025\/10\/14\/neue-informationen-zur-aba\/\" class=\"post-thumbnail-rollover layzr-bg layzr-bg\" ><img fetchpriority=\"high\" decoding=\"async\" class=\"iso-lazy-load preload-me iso-lazy-load aspect\" src=\"data:image\/svg+xml,%3Csvg%20xmlns%3D&#39;http%3A%2F%2Fwww.w3.org%2F2000%2Fsvg&#39;%20viewBox%3D&#39;0%200%20400%20266&#39;%2F%3E\" data-src=\"https:\/\/billroth73.at\/wp-content\/uploads\/2018\/09\/Logo-GRG-400-400x266.png\" data-srcset=\"https:\/\/billroth73.at\/wp-content\/uploads\/2018\/09\/Logo-GRG-400-400x266.png 400w\" loading=\"eager\" style=\"--ratio: 400 \/ 266\" sizes=\"(max-width: 400px) 100vw, 400px\" alt=\"\" title=\"Logo GRG-400\" width=\"400\" height=\"266\"  \/><\/a>\t<\/div>\n<\/div>\n\n\n<div class=\"post-entry-content\">\n\n\t<h3 class=\"entry-title\">\n\t\t<a href=\"https:\/\/billroth73.at\/index.php\/2025\/10\/14\/neue-informationen-zur-aba\/\" title=\"Neue Informationen zur ABA\" rel=\"bookmark\">Neue Informationen zur ABA<\/a>\n\t<\/h3>\n\n\t\n\t<div class=\"entry-excerpt\"><p>[vc_row][vc_column][vc_column_text][\/vc_column_text][vc_column_text][\/vc_column_text][vc_empty_space][\/vc_column][\/vc_row][vc_row][vc_column width=&#8220;1\/4&#8243;][\/vc_column][vc_column width=&#8220;1\/2&#8243;][vc_cta h2=&#8220;Unsere Ansprechpersonen&#8220; txt_align=&#8220;center&#8220; color=&#8220;green&#8220;]Frau Prof. Hofer und Frau Prof. Rajic[\/vc_cta][\/vc_column][vc_column width=&#8220;1\/4&#8243;][\/vc_column][\/vc_row]<\/p>\n<\/div>\n\t\n<a href=\"https:\/\/billroth73.at\/index.php\/2025\/10\/14\/neue-informationen-zur-aba\/\" class=\"dt-btn-s dt-btn post-details details-type-btn\" aria-label=\"Read more about Neue Informationen zur ABA\">Mehr erfahren...<i class=\"dt-icon-the7-arrow-03\" aria-hidden=\"true\"><\/i><\/a>\n\n<\/div><\/article><\/div><div class=\"hidden wf-cell\" data-post-id=\"8842\" data-date=\"2025-10-07T21:51:52+02:00\" data-name=\"Vier 4B-Sch\u00fcler sind \u00f6sterreichischer Meister 2025 im Baseball!!!\"><article class=\"post project-odd visible post-8842 type-post status-publish format-standard has-post-thumbnail hentry category-allgemein category-1\" data-name=\"Vier 4B-Sch\u00fcler sind \u00f6sterreichischer Meister 2025 im Baseball!!!\" data-date=\"2025-10-07T21:51:52+02:00\">\n\n<div class=\"post-thumbnail-wrap\">\n\t<div class=\"post-thumbnail\">\n\t\t\n\t\t\n\t\t<a href=\"https:\/\/billroth73.at\/index.php\/2025\/10\/07\/vier-4b-schueler-oesterreichischer-meister-2025-im-baseball\/\" class=\"post-thumbnail-rollover layzr-bg layzr-bg\" ><img decoding=\"async\" class=\"iso-lazy-load preload-me iso-lazy-load aspect\" src=\"data:image\/svg+xml,%3Csvg%20xmlns%3D&#39;http%3A%2F%2Fwww.w3.org%2F2000%2Fsvg&#39;%20viewBox%3D&#39;0%200%20340%20226&#39;%2F%3E\" data-src=\"https:\/\/billroth73.at\/wp-content\/uploads\/2019\/01\/pokal-340x226.jpg\" data-srcset=\"https:\/\/billroth73.at\/wp-content\/uploads\/2019\/01\/pokal-340x226.jpg 340w\" loading=\"eager\" style=\"--ratio: 340 \/ 226\" sizes=\"(max-width: 340px) 100vw, 340px\" alt=\"\" title=\"Pokal\" width=\"340\" height=\"226\"  \/><\/a>\t<\/div>\n<\/div>\n\n\n<div class=\"post-entry-content\">\n\n\t<h3 class=\"entry-title\">\n\t\t<a href=\"https:\/\/billroth73.at\/index.php\/2025\/10\/07\/vier-4b-schueler-oesterreichischer-meister-2025-im-baseball\/\" title=\"Vier 4B-Sch\u00fcler sind \u00f6sterreichischer Meister 2025 im Baseball!!!\" rel=\"bookmark\">Vier 4B-Sch\u00fcler sind \u00f6sterreichischer Meister 2025 im Baseball!!!<\/a>\n\t<\/h3>\n\n\t\n\t<div class=\"entry-excerpt\"><p>[vc_row][vc_column][vc_column_text] Von 3. bis 5.10.2025 wurden in Wiener Neustadt die \u00d6sterreichischen Meisterschaften im Baseball der U14 Liga ausgetragen. Acht Mannschaften aus vier Bundesl\u00e4ndern k\u00e4mpften um den begehrten Titel \u201e\u00d6sterreichischer Meister&hellip;<\/p>\n<\/div>\n\t\n<a href=\"https:\/\/billroth73.at\/index.php\/2025\/10\/07\/vier-4b-schueler-oesterreichischer-meister-2025-im-baseball\/\" class=\"dt-btn-s dt-btn post-details details-type-btn\" aria-label=\"Read more about Vier 4B-Sch\u00fcler sind \u00f6sterreichischer Meister 2025 im Baseball!!!\">Mehr erfahren...<i class=\"dt-icon-the7-arrow-03\" aria-hidden=\"true\"><\/i><\/a>\n\n<\/div><\/article><\/div><div class=\"hidden wf-cell\" data-post-id=\"8819\" data-date=\"2025-09-30T10:27:53+02:00\" data-name=\"08.10.2025:  Tag der Wiener Schulen \/ Tag der offenen T\u00fcr\"><article class=\"post project-odd visible post-8819 type-post status-publish format-standard has-post-thumbnail hentry category-allgemein category-1\" data-name=\"08.10.2025:  Tag der Wiener Schulen \/ Tag der offenen T\u00fcr\" data-date=\"2025-09-30T10:27:53+02:00\">\n\n<div class=\"post-thumbnail-wrap\">\n\t<div class=\"post-thumbnail\">\n\t\t\n\t\t\n\t\t<a href=\"https:\/\/billroth73.at\/index.php\/2025\/09\/30\/08-10-25-tag-der-wiener-schulen-tag-der-offenen-tuer\/\" class=\"post-thumbnail-rollover layzr-bg layzr-bg\" ><img fetchpriority=\"high\" decoding=\"async\" class=\"iso-lazy-load preload-me iso-lazy-load aspect\" src=\"data:image\/svg+xml,%3Csvg%20xmlns%3D&#39;http%3A%2F%2Fwww.w3.org%2F2000%2Fsvg&#39;%20viewBox%3D&#39;0%200%20400%20266&#39;%2F%3E\" data-src=\"https:\/\/billroth73.at\/wp-content\/uploads\/2018\/09\/Logo-GRG-400-400x266.png\" data-srcset=\"https:\/\/billroth73.at\/wp-content\/uploads\/2018\/09\/Logo-GRG-400-400x266.png 400w\" loading=\"eager\" style=\"--ratio: 400 \/ 266\" sizes=\"(max-width: 400px) 100vw, 400px\" alt=\"\" title=\"Logo GRG-400\" width=\"400\" height=\"266\"  \/><\/a>\t<\/div>\n<\/div>\n\n\n<div class=\"post-entry-content\">\n\n\t<h3 class=\"entry-title\">\n\t\t<a href=\"https:\/\/billroth73.at\/index.php\/2025\/09\/30\/08-10-25-tag-der-wiener-schulen-tag-der-offenen-tuer\/\" title=\"08.10.2025:  Tag der Wiener Schulen \/ Tag der offenen T\u00fcr\" rel=\"bookmark\">08.10.2025:  Tag der Wiener Schulen \/ Tag der offenen T\u00fcr<\/a>\n\t<\/h3>\n\n\t\n\t<div class=\"entry-excerpt\"><p>[vc_row][vc_column][vc_column_text] Tag der Wiener Schulen: 09:00 \u2013 11:45 Uhr Tag der offenen T\u00fcr: 14:00 \u2013 17:00 Uhr [\/vc_column_text][\/vc_column][\/vc_row]<\/p>\n<\/div>\n\t\n<a href=\"https:\/\/billroth73.at\/index.php\/2025\/09\/30\/08-10-25-tag-der-wiener-schulen-tag-der-offenen-tuer\/\" class=\"dt-btn-s dt-btn post-details details-type-btn\" aria-label=\"Read more about 08.10.2025:  Tag der Wiener Schulen \/ Tag der offenen T\u00fcr\">Mehr erfahren...<i class=\"dt-icon-the7-arrow-03\" aria-hidden=\"true\"><\/i><\/a>\n\n<\/div><\/article><\/div><div class=\"hidden wf-cell\" data-post-id=\"8808\" data-date=\"2025-09-08T20:50:52+02:00\" data-name=\"Neue Termine des Jugendcoachings\"><article class=\"post project-odd visible post-8808 type-post status-publish format-standard has-post-thumbnail hentry category-allgemein category-1\" data-name=\"Neue Termine des Jugendcoachings\" data-date=\"2025-09-08T20:50:52+02:00\">\n\n<div class=\"post-thumbnail-wrap\">\n\t<div class=\"post-thumbnail\">\n\t\t\n\t\t\n\t\t<a href=\"https:\/\/billroth73.at\/index.php\/jugend-coaching\/\" class=\"post-thumbnail-rollover layzr-bg layzr-bg\" ><img fetchpriority=\"high\" decoding=\"async\" class=\"iso-lazy-load preload-me iso-lazy-load aspect\" src=\"data:image\/svg+xml,%3Csvg%20xmlns%3D&#39;http%3A%2F%2Fwww.w3.org%2F2000%2Fsvg&#39;%20viewBox%3D&#39;0%200%20400%20266&#39;%2F%3E\" data-src=\"https:\/\/billroth73.at\/wp-content\/uploads\/2018\/09\/Logo-GRG-400-400x266.png\" data-srcset=\"https:\/\/billroth73.at\/wp-content\/uploads\/2018\/09\/Logo-GRG-400-400x266.png 400w\" loading=\"eager\" style=\"--ratio: 400 \/ 266\" sizes=\"(max-width: 400px) 100vw, 400px\" alt=\"\" title=\"Logo GRG-400\" width=\"400\" height=\"266\"  \/><\/a>\t<\/div>\n<\/div>\n\n\n<div class=\"post-entry-content\">\n\n\t<h3 class=\"entry-title\">\n\t\t<a href=\"https:\/\/billroth73.at\/index.php\/jugend-coaching\/\" title=\"Neue Termine des Jugendcoachings\" rel=\"bookmark\">Neue Termine des Jugendcoachings<\/a>\n\t<\/h3>\n\n\t\n\t<div class=\"entry-excerpt\"><\/div>\n\t\n<a href=\"https:\/\/billroth73.at\/index.php\/jugend-coaching\/\" class=\"dt-btn-s dt-btn post-details details-type-btn\" aria-label=\"Read more about Neue Termine des Jugendcoachings\">Mehr erfahren...<i class=\"dt-icon-the7-arrow-03\" aria-hidden=\"true\"><\/i><\/a>\n\n<\/div><\/article><\/div><div class=\"hidden wf-cell\" data-post-id=\"8805\" data-date=\"2025-09-08T20:49:21+02:00\" data-name=\"Neue Termine der Schulpsychologin\"><article class=\"post project-odd visible post-8805 type-post status-publish format-standard has-post-thumbnail hentry category-allgemein category-1\" data-name=\"Neue Termine der Schulpsychologin\" data-date=\"2025-09-08T20:49:21+02:00\">\n\n<div class=\"post-thumbnail-wrap\">\n\t<div class=\"post-thumbnail\">\n\t\t\n\t\t\n\t\t<a href=\"https:\/\/billroth73.at\/index.php\/schulpsychologie\/\" class=\"post-thumbnail-rollover layzr-bg layzr-bg\" ><img fetchpriority=\"high\" decoding=\"async\" class=\"iso-lazy-load preload-me iso-lazy-load aspect\" src=\"data:image\/svg+xml,%3Csvg%20xmlns%3D&#39;http%3A%2F%2Fwww.w3.org%2F2000%2Fsvg&#39;%20viewBox%3D&#39;0%200%20400%20266&#39;%2F%3E\" data-src=\"https:\/\/billroth73.at\/wp-content\/uploads\/2018\/09\/Logo-GRG-400-400x266.png\" data-srcset=\"https:\/\/billroth73.at\/wp-content\/uploads\/2018\/09\/Logo-GRG-400-400x266.png 400w\" loading=\"eager\" style=\"--ratio: 400 \/ 266\" sizes=\"(max-width: 400px) 100vw, 400px\" alt=\"\" title=\"Logo GRG-400\" width=\"400\" height=\"266\"  \/><\/a>\t<\/div>\n<\/div>\n\n\n<div class=\"post-entry-content\">\n\n\t<h3 class=\"entry-title\">\n\t\t<a href=\"https:\/\/billroth73.at\/index.php\/schulpsychologie\/\" title=\"Neue Termine der Schulpsychologin\" rel=\"bookmark\">Neue Termine der Schulpsychologin<\/a>\n\t<\/h3>\n\n\t\n\t<div class=\"entry-excerpt\"><\/div>\n\t\n<a href=\"https:\/\/billroth73.at\/index.php\/schulpsychologie\/\" class=\"dt-btn-s dt-btn post-details details-type-btn\" aria-label=\"Read more about Neue Termine der Schulpsychologin\">Mehr erfahren...<i class=\"dt-icon-the7-arrow-03\" aria-hidden=\"true\"><\/i><\/a>\n\n<\/div><\/article><\/div><div class=\"hidden wf-cell\" data-post-id=\"8402\" data-date=\"2025-09-08T20:05:22+02:00\" data-name=\"Brief der Direktion zum Schuljahresbeginn 2025\/26\"><article class=\"post project-odd visible post-8402 type-post status-publish format-standard has-post-thumbnail hentry category-allgemein category-1\" data-name=\"Brief der Direktion zum Schuljahresbeginn 2025\/26\" data-date=\"2025-09-08T20:05:22+02:00\">\n\n<div class=\"post-thumbnail-wrap\">\n\t<div class=\"post-thumbnail\">\n\t\t\n\t\t\n\t\t<a href=\"https:\/\/billroth73.at\/wp-content\/uploads\/2025\/09\/Eltern-SchuelerInnenbrief-05.09.2025.pdf\" class=\"post-thumbnail-rollover layzr-bg layzr-bg\" ><img fetchpriority=\"high\" decoding=\"async\" class=\"iso-lazy-load preload-me iso-lazy-load aspect\" src=\"data:image\/svg+xml,%3Csvg%20xmlns%3D&#39;http%3A%2F%2Fwww.w3.org%2F2000%2Fsvg&#39;%20viewBox%3D&#39;0%200%20400%20266&#39;%2F%3E\" data-src=\"https:\/\/billroth73.at\/wp-content\/uploads\/2018\/09\/Logo-GRG-400-400x266.png\" data-srcset=\"https:\/\/billroth73.at\/wp-content\/uploads\/2018\/09\/Logo-GRG-400-400x266.png 400w\" loading=\"eager\" style=\"--ratio: 400 \/ 266\" sizes=\"(max-width: 400px) 100vw, 400px\" alt=\"\" title=\"Logo GRG-400\" width=\"400\" height=\"266\"  \/><\/a>\t<\/div>\n<\/div>\n\n\n<div class=\"post-entry-content\">\n\n\t<h3 class=\"entry-title\">\n\t\t<a href=\"https:\/\/billroth73.at\/wp-content\/uploads\/2025\/09\/Eltern-SchuelerInnenbrief-05.09.2025.pdf\" title=\"Brief der Direktion zum Schuljahresbeginn 2025\/26\" rel=\"bookmark\">Brief der Direktion zum Schuljahresbeginn 2025\/26<\/a>\n\t<\/h3>\n\n\t\n\t<div class=\"entry-excerpt\"><\/div>\n\t\n<a href=\"https:\/\/billroth73.at\/wp-content\/uploads\/2025\/09\/Eltern-SchuelerInnenbrief-05.09.2025.pdf\" class=\"dt-btn-s dt-btn post-details details-type-btn\" aria-label=\"Read more about Brief der Direktion zum Schuljahresbeginn 2025\/26\">Mehr erfahren...<i class=\"dt-icon-the7-arrow-03\" aria-hidden=\"true\"><\/i><\/a>\n\n<\/div><\/article><\/div><div class=\"hidden wf-cell\" data-post-id=\"8336\" data-date=\"2025-06-04T09:36:00+02:00\" data-name=\"Neuerliche Auszeichnung: eEducation-Expert-Schule auch im Schuljahr 2024\/25\"><article class=\"post project-odd visible post-8336 type-post status-publish format-standard has-post-thumbnail hentry category-allgemein category-1\" data-name=\"Neuerliche Auszeichnung: eEducation-Expert-Schule auch im Schuljahr 2024\/25\" data-date=\"2025-06-04T09:36:00+02:00\">\n\n<div class=\"post-thumbnail-wrap\">\n\t<div class=\"post-thumbnail\">\n\t\t\n\t\t\n\t\t<a href=\"https:\/\/billroth73.at\/wp-content\/uploads\/2025\/06\/Expert.Schule.Auszeichnung-2425.pdf\" class=\"post-thumbnail-rollover layzr-bg layzr-bg\" ><img fetchpriority=\"high\" decoding=\"async\" class=\"iso-lazy-load preload-me iso-lazy-load aspect\" src=\"data:image\/svg+xml,%3Csvg%20xmlns%3D&#39;http%3A%2F%2Fwww.w3.org%2F2000%2Fsvg&#39;%20viewBox%3D&#39;0%200%20400%20266&#39;%2F%3E\" data-src=\"https:\/\/billroth73.at\/wp-content\/uploads\/2018\/09\/Logo-GRG-400-400x266.png\" data-srcset=\"https:\/\/billroth73.at\/wp-content\/uploads\/2018\/09\/Logo-GRG-400-400x266.png 400w\" loading=\"eager\" style=\"--ratio: 400 \/ 266\" sizes=\"(max-width: 400px) 100vw, 400px\" alt=\"\" title=\"Logo GRG-400\" width=\"400\" height=\"266\"  \/><\/a>\t<\/div>\n<\/div>\n\n\n<div class=\"post-entry-content\">\n\n\t<h3 class=\"entry-title\">\n\t\t<a href=\"https:\/\/billroth73.at\/wp-content\/uploads\/2025\/06\/Expert.Schule.Auszeichnung-2425.pdf\" title=\"Neuerliche Auszeichnung: eEducation-Expert-Schule auch im Schuljahr 2024\/25\" rel=\"bookmark\">Neuerliche Auszeichnung: eEducation-Expert-Schule auch im Schuljahr 2024\/25<\/a>\n\t<\/h3>\n\n\t\n\t<div class=\"entry-excerpt\"><\/div>\n\t\n<a href=\"https:\/\/billroth73.at\/wp-content\/uploads\/2025\/06\/Expert.Schule.Auszeichnung-2425.pdf\" class=\"dt-btn-s dt-btn post-details details-type-btn\" aria-label=\"Read more about Neuerliche Auszeichnung: eEducation-Expert-Schule auch im Schuljahr 2024\/25\">Mehr erfahren...<i class=\"dt-icon-the7-arrow-03\" aria-hidden=\"true\"><\/i><\/a>\n\n<\/div><\/article><\/div><div class=\"hidden wf-cell\" data-post-id=\"8773\" data-date=\"2025-04-22T19:19:26+02:00\" data-name=\"Nachruf f\u00fcr Lorenz Auferbauer 7C\"><article class=\"post project-odd visible post-8773 type-post status-publish format-standard has-post-thumbnail hentry category-allgemein category-1\" data-name=\"Nachruf f\u00fcr Lorenz Auferbauer 7C\" data-date=\"2025-04-22T19:19:26+02:00\">\n\n<div class=\"post-thumbnail-wrap\">\n\t<div class=\"post-thumbnail\">\n\t\t\n\t\t\n\t\t<a href=\"https:\/\/billroth73.at\/wp-content\/uploads\/2025\/04\/Nachruf-Lorenz-Auferbauer.pdf\" class=\"post-thumbnail-rollover layzr-bg layzr-bg\" ><img fetchpriority=\"high\" decoding=\"async\" class=\"iso-lazy-load preload-me iso-lazy-load aspect\" src=\"data:image\/svg+xml,%3Csvg%20xmlns%3D&#39;http%3A%2F%2Fwww.w3.org%2F2000%2Fsvg&#39;%20viewBox%3D&#39;0%200%20400%20266&#39;%2F%3E\" data-src=\"https:\/\/billroth73.at\/wp-content\/uploads\/2018\/09\/Logo-GRG-400-400x266.png\" data-srcset=\"https:\/\/billroth73.at\/wp-content\/uploads\/2018\/09\/Logo-GRG-400-400x266.png 400w\" loading=\"eager\" style=\"--ratio: 400 \/ 266\" sizes=\"(max-width: 400px) 100vw, 400px\" alt=\"\" title=\"Logo GRG-400\" width=\"400\" height=\"266\"  \/><\/a>\t<\/div>\n<\/div>\n\n\n<div class=\"post-entry-content\">\n\n\t<h3 class=\"entry-title\">\n\t\t<a href=\"https:\/\/billroth73.at\/wp-content\/uploads\/2025\/04\/Nachruf-Lorenz-Auferbauer.pdf\" title=\"Nachruf f\u00fcr Lorenz Auferbauer 7C\" rel=\"bookmark\">Nachruf f\u00fcr Lorenz Auferbauer 7C<\/a>\n\t<\/h3>\n\n\t\n\t<div class=\"entry-excerpt\"><\/div>\n\t\n<a href=\"https:\/\/billroth73.at\/wp-content\/uploads\/2025\/04\/Nachruf-Lorenz-Auferbauer.pdf\" class=\"dt-btn-s dt-btn post-details details-type-btn\" aria-label=\"Read more about Nachruf f\u00fcr Lorenz Auferbauer 7C\">Mehr erfahren...<i class=\"dt-icon-the7-arrow-03\" aria-hidden=\"true\"><\/i><\/a>\n\n<\/div><\/article><\/div><div class=\"hidden wf-cell\" data-post-id=\"8769\" data-date=\"2025-03-31T20:57:50+02:00\" data-name=\"Unser SpaceTeam im Astronautenausbildungszentrum der ESA\"><article class=\"post project-odd visible post-8769 type-post status-publish format-standard has-post-thumbnail hentry category-allgemein category-1\" data-name=\"Unser SpaceTeam im Astronautenausbildungszentrum der ESA\" data-date=\"2025-03-31T20:57:50+02:00\">\n\n<div class=\"post-thumbnail-wrap\">\n\t<div class=\"post-thumbnail\">\n\t\t\n\t\t\n\t\t<a href=\"https:\/\/youtube.com\/shorts\/1GKEr_vnoOk\" class=\"post-thumbnail-rollover layzr-bg layzr-bg\" ><img decoding=\"async\" class=\"iso-lazy-load preload-me iso-lazy-load aspect\" src=\"data:image\/svg+xml,%3Csvg%20xmlns%3D&#39;http%3A%2F%2Fwww.w3.org%2F2000%2Fsvg&#39;%20viewBox%3D&#39;0%200%20768%20512&#39;%2F%3E\" data-src=\"https:\/\/billroth73.at\/wp-content\/uploads\/2020\/12\/youtube-icon-768x512.png\" data-srcset=\"https:\/\/billroth73.at\/wp-content\/uploads\/2020\/12\/youtube-icon-768x512.png 768w, https:\/\/billroth73.at\/wp-content\/uploads\/2020\/12\/youtube-icon-1152x768.png 1152w\" loading=\"eager\" style=\"--ratio: 768 \/ 512\" sizes=\"(max-width: 768px) 100vw, 768px\" alt=\"\" title=\"youtube-icon\" width=\"768\" height=\"512\"  \/><\/a>\t<\/div>\n<\/div>\n\n\n<div class=\"post-entry-content\">\n\n\t<h3 class=\"entry-title\">\n\t\t<a href=\"https:\/\/youtube.com\/shorts\/1GKEr_vnoOk\" title=\"Unser SpaceTeam im Astronautenausbildungszentrum der ESA\" rel=\"bookmark\">Unser SpaceTeam im Astronautenausbildungszentrum der ESA<\/a>\n\t<\/h3>\n\n\t\n\t<div class=\"entry-excerpt\"><\/div>\n\t\n<a href=\"https:\/\/youtube.com\/shorts\/1GKEr_vnoOk\" class=\"dt-btn-s dt-btn post-details details-type-btn\" aria-label=\"Read more about Unser SpaceTeam im Astronautenausbildungszentrum der ESA\">Mehr erfahren...<i class=\"dt-icon-the7-arrow-03\" aria-hidden=\"true\"><\/i><\/a>\n\n<\/div><\/article><\/div><div class=\"hidden wf-cell\" data-post-id=\"8760\" data-date=\"2025-03-20T20:24:28+01:00\" data-name=\"ACHTUNG: Neue Hausordnung - g\u00fcltig ab Montag, 24. M\u00e4rz 2025\"><article class=\"post project-odd visible post-8760 type-post status-publish format-standard has-post-thumbnail hentry category-allgemein category-1\" data-name=\"ACHTUNG: Neue Hausordnung &#8211; g\u00fcltig ab Montag, 24. M\u00e4rz 2025\" data-date=\"2025-03-20T20:24:28+01:00\">\n\n<div class=\"post-thumbnail-wrap\">\n\t<div class=\"post-thumbnail\">\n\t\t\n\t\t\n\t\t<a href=\"https:\/\/billroth73.at\/index.php\/2025\/03\/20\/achtung-neue-hausordnung-gueltig-ab-montag-24-maerz-2025\/\" class=\"post-thumbnail-rollover layzr-bg layzr-bg\" ><img fetchpriority=\"high\" decoding=\"async\" class=\"iso-lazy-load preload-me iso-lazy-load aspect\" src=\"data:image\/svg+xml,%3Csvg%20xmlns%3D&#39;http%3A%2F%2Fwww.w3.org%2F2000%2Fsvg&#39;%20viewBox%3D&#39;0%200%20400%20266&#39;%2F%3E\" data-src=\"https:\/\/billroth73.at\/wp-content\/uploads\/2018\/09\/Logo-GRG-400-400x266.png\" data-srcset=\"https:\/\/billroth73.at\/wp-content\/uploads\/2018\/09\/Logo-GRG-400-400x266.png 400w\" loading=\"eager\" style=\"--ratio: 400 \/ 266\" sizes=\"(max-width: 400px) 100vw, 400px\" alt=\"\" title=\"Logo GRG-400\" width=\"400\" height=\"266\"  \/><\/a>\t<\/div>\n<\/div>\n\n\n<div class=\"post-entry-content\">\n\n\t<h3 class=\"entry-title\">\n\t\t<a href=\"https:\/\/billroth73.at\/index.php\/2025\/03\/20\/achtung-neue-hausordnung-gueltig-ab-montag-24-maerz-2025\/\" title=\"ACHTUNG: Neue Hausordnung &#8211; g\u00fcltig ab Montag, 24. M\u00e4rz 2025\" rel=\"bookmark\">ACHTUNG: Neue Hausordnung &#8211; g\u00fcltig ab Montag, 24. M\u00e4rz 2025<\/a>\n\t<\/h3>\n\n\t\n\t<div class=\"entry-excerpt\"><p>[vc_row][vc_column][vc_column_text]Die neue Hausordnung tritt ab Montag, dem 24. M\u00e4rz 2025, in Kraft. S\u00e4mtliche Neuerungen sind in der folgenden Version der neuen Hausordnung gelb markiert: Neue Hausordnung[\/vc_column_text][\/vc_column][\/vc_row]<\/p>\n<\/div>\n\t\n<a href=\"https:\/\/billroth73.at\/index.php\/2025\/03\/20\/achtung-neue-hausordnung-gueltig-ab-montag-24-maerz-2025\/\" class=\"dt-btn-s dt-btn post-details details-type-btn\" aria-label=\"Read more about ACHTUNG: Neue Hausordnung &#8211; g\u00fcltig ab Montag, 24. M\u00e4rz 2025\">Mehr erfahren...<i class=\"dt-icon-the7-arrow-03\" aria-hidden=\"true\"><\/i><\/a>\n\n<\/div><\/article><\/div><div class=\"hidden wf-cell\" data-post-id=\"8734\" data-date=\"2024-12-01T18:35:20+01:00\" data-name=\"Einladung zur diesj\u00e4hrigen Adventfeier\"><article class=\"post project-odd visible post-8734 type-post status-publish format-standard has-post-thumbnail hentry category-allgemein category-1\" data-name=\"Einladung zur diesj\u00e4hrigen Adventfeier\" data-date=\"2024-12-01T18:35:20+01:00\">\n\n<div class=\"post-thumbnail-wrap\">\n\t<div class=\"post-thumbnail\">\n\t\t\n\t\t\n\t\t<a href=\"https:\/\/billroth73.at\/wp-content\/uploads\/2024\/12\/Einladung-Adventfeier-2024.pdf\" class=\"post-thumbnail-rollover layzr-bg layzr-bg\" ><img fetchpriority=\"high\" decoding=\"async\" class=\"iso-lazy-load preload-me iso-lazy-load aspect\" src=\"data:image\/svg+xml,%3Csvg%20xmlns%3D&#39;http%3A%2F%2Fwww.w3.org%2F2000%2Fsvg&#39;%20viewBox%3D&#39;0%200%20400%20266&#39;%2F%3E\" data-src=\"https:\/\/billroth73.at\/wp-content\/uploads\/2018\/09\/Logo-GRG-400-400x266.png\" data-srcset=\"https:\/\/billroth73.at\/wp-content\/uploads\/2018\/09\/Logo-GRG-400-400x266.png 400w\" loading=\"eager\" style=\"--ratio: 400 \/ 266\" sizes=\"(max-width: 400px) 100vw, 400px\" alt=\"\" title=\"Logo GRG-400\" width=\"400\" height=\"266\"  \/><\/a>\t<\/div>\n<\/div>\n\n\n<div class=\"post-entry-content\">\n\n\t<h3 class=\"entry-title\">\n\t\t<a href=\"https:\/\/billroth73.at\/wp-content\/uploads\/2024\/12\/Einladung-Adventfeier-2024.pdf\" title=\"Einladung zur diesj\u00e4hrigen Adventfeier\" rel=\"bookmark\">Einladung zur diesj\u00e4hrigen Adventfeier<\/a>\n\t<\/h3>\n\n\t\n\t<div class=\"entry-excerpt\"><\/div>\n\t\n<a href=\"https:\/\/billroth73.at\/wp-content\/uploads\/2024\/12\/Einladung-Adventfeier-2024.pdf\" class=\"dt-btn-s dt-btn post-details details-type-btn\" aria-label=\"Read more about Einladung zur diesj\u00e4hrigen Adventfeier\">Mehr erfahren...<i class=\"dt-icon-the7-arrow-03\" aria-hidden=\"true\"><\/i><\/a>\n\n<\/div><\/article><\/div><div class=\"hidden wf-cell\" data-post-id=\"8721\" data-date=\"2024-10-24T16:12:19+02:00\" data-name=\"Eine besondere Ehrung beim SK Rapid Wien!\"><article class=\"post project-odd visible post-8721 type-post status-publish format-standard has-post-thumbnail hentry category-allgemein category-1\" data-name=\"Eine besondere Ehrung beim SK Rapid Wien!\" data-date=\"2024-10-24T16:12:19+02:00\">\n\n<div class=\"post-thumbnail-wrap\">\n\t<div class=\"post-thumbnail\">\n\t\t\n\t\t\n\t\t<a href=\"https:\/\/billroth73.at\/index.php\/2024\/10\/24\/eine-besondere-ehrung-beim-sk-rapid-wien\/\" class=\"post-thumbnail-rollover layzr-bg layzr-bg\" ><img decoding=\"async\" class=\"iso-lazy-load preload-me iso-lazy-load aspect\" src=\"data:image\/svg+xml,%3Csvg%20xmlns%3D&#39;http%3A%2F%2Fwww.w3.org%2F2000%2Fsvg&#39;%20viewBox%3D&#39;0%200%20768%20512&#39;%2F%3E\" data-src=\"https:\/\/billroth73.at\/wp-content\/uploads\/2024\/10\/SK-Rapid-TSV-Hartberg-20.10.24-\u00a9-SK-Rapid-_-Widner-scaled-768x512.jpg\" data-srcset=\"https:\/\/billroth73.at\/wp-content\/uploads\/2024\/10\/SK-Rapid-TSV-Hartberg-20.10.24-\u00a9-SK-Rapid-_-Widner-scaled-768x512.jpg 768w, https:\/\/billroth73.at\/wp-content\/uploads\/2024\/10\/SK-Rapid-TSV-Hartberg-20.10.24-\u00a9-SK-Rapid-_-Widner-scaled-1152x768.jpg 1152w\" loading=\"eager\" style=\"--ratio: 768 \/ 512\" sizes=\"(max-width: 768px) 100vw, 768px\" alt=\"\" title=\"SK Rapid &#8211; TSV Hartberg &#8211; 20.10.24 \u00a9 SK Rapid _ Widner\" width=\"768\" height=\"512\"  \/><\/a>\t<\/div>\n<\/div>\n\n\n<div class=\"post-entry-content\">\n\n\t<h3 class=\"entry-title\">\n\t\t<a href=\"https:\/\/billroth73.at\/index.php\/2024\/10\/24\/eine-besondere-ehrung-beim-sk-rapid-wien\/\" title=\"Eine besondere Ehrung beim SK Rapid Wien!\" rel=\"bookmark\">Eine besondere Ehrung beim SK Rapid Wien!<\/a>\n\t<\/h3>\n\n\t\n\t<div class=\"entry-excerpt\"><p>[vc_row][vc_column][vc_column_text]Mit gro\u00dfer Freude durfte Frau Direktor Uhlig am Sonntag, dem 20. Oktober 2024, einer ganz besonderen Veranstaltung beiwohnen: Der SK Rapid Wien hat sie zum Bundesligaspiel gegen den TSV Hartberg&hellip;<\/p>\n<\/div>\n\t\n<a href=\"https:\/\/billroth73.at\/index.php\/2024\/10\/24\/eine-besondere-ehrung-beim-sk-rapid-wien\/\" class=\"dt-btn-s dt-btn post-details details-type-btn\" aria-label=\"Read more about Eine besondere Ehrung beim SK Rapid Wien!\">Mehr erfahren...<i class=\"dt-icon-the7-arrow-03\" aria-hidden=\"true\"><\/i><\/a>\n\n<\/div><\/article><\/div><div class=\"hidden wf-cell\" data-post-id=\"8716\" data-date=\"2024-10-16T09:26:40+02:00\" data-name=\"3D: Legevideo Description of the DLP\"><article class=\"post project-odd visible post-8716 type-post status-publish format-standard has-post-thumbnail hentry category-allgemein category-1\" data-name=\"3D: Legevideo Description of the DLP\" data-date=\"2024-10-16T09:26:40+02:00\">\n\n<div class=\"post-thumbnail-wrap\">\n\t<div class=\"post-thumbnail\">\n\t\t\n\t\t\n\t\t<a href=\"https:\/\/www.youtube.com\/watch?v=OKz2S9Z4ui0\" class=\"post-thumbnail-rollover layzr-bg layzr-bg\" ><img decoding=\"async\" class=\"iso-lazy-load preload-me iso-lazy-load aspect\" src=\"data:image\/svg+xml,%3Csvg%20xmlns%3D&#39;http%3A%2F%2Fwww.w3.org%2F2000%2Fsvg&#39;%20viewBox%3D&#39;0%200%20768%20512&#39;%2F%3E\" data-src=\"https:\/\/billroth73.at\/wp-content\/uploads\/2020\/12\/youtube-icon-768x512.png\" data-srcset=\"https:\/\/billroth73.at\/wp-content\/uploads\/2020\/12\/youtube-icon-768x512.png 768w, https:\/\/billroth73.at\/wp-content\/uploads\/2020\/12\/youtube-icon-1152x768.png 1152w\" loading=\"eager\" style=\"--ratio: 768 \/ 512\" sizes=\"(max-width: 768px) 100vw, 768px\" alt=\"\" title=\"youtube-icon\" width=\"768\" height=\"512\"  \/><\/a>\t<\/div>\n<\/div>\n\n\n<div class=\"post-entry-content\">\n\n\t<h3 class=\"entry-title\">\n\t\t<a href=\"https:\/\/www.youtube.com\/watch?v=OKz2S9Z4ui0\" title=\"3D: Legevideo Description of the DLP\" rel=\"bookmark\">3D: Legevideo Description of the DLP<\/a>\n\t<\/h3>\n\n\t\n\t<div class=\"entry-excerpt\"><\/div>\n\t\n<a href=\"https:\/\/www.youtube.com\/watch?v=OKz2S9Z4ui0\" class=\"dt-btn-s dt-btn post-details details-type-btn\" aria-label=\"Read more about 3D: Legevideo Description of the DLP\">Mehr erfahren...<i class=\"dt-icon-the7-arrow-03\" aria-hidden=\"true\"><\/i><\/a>\n\n<\/div><\/article><\/div><div class=\"hidden wf-cell\" data-post-id=\"8682\" data-date=\"2024-09-25T13:26:47+02:00\" data-name=\"Unsere Schulsprecherin Niki Foroutan Tebrizi beim UN-Zukunftsgipfel in New York\"><article class=\"post project-odd visible post-8682 type-post status-publish format-standard has-post-thumbnail hentry category-allgemein category-1\" data-name=\"Unsere Schulsprecherin Niki Foroutan Tebrizi beim UN-Zukunftsgipfel in New York\" data-date=\"2024-09-25T13:26:47+02:00\">\n\n<div class=\"post-thumbnail-wrap\">\n\t<div class=\"post-thumbnail\">\n\t\t\n\t\t\n\t\t<a href=\"https:\/\/www.suedwind.at\/un-zukunftsgipfel-rebels-of-change-bringen-jugendforderungen-nach-new-york\/\" class=\"post-thumbnail-rollover layzr-bg layzr-bg\" ><img fetchpriority=\"high\" decoding=\"async\" class=\"iso-lazy-load preload-me iso-lazy-load aspect\" src=\"data:image\/svg+xml,%3Csvg%20xmlns%3D&#39;http%3A%2F%2Fwww.w3.org%2F2000%2Fsvg&#39;%20viewBox%3D&#39;0%200%20400%20266&#39;%2F%3E\" data-src=\"https:\/\/billroth73.at\/wp-content\/uploads\/2018\/09\/Logo-GRG-400-400x266.png\" data-srcset=\"https:\/\/billroth73.at\/wp-content\/uploads\/2018\/09\/Logo-GRG-400-400x266.png 400w\" loading=\"eager\" style=\"--ratio: 400 \/ 266\" sizes=\"(max-width: 400px) 100vw, 400px\" alt=\"\" title=\"Logo GRG-400\" width=\"400\" height=\"266\"  \/><\/a>\t<\/div>\n<\/div>\n\n\n<div class=\"post-entry-content\">\n\n\t<h3 class=\"entry-title\">\n\t\t<a href=\"https:\/\/www.suedwind.at\/un-zukunftsgipfel-rebels-of-change-bringen-jugendforderungen-nach-new-york\/\" title=\"Unsere Schulsprecherin Niki Foroutan Tebrizi beim UN-Zukunftsgipfel in New York\" rel=\"bookmark\">Unsere Schulsprecherin Niki Foroutan Tebrizi beim UN-Zukunftsgipfel in New York<\/a>\n\t<\/h3>\n\n\t\n\t<div class=\"entry-excerpt\"><\/div>\n\t\n<a href=\"https:\/\/www.suedwind.at\/un-zukunftsgipfel-rebels-of-change-bringen-jugendforderungen-nach-new-york\/\" class=\"dt-btn-s dt-btn post-details details-type-btn\" aria-label=\"Read more about Unsere Schulsprecherin Niki Foroutan Tebrizi beim UN-Zukunftsgipfel in New York\">Mehr erfahren...<i class=\"dt-icon-the7-arrow-03\" aria-hidden=\"true\"><\/i><\/a>\n\n<\/div><\/article><\/div><div class=\"hidden wf-cell\" data-post-id=\"8663\" data-date=\"2024-09-09T12:27:03+02:00\" data-name=\"Brief der Direktion zum Schuljahresbeginn 2024\/25\"><article class=\"post project-odd visible post-8663 type-post status-publish format-standard has-post-thumbnail hentry category-allgemein category-1\" data-name=\"Brief der Direktion zum Schuljahresbeginn 2024\/25\" data-date=\"2024-09-09T12:27:03+02:00\">\n\n<div class=\"post-thumbnail-wrap\">\n\t<div class=\"post-thumbnail\">\n\t\t\n\t\t\n\t\t<a href=\"https:\/\/billroth73.at\/wp-content\/uploads\/2024\/09\/Eltern-SchuelerInnenbrief-09.09.2024.pdf\" class=\"post-thumbnail-rollover layzr-bg layzr-bg\" ><img fetchpriority=\"high\" decoding=\"async\" class=\"iso-lazy-load preload-me iso-lazy-load aspect\" src=\"data:image\/svg+xml,%3Csvg%20xmlns%3D&#39;http%3A%2F%2Fwww.w3.org%2F2000%2Fsvg&#39;%20viewBox%3D&#39;0%200%20400%20266&#39;%2F%3E\" data-src=\"https:\/\/billroth73.at\/wp-content\/uploads\/2018\/09\/Logo-GRG-400-400x266.png\" data-srcset=\"https:\/\/billroth73.at\/wp-content\/uploads\/2018\/09\/Logo-GRG-400-400x266.png 400w\" loading=\"eager\" style=\"--ratio: 400 \/ 266\" sizes=\"(max-width: 400px) 100vw, 400px\" alt=\"\" title=\"Logo GRG-400\" width=\"400\" height=\"266\"  \/><\/a>\t<\/div>\n<\/div>\n\n\n<div class=\"post-entry-content\">\n\n\t<h3 class=\"entry-title\">\n\t\t<a href=\"https:\/\/billroth73.at\/wp-content\/uploads\/2024\/09\/Eltern-SchuelerInnenbrief-09.09.2024.pdf\" title=\"Brief der Direktion zum Schuljahresbeginn 2024\/25\" rel=\"bookmark\">Brief der Direktion zum Schuljahresbeginn 2024\/25<\/a>\n\t<\/h3>\n\n\t\n\t<div class=\"entry-excerpt\"><\/div>\n\t\n<a href=\"https:\/\/billroth73.at\/wp-content\/uploads\/2024\/09\/Eltern-SchuelerInnenbrief-09.09.2024.pdf\" class=\"dt-btn-s dt-btn post-details details-type-btn\" aria-label=\"Read more about Brief der Direktion zum Schuljahresbeginn 2024\/25\">Mehr erfahren...<i class=\"dt-icon-the7-arrow-03\" aria-hidden=\"true\"><\/i><\/a>\n\n<\/div><\/article><\/div><div class=\"hidden wf-cell\" data-post-id=\"8590\" data-date=\"2024-05-07T16:47:13+02:00\" data-name=\"Rom-Reise 6CF 2024\"><article class=\"post project-odd visible post-8590 type-post status-publish format-standard has-post-thumbnail hentry category-allgemein category-1\" data-name=\"Rom-Reise 6CF 2024\" data-date=\"2024-05-07T16:47:13+02:00\">\n\n<div class=\"post-thumbnail-wrap\">\n\t<div class=\"post-thumbnail\">\n\t\t\n\t\t\n\t\t<a href=\"https:\/\/billroth73.at\/index.php\/2024\/05\/07\/rom-reise-6cf-2024\/\" class=\"post-thumbnail-rollover layzr-bg layzr-bg\" ><img decoding=\"async\" class=\"iso-lazy-load preload-me iso-lazy-load aspect\" src=\"data:image\/svg+xml,%3Csvg%20xmlns%3D&#39;http%3A%2F%2Fwww.w3.org%2F2000%2Fsvg&#39;%20viewBox%3D&#39;0%200%20768%20512&#39;%2F%3E\" data-src=\"https:\/\/billroth73.at\/wp-content\/uploads\/2024\/05\/Rom11-768x512.jpg\" data-srcset=\"https:\/\/billroth73.at\/wp-content\/uploads\/2024\/05\/Rom11-768x512.jpg 768w, https:\/\/billroth73.at\/wp-content\/uploads\/2024\/05\/Rom11-794x529.jpg 794w\" loading=\"eager\" style=\"--ratio: 768 \/ 512\" sizes=\"(max-width: 768px) 100vw, 768px\" alt=\"\" title=\"Rom11\" width=\"768\" height=\"512\"  \/><\/a>\t<\/div>\n<\/div>\n\n\n<div class=\"post-entry-content\">\n\n\t<h3 class=\"entry-title\">\n\t\t<a href=\"https:\/\/billroth73.at\/index.php\/2024\/05\/07\/rom-reise-6cf-2024\/\" title=\"Rom-Reise 6CF 2024\" rel=\"bookmark\">Rom-Reise 6CF 2024<\/a>\n\t<\/h3>\n\n\t\n\t<div class=\"entry-excerpt\"><p>[vc_row][vc_column][vc_empty_space][vc_single_image image=&#8220;8569&#8243; img_size=&#8220;full&#8220; alignment=&#8220;center&#8220;][vc_empty_space][\/vc_column][\/vc_row][vc_row][vc_column width=&#8220;1\/2&#8243;][vc_single_image image=&#8220;8568&#8243; img_size=&#8220;full&#8220;][\/vc_column][vc_column width=&#8220;1\/2&#8243;][vc_single_image image=&#8220;8567&#8243; img_size=&#8220;full&#8220;][\/vc_column][\/vc_row][vc_row][vc_column][vc_empty_space][\/vc_column][\/vc_row][vc_row][vc_column width=&#8220;1\/2&#8243;][vc_single_image image=&#8220;8566&#8243; img_size=&#8220;full&#8220;][\/vc_column][vc_column width=&#8220;1\/2&#8243;][vc_single_image image=&#8220;8565&#8243; img_size=&#8220;full&#8220;][\/vc_column][\/vc_row][vc_row][vc_column width=&#8220;1\/2&#8243;][vc_single_image image=&#8220;8564&#8243; img_size=&#8220;full&#8220;][\/vc_column][vc_column width=&#8220;1\/2&#8243;][vc_single_image image=&#8220;8587&#8243; img_size=&#8220;full&#8220;][\/vc_column][\/vc_row][vc_row][vc_column][vc_empty_space][\/vc_column][\/vc_row][vc_row][vc_column width=&#8220;1\/2&#8243;][vc_single_image image=&#8220;8584&#8243; img_size=&#8220;full&#8220;][\/vc_column][vc_column width=&#8220;1\/2&#8243;][vc_single_image image=&#8220;8585&#8243; img_size=&#8220;full&#8220;][\/vc_column][\/vc_row][vc_row][vc_column][vc_single_image image=&#8220;8586&#8243; img_size=&#8220;full&#8220;&hellip;<\/p>\n<\/div>\n\t\n<a href=\"https:\/\/billroth73.at\/index.php\/2024\/05\/07\/rom-reise-6cf-2024\/\" class=\"dt-btn-s dt-btn post-details details-type-btn\" aria-label=\"Read more about Rom-Reise 6CF 2024\">Mehr erfahren...<i class=\"dt-icon-the7-arrow-03\" aria-hidden=\"true\"><\/i><\/a>\n\n<\/div><\/article><\/div><div class=\"hidden wf-cell\" data-post-id=\"8543\" data-date=\"2024-04-10T15:40:51+02:00\" data-name=\"Skimeisterschaften in Mellau\"><article class=\"post project-odd visible post-8543 type-post status-publish format-standard has-post-thumbnail hentry category-allgemein category-1\" data-name=\"Skimeisterschaften in Mellau\" data-date=\"2024-04-10T15:40:51+02:00\">\n\n<div class=\"post-thumbnail-wrap\">\n\t<div class=\"post-thumbnail\">\n\t\t\n\t\t\n\t\t<a href=\"https:\/\/billroth73.at\/index.php\/2024\/04\/10\/skimeisterschaften-in-mellau\/\" class=\"post-thumbnail-rollover layzr-bg layzr-bg\" ><img decoding=\"async\" class=\"iso-lazy-load preload-me iso-lazy-load aspect\" src=\"data:image\/svg+xml,%3Csvg%20xmlns%3D&#39;http%3A%2F%2Fwww.w3.org%2F2000%2Fsvg&#39;%20viewBox%3D&#39;0%200%20768%20512&#39;%2F%3E\" data-src=\"https:\/\/billroth73.at\/wp-content\/uploads\/2024\/04\/Skimeisterschaften_3-scaled-768x512.jpg\" data-srcset=\"https:\/\/billroth73.at\/wp-content\/uploads\/2024\/04\/Skimeisterschaften_3-scaled-768x512.jpg 768w, https:\/\/billroth73.at\/wp-content\/uploads\/2024\/04\/Skimeisterschaften_3-scaled-1152x768.jpg 1152w\" loading=\"eager\" style=\"--ratio: 768 \/ 512\" sizes=\"(max-width: 768px) 100vw, 768px\" alt=\"\" title=\"Skimeisterschaften_3\" width=\"768\" height=\"512\"  \/><\/a>\t<\/div>\n<\/div>\n\n\n<div class=\"post-entry-content\">\n\n\t<h3 class=\"entry-title\">\n\t\t<a href=\"https:\/\/billroth73.at\/index.php\/2024\/04\/10\/skimeisterschaften-in-mellau\/\" title=\"Skimeisterschaften in Mellau\" rel=\"bookmark\">Skimeisterschaften in Mellau<\/a>\n\t<\/h3>\n\n\t\n\t<div class=\"entry-excerpt\"><p>[vc_row][vc_column][vc_column_text] Von 18.3.-21.3. 2024 fanden die Schul Ski Olympics in Vorarlberg statt, f\u00fcr die sich zehn Sch\u00fclerinnen und Sch\u00fcler zuvor bei den Landesmeisterschaften in Mariensee qualifiziert hatten. Bei den Disziplinen&hellip;<\/p>\n<\/div>\n\t\n<a href=\"https:\/\/billroth73.at\/index.php\/2024\/04\/10\/skimeisterschaften-in-mellau\/\" class=\"dt-btn-s dt-btn post-details details-type-btn\" aria-label=\"Read more about Skimeisterschaften in Mellau\">Mehr erfahren...<i class=\"dt-icon-the7-arrow-03\" aria-hidden=\"true\"><\/i><\/a>\n\n<\/div><\/article><\/div><div class=\"hidden wf-cell\" data-post-id=\"8541\" data-date=\"2024-02-20T10:53:40+01:00\" data-name=\"Modell UNO 2024\"><article class=\"post project-odd visible post-8541 type-post status-publish format-standard has-post-thumbnail hentry category-allgemein category-1\" data-name=\"Modell UNO 2024\" data-date=\"2024-02-20T10:53:40+01:00\">\n\n<div class=\"post-thumbnail-wrap\">\n\t<div class=\"post-thumbnail\">\n\t\t\n\t\t\n\t\t<a href=\"http:\/\/billroth73.at\/index.php\/dt_gallery\/modell-uno-2024\/\" class=\"post-thumbnail-rollover layzr-bg layzr-bg\" ><img decoding=\"async\" class=\"iso-lazy-load preload-me iso-lazy-load aspect\" src=\"data:image\/svg+xml,%3Csvg%20xmlns%3D&#39;http%3A%2F%2Fwww.w3.org%2F2000%2Fsvg&#39;%20viewBox%3D&#39;0%200%20768%20512&#39;%2F%3E\" data-src=\"https:\/\/billroth73.at\/wp-content\/uploads\/2024\/02\/ModellUNO244-768x512.jpg\" data-srcset=\"https:\/\/billroth73.at\/wp-content\/uploads\/2024\/02\/ModellUNO244-768x512.jpg 768w, https:\/\/billroth73.at\/wp-content\/uploads\/2024\/02\/ModellUNO244-1152x768.jpg 1152w\" loading=\"eager\" style=\"--ratio: 768 \/ 512\" sizes=\"(max-width: 768px) 100vw, 768px\" alt=\"\" title=\"ModellUNO244\" width=\"768\" height=\"512\"  \/><\/a>\t<\/div>\n<\/div>\n\n\n<div class=\"post-entry-content\">\n\n\t<h3 class=\"entry-title\">\n\t\t<a href=\"http:\/\/billroth73.at\/index.php\/dt_gallery\/modell-uno-2024\/\" title=\"Modell UNO 2024\" rel=\"bookmark\">Modell UNO 2024<\/a>\n\t<\/h3>\n\n\t\n\t<div class=\"entry-excerpt\"><\/div>\n\t\n<a href=\"http:\/\/billroth73.at\/index.php\/dt_gallery\/modell-uno-2024\/\" class=\"dt-btn-s dt-btn post-details details-type-btn\" aria-label=\"Read more about Modell UNO 2024\">Mehr erfahren...<i class=\"dt-icon-the7-arrow-03\" aria-hidden=\"true\"><\/i><\/a>\n\n<\/div><\/article><\/div><div class=\"hidden wf-cell\" data-post-id=\"8514\" data-date=\"2024-02-01T13:32:51+01:00\" data-name=\"Digitale Gru\u00dfkarten der 1D\"><article class=\"post project-odd visible post-8514 type-post status-publish format-standard has-post-thumbnail hentry category-allgemein category-1\" data-name=\"Digitale Gru\u00dfkarten der 1D\" data-date=\"2024-02-01T13:32:51+01:00\">\n\n<div class=\"post-thumbnail-wrap\">\n\t<div class=\"post-thumbnail\">\n\t\t\n\t\t\n\t\t<a href=\"https:\/\/billroth73.at\/index.php\/dt_gallery\/digitale-grusskarten-der-1d\/\" class=\"post-thumbnail-rollover layzr-bg layzr-bg\" ><img decoding=\"async\" class=\"iso-lazy-load preload-me iso-lazy-load aspect\" src=\"data:image\/svg+xml,%3Csvg%20xmlns%3D&#39;http%3A%2F%2Fwww.w3.org%2F2000%2Fsvg&#39;%20viewBox%3D&#39;0%200%20571%20380&#39;%2F%3E\" data-src=\"https:\/\/billroth73.at\/wp-content\/uploads\/2024\/02\/TeDe1D_Zugwagon-Larissa-S.2-571x380.jpg\" data-srcset=\"https:\/\/billroth73.at\/wp-content\/uploads\/2024\/02\/TeDe1D_Zugwagon-Larissa-S.2-571x380.jpg 571w\" loading=\"eager\" style=\"--ratio: 571 \/ 380\" sizes=\"(max-width: 571px) 100vw, 571px\" alt=\"\" title=\"Larissa S.\" width=\"571\" height=\"380\"  \/><\/a>\t<\/div>\n<\/div>\n\n\n<div class=\"post-entry-content\">\n\n\t<h3 class=\"entry-title\">\n\t\t<a href=\"https:\/\/billroth73.at\/index.php\/dt_gallery\/digitale-grusskarten-der-1d\/\" title=\"Digitale Gru\u00dfkarten der 1D\" rel=\"bookmark\">Digitale Gru\u00dfkarten der 1D<\/a>\n\t<\/h3>\n\n\t\n\t<div class=\"entry-excerpt\"><\/div>\n\t\n<a href=\"https:\/\/billroth73.at\/index.php\/dt_gallery\/digitale-grusskarten-der-1d\/\" class=\"dt-btn-s dt-btn post-details details-type-btn\" aria-label=\"Read more about Digitale Gru\u00dfkarten der 1D\">Mehr erfahren...<i class=\"dt-icon-the7-arrow-03\" aria-hidden=\"true\"><\/i><\/a>\n\n<\/div><\/article><\/div><div class=\"hidden wf-cell\" data-post-id=\"8496\" data-date=\"2023-12-23T13:16:32+01:00\" data-name=\"Weihnachtsw\u00fcnsche der Direktion 2023\"><article class=\"post project-odd visible post-8496 type-post status-publish format-standard has-post-thumbnail hentry category-allgemein category-1\" data-name=\"Weihnachtsw\u00fcnsche der Direktion 2023\" data-date=\"2023-12-23T13:16:32+01:00\">\n\n<div class=\"post-thumbnail-wrap\">\n\t<div class=\"post-thumbnail\">\n\t\t\n\t\t\n\t\t<a href=\"https:\/\/billroth73.at\/wp-content\/uploads\/2023\/12\/Weihnachtswuensche-2023_SchuelerInnen_Eltern.pdf\" class=\"post-thumbnail-rollover layzr-bg layzr-bg\" ><img fetchpriority=\"high\" decoding=\"async\" class=\"iso-lazy-load preload-me iso-lazy-load aspect\" src=\"data:image\/svg+xml,%3Csvg%20xmlns%3D&#39;http%3A%2F%2Fwww.w3.org%2F2000%2Fsvg&#39;%20viewBox%3D&#39;0%200%20400%20266&#39;%2F%3E\" data-src=\"https:\/\/billroth73.at\/wp-content\/uploads\/2018\/09\/Logo-GRG-400-400x266.png\" data-srcset=\"https:\/\/billroth73.at\/wp-content\/uploads\/2018\/09\/Logo-GRG-400-400x266.png 400w\" loading=\"eager\" style=\"--ratio: 400 \/ 266\" sizes=\"(max-width: 400px) 100vw, 400px\" alt=\"\" title=\"Logo GRG-400\" width=\"400\" height=\"266\"  \/><\/a>\t<\/div>\n<\/div>\n\n\n<div class=\"post-entry-content\">\n\n\t<h3 class=\"entry-title\">\n\t\t<a href=\"https:\/\/billroth73.at\/wp-content\/uploads\/2023\/12\/Weihnachtswuensche-2023_SchuelerInnen_Eltern.pdf\" title=\"Weihnachtsw\u00fcnsche der Direktion 2023\" rel=\"bookmark\">Weihnachtsw\u00fcnsche der Direktion 2023<\/a>\n\t<\/h3>\n\n\t\n\t<div class=\"entry-excerpt\"><\/div>\n\t\n<a href=\"https:\/\/billroth73.at\/wp-content\/uploads\/2023\/12\/Weihnachtswuensche-2023_SchuelerInnen_Eltern.pdf\" class=\"dt-btn-s dt-btn post-details details-type-btn\" aria-label=\"Read more about Weihnachtsw\u00fcnsche der Direktion 2023\">Mehr erfahren...<i class=\"dt-icon-the7-arrow-03\" aria-hidden=\"true\"><\/i><\/a>\n\n<\/div><\/article><\/div><div class=\"hidden wf-cell\" data-post-id=\"8332\" data-date=\"2023-07-06T12:43:26+02:00\" data-name=\"Gr\u00fc\u00dfe aus der Direktion zum Jahresabschluss\"><article class=\"post project-odd visible post-8332 type-post status-publish format-standard has-post-thumbnail hentry category-allgemein category-1\" data-name=\"Gr\u00fc\u00dfe aus der Direktion zum Jahresabschluss\" data-date=\"2023-07-06T12:43:26+02:00\">\n\n<div class=\"post-thumbnail-wrap\">\n\t<div class=\"post-thumbnail\">\n\t\t\n\t\t\n\t\t<a href=\"https:\/\/billroth73.at\/wp-content\/uploads\/2023\/07\/Eltern-SchuelerInnenbrief-29.06.2023.pdf\" class=\"post-thumbnail-rollover layzr-bg layzr-bg\" ><img fetchpriority=\"high\" decoding=\"async\" class=\"iso-lazy-load preload-me iso-lazy-load aspect\" src=\"data:image\/svg+xml,%3Csvg%20xmlns%3D&#39;http%3A%2F%2Fwww.w3.org%2F2000%2Fsvg&#39;%20viewBox%3D&#39;0%200%20400%20266&#39;%2F%3E\" data-src=\"https:\/\/billroth73.at\/wp-content\/uploads\/2018\/09\/Logo-GRG-400-400x266.png\" data-srcset=\"https:\/\/billroth73.at\/wp-content\/uploads\/2018\/09\/Logo-GRG-400-400x266.png 400w\" loading=\"eager\" style=\"--ratio: 400 \/ 266\" sizes=\"(max-width: 400px) 100vw, 400px\" alt=\"\" title=\"Logo GRG-400\" width=\"400\" height=\"266\"  \/><\/a>\t<\/div>\n<\/div>\n\n\n<div class=\"post-entry-content\">\n\n\t<h3 class=\"entry-title\">\n\t\t<a href=\"https:\/\/billroth73.at\/wp-content\/uploads\/2023\/07\/Eltern-SchuelerInnenbrief-29.06.2023.pdf\" title=\"Gr\u00fc\u00dfe aus der Direktion zum Jahresabschluss\" rel=\"bookmark\">Gr\u00fc\u00dfe aus der Direktion zum Jahresabschluss<\/a>\n\t<\/h3>\n\n\t\n\t<div class=\"entry-excerpt\"><\/div>\n\t\n<a href=\"https:\/\/billroth73.at\/wp-content\/uploads\/2023\/07\/Eltern-SchuelerInnenbrief-29.06.2023.pdf\" class=\"dt-btn-s dt-btn post-details details-type-btn\" aria-label=\"Read more about Gr\u00fc\u00dfe aus der Direktion zum Jahresabschluss\">Mehr erfahren...<i class=\"dt-icon-the7-arrow-03\" aria-hidden=\"true\"><\/i><\/a>\n\n<\/div><\/article><\/div><div class=\"hidden wf-cell\" data-post-id=\"8325\" data-date=\"2023-06-24T11:17:56+02:00\" data-name=\"Die 8. Klassen sagen mit Nachdruck DANKE!\"><article class=\"post project-odd visible post-8325 type-post status-publish format-standard has-post-thumbnail hentry category-allgemein category-1\" data-name=\"Die 8. Klassen sagen mit Nachdruck DANKE!\" data-date=\"2023-06-24T11:17:56+02:00\">\n\n<div class=\"post-thumbnail-wrap\">\n\t<div class=\"post-thumbnail\">\n\t\t\n\t\t\n\t\t<a href=\"https:\/\/billroth73.at\/index.php\/2023\/06\/24\/die-8-klassen-sagen-mit-nachdruck-danke\/\" class=\"post-thumbnail-rollover layzr-bg layzr-bg\" ><img fetchpriority=\"high\" decoding=\"async\" class=\"iso-lazy-load preload-me iso-lazy-load aspect\" src=\"data:image\/svg+xml,%3Csvg%20xmlns%3D&#39;http%3A%2F%2Fwww.w3.org%2F2000%2Fsvg&#39;%20viewBox%3D&#39;0%200%20400%20266&#39;%2F%3E\" data-src=\"https:\/\/billroth73.at\/wp-content\/uploads\/2018\/09\/Logo-GRG-400-400x266.png\" data-srcset=\"https:\/\/billroth73.at\/wp-content\/uploads\/2018\/09\/Logo-GRG-400-400x266.png 400w\" loading=\"eager\" style=\"--ratio: 400 \/ 266\" sizes=\"(max-width: 400px) 100vw, 400px\" alt=\"\" title=\"Logo GRG-400\" width=\"400\" height=\"266\"  \/><\/a>\t<\/div>\n<\/div>\n\n\n<div class=\"post-entry-content\">\n\n\t<h3 class=\"entry-title\">\n\t\t<a href=\"https:\/\/billroth73.at\/index.php\/2023\/06\/24\/die-8-klassen-sagen-mit-nachdruck-danke\/\" title=\"Die 8. Klassen sagen mit Nachdruck DANKE!\" rel=\"bookmark\">Die 8. Klassen sagen mit Nachdruck DANKE!<\/a>\n\t<\/h3>\n\n\t\n\t<div class=\"entry-excerpt\"><p>[vc_row][vc_column][vc_custom_heading text=&#8220;Die 8. Klassen sagen mit Nachdruck DANKE!&#8220;][vc_empty_space][vc_column_text]F\u00fcr die geduldige und verst\u00e4ndnisvolle Aufr\u00e4umarbeit der Schulwarte beim diesj\u00e4hrigen Maturastreich wollten sich Schulsprecher Lorenz Unger und die 8. Klassen, vertreten durch ihre&hellip;<\/p>\n<\/div>\n\t\n<a href=\"https:\/\/billroth73.at\/index.php\/2023\/06\/24\/die-8-klassen-sagen-mit-nachdruck-danke\/\" class=\"dt-btn-s dt-btn post-details details-type-btn\" aria-label=\"Read more about Die 8. Klassen sagen mit Nachdruck DANKE!\">Mehr erfahren...<i class=\"dt-icon-the7-arrow-03\" aria-hidden=\"true\"><\/i><\/a>\n\n<\/div><\/article><\/div><div class=\"hidden wf-cell\" data-post-id=\"8322\" data-date=\"2023-06-24T11:11:25+02:00\" data-name=\"8A: \u00d6kolog-Projekt: Nachhaltige Sch\u00fclerreisen\"><article class=\"post project-odd visible post-8322 type-post status-publish format-standard has-post-thumbnail hentry category-allgemein category-1\" data-name=\"8A: \u00d6kolog-Projekt: Nachhaltige Sch\u00fclerreisen\" data-date=\"2023-06-24T11:11:25+02:00\">\n\n<div class=\"post-thumbnail-wrap\">\n\t<div class=\"post-thumbnail\">\n\t\t\n\t\t\n\t\t<a href=\"https:\/\/billroth73.at\/index.php\/2023\/06\/24\/8a-oekolog-projekt-nachhaltige-schuelerreisen\/\" class=\"post-thumbnail-rollover layzr-bg layzr-bg\" ><img decoding=\"async\" class=\"iso-lazy-load preload-me iso-lazy-load aspect\" src=\"data:image\/svg+xml,%3Csvg%20xmlns%3D&#39;http%3A%2F%2Fwww.w3.org%2F2000%2Fsvg&#39;%20viewBox%3D&#39;0%200%20768%20512&#39;%2F%3E\" data-src=\"https:\/\/billroth73.at\/wp-content\/uploads\/2020\/12\/youtube-icon-768x512.png\" data-srcset=\"https:\/\/billroth73.at\/wp-content\/uploads\/2020\/12\/youtube-icon-768x512.png 768w, https:\/\/billroth73.at\/wp-content\/uploads\/2020\/12\/youtube-icon-1152x768.png 1152w\" loading=\"eager\" style=\"--ratio: 768 \/ 512\" sizes=\"(max-width: 768px) 100vw, 768px\" alt=\"\" title=\"youtube-icon\" width=\"768\" height=\"512\"  \/><\/a>\t<\/div>\n<\/div>\n\n\n<div class=\"post-entry-content\">\n\n\t<h3 class=\"entry-title\">\n\t\t<a href=\"https:\/\/billroth73.at\/index.php\/2023\/06\/24\/8a-oekolog-projekt-nachhaltige-schuelerreisen\/\" title=\"8A: \u00d6kolog-Projekt: Nachhaltige Sch\u00fclerreisen\" rel=\"bookmark\">8A: \u00d6kolog-Projekt: Nachhaltige Sch\u00fclerreisen<\/a>\n\t<\/h3>\n\n\t\n\t<div class=\"entry-excerpt\"><p>[vc_row][vc_column][vc_column_text]Die Sch\u00fcler der 8A unternahmen 2022 eine Projektreise nach Pula, die sie nachhaltig gestalten wollten. Sie kontaktierten das Tierheim Snoopy in Kroatien und initiierten eine Sammlung von Futterspenden, die besonders&hellip;<\/p>\n<\/div>\n\t\n<a href=\"https:\/\/billroth73.at\/index.php\/2023\/06\/24\/8a-oekolog-projekt-nachhaltige-schuelerreisen\/\" class=\"dt-btn-s dt-btn post-details details-type-btn\" aria-label=\"Read more about 8A: \u00d6kolog-Projekt: Nachhaltige Sch\u00fclerreisen\">Mehr erfahren...<i class=\"dt-icon-the7-arrow-03\" aria-hidden=\"true\"><\/i><\/a>\n\n<\/div><\/article><\/div><div class=\"hidden wf-cell\" data-post-id=\"8320\" data-date=\"2023-06-24T10:58:13+02:00\" data-name=\"6B: Bellum Cruentum Vindobona\"><article class=\"post project-odd visible post-8320 type-post status-publish format-standard has-post-thumbnail hentry category-allgemein category-1\" data-name=\"6B: Bellum Cruentum Vindobona\" data-date=\"2023-06-24T10:58:13+02:00\">\n\n<div class=\"post-thumbnail-wrap\">\n\t<div class=\"post-thumbnail\">\n\t\t\n\t\t\n\t\t<a href=\"https:\/\/youtu.be\/51eFhgD0WlM\" class=\"post-thumbnail-rollover layzr-bg layzr-bg\" ><img decoding=\"async\" class=\"iso-lazy-load preload-me iso-lazy-load aspect\" src=\"data:image\/svg+xml,%3Csvg%20xmlns%3D&#39;http%3A%2F%2Fwww.w3.org%2F2000%2Fsvg&#39;%20viewBox%3D&#39;0%200%20768%20512&#39;%2F%3E\" data-src=\"https:\/\/billroth73.at\/wp-content\/uploads\/2020\/12\/youtube-icon-768x512.png\" data-srcset=\"https:\/\/billroth73.at\/wp-content\/uploads\/2020\/12\/youtube-icon-768x512.png 768w, https:\/\/billroth73.at\/wp-content\/uploads\/2020\/12\/youtube-icon-1152x768.png 1152w\" loading=\"eager\" style=\"--ratio: 768 \/ 512\" sizes=\"(max-width: 768px) 100vw, 768px\" alt=\"\" title=\"youtube-icon\" width=\"768\" height=\"512\"  \/><\/a>\t<\/div>\n<\/div>\n\n\n<div class=\"post-entry-content\">\n\n\t<h3 class=\"entry-title\">\n\t\t<a href=\"https:\/\/youtu.be\/51eFhgD0WlM\" title=\"6B: Bellum Cruentum Vindobona\" rel=\"bookmark\">6B: Bellum Cruentum Vindobona<\/a>\n\t<\/h3>\n\n\t\n\t<div class=\"entry-excerpt\"><\/div>\n\t\n<a href=\"https:\/\/youtu.be\/51eFhgD0WlM\" class=\"dt-btn-s dt-btn post-details details-type-btn\" aria-label=\"Read more about 6B: Bellum Cruentum Vindobona\">Mehr erfahren...<i class=\"dt-icon-the7-arrow-03\" aria-hidden=\"true\"><\/i><\/a>\n\n<\/div><\/article><\/div><div class=\"hidden wf-cell\" data-post-id=\"8309\" data-date=\"2023-06-14T14:01:19+02:00\" data-name=\"2B: Besuch der Sigmund-Freud-Privatuniversit\u00e4t\"><article class=\"post project-odd visible post-8309 type-post status-publish format-standard has-post-thumbnail hentry category-allgemein category-1\" data-name=\"2B: Besuch der Sigmund-Freud-Privatuniversit\u00e4t\" data-date=\"2023-06-14T14:01:19+02:00\">\n\n<div class=\"post-thumbnail-wrap\">\n\t<div class=\"post-thumbnail\">\n\t\t\n\t\t\n\t\t<a href=\"https:\/\/billroth73.at\/index.php\/2023\/06\/14\/2b-besuch-der-sigmund-freud-privatuniversitaet\/\" class=\"post-thumbnail-rollover layzr-bg layzr-bg\" ><img fetchpriority=\"high\" decoding=\"async\" class=\"iso-lazy-load preload-me iso-lazy-load aspect\" src=\"data:image\/svg+xml,%3Csvg%20xmlns%3D&#39;http%3A%2F%2Fwww.w3.org%2F2000%2Fsvg&#39;%20viewBox%3D&#39;0%200%20400%20266&#39;%2F%3E\" data-src=\"https:\/\/billroth73.at\/wp-content\/uploads\/2018\/09\/Logo-GRG-400-400x266.png\" data-srcset=\"https:\/\/billroth73.at\/wp-content\/uploads\/2018\/09\/Logo-GRG-400-400x266.png 400w\" loading=\"eager\" style=\"--ratio: 400 \/ 266\" sizes=\"(max-width: 400px) 100vw, 400px\" alt=\"\" title=\"Logo GRG-400\" width=\"400\" height=\"266\"  \/><\/a>\t<\/div>\n<\/div>\n\n\n<div class=\"post-entry-content\">\n\n\t<h3 class=\"entry-title\">\n\t\t<a href=\"https:\/\/billroth73.at\/index.php\/2023\/06\/14\/2b-besuch-der-sigmund-freud-privatuniversitaet\/\" title=\"2B: Besuch der Sigmund-Freud-Privatuniversit\u00e4t\" rel=\"bookmark\">2B: Besuch der Sigmund-Freud-Privatuniversit\u00e4t<\/a>\n\t<\/h3>\n\n\t\n\t<div class=\"entry-excerpt\"><p>[vc_row][vc_column][vc_single_image image=&#8220;8310&#8243; img_size=&#8220;full&#8220;][vc_empty_space][vc_column_text] Die 2B folgte am 28. April 2023 einer Einladung von Herrn Univ.-Prof. Dr. Peter Walla und besuchte die Sigmund-Freud-Privatuniversit\u00e4t in Wien. Herr Prof. Hohenwarter und Frau Prof.&hellip;<\/p>\n<\/div>\n\t\n<a href=\"https:\/\/billroth73.at\/index.php\/2023\/06\/14\/2b-besuch-der-sigmund-freud-privatuniversitaet\/\" class=\"dt-btn-s dt-btn post-details details-type-btn\" aria-label=\"Read more about 2B: Besuch der Sigmund-Freud-Privatuniversit\u00e4t\">Mehr erfahren...<i class=\"dt-icon-the7-arrow-03\" aria-hidden=\"true\"><\/i><\/a>\n\n<\/div><\/article><\/div><div class=\"hidden wf-cell\" data-post-id=\"8305\" data-date=\"2023-06-14T10:24:09+02:00\" data-name=\"Einladung zur Ausstellung von Prof. Walcher\"><article class=\"post project-odd visible post-8305 type-post status-publish format-standard has-post-thumbnail hentry category-allgemein category-1\" data-name=\"Einladung zur Ausstellung von Prof. Walcher\" data-date=\"2023-06-14T10:24:09+02:00\">\n\n<div class=\"post-thumbnail-wrap\">\n\t<div class=\"post-thumbnail\">\n\t\t\n\t\t\n\t\t<a href=\"https:\/\/billroth73.at\/wp-content\/uploads\/2023\/06\/MicrosoftTeams-image-2.jpg\" class=\"post-thumbnail-rollover layzr-bg layzr-bg\" ><img decoding=\"async\" class=\"iso-lazy-load preload-me iso-lazy-load aspect\" src=\"data:image\/svg+xml,%3Csvg%20xmlns%3D&#39;http%3A%2F%2Fwww.w3.org%2F2000%2Fsvg&#39;%20viewBox%3D&#39;0%200%20768%20512&#39;%2F%3E\" data-src=\"https:\/\/billroth73.at\/wp-content\/uploads\/2023\/06\/MicrosoftTeams-image-2-768x512.jpg\" data-srcset=\"https:\/\/billroth73.at\/wp-content\/uploads\/2023\/06\/MicrosoftTeams-image-2-768x512.jpg 768w, https:\/\/billroth73.at\/wp-content\/uploads\/2023\/06\/MicrosoftTeams-image-2-1152x768.jpg 1152w\" loading=\"eager\" style=\"--ratio: 768 \/ 512\" sizes=\"(max-width: 768px) 100vw, 768px\" alt=\"\" title=\"MicrosoftTeams-image (2)\" width=\"768\" height=\"512\"  \/><\/a>\t<\/div>\n<\/div>\n\n\n<div class=\"post-entry-content\">\n\n\t<h3 class=\"entry-title\">\n\t\t<a href=\"https:\/\/billroth73.at\/wp-content\/uploads\/2023\/06\/MicrosoftTeams-image-2.jpg\" title=\"Einladung zur Ausstellung von Prof. Walcher\" rel=\"bookmark\">Einladung zur Ausstellung von Prof. Walcher<\/a>\n\t<\/h3>\n\n\t\n\t<div class=\"entry-excerpt\"><\/div>\n\t\n<a href=\"https:\/\/billroth73.at\/wp-content\/uploads\/2023\/06\/MicrosoftTeams-image-2.jpg\" class=\"dt-btn-s dt-btn post-details details-type-btn\" aria-label=\"Read more about Einladung zur Ausstellung von Prof. Walcher\">Mehr erfahren...<i class=\"dt-icon-the7-arrow-03\" aria-hidden=\"true\"><\/i><\/a>\n\n<\/div><\/article><\/div><div class=\"hidden wf-cell\" data-post-id=\"8296\" data-date=\"2023-06-01T11:07:03+02:00\" data-name=\"Aus dem D\u00f6blinger Extrablatt: \u00fcber die Er\u00f6ffnung unseres Schulgeb\u00e4udes\"><article class=\"post project-odd visible post-8296 type-post status-publish format-standard has-post-thumbnail hentry category-allgemein category-1\" data-name=\"Aus dem D\u00f6blinger Extrablatt: \u00fcber die Er\u00f6ffnung unseres Schulgeb\u00e4udes\" data-date=\"2023-06-01T11:07:03+02:00\">\n\n<div class=\"post-thumbnail-wrap\">\n\t<div class=\"post-thumbnail\">\n\t\t\n\t\t\n\t\t<a href=\"https:\/\/billroth73.at\/wp-content\/uploads\/2023\/06\/Extrablatt.pdf\" class=\"post-thumbnail-rollover layzr-bg layzr-bg\" ><img fetchpriority=\"high\" decoding=\"async\" class=\"iso-lazy-load preload-me iso-lazy-load aspect\" src=\"data:image\/svg+xml,%3Csvg%20xmlns%3D&#39;http%3A%2F%2Fwww.w3.org%2F2000%2Fsvg&#39;%20viewBox%3D&#39;0%200%20400%20266&#39;%2F%3E\" data-src=\"https:\/\/billroth73.at\/wp-content\/uploads\/2018\/09\/Logo-GRG-400-400x266.png\" data-srcset=\"https:\/\/billroth73.at\/wp-content\/uploads\/2018\/09\/Logo-GRG-400-400x266.png 400w\" loading=\"eager\" style=\"--ratio: 400 \/ 266\" sizes=\"(max-width: 400px) 100vw, 400px\" alt=\"\" title=\"Logo GRG-400\" width=\"400\" height=\"266\"  \/><\/a>\t<\/div>\n<\/div>\n\n\n<div class=\"post-entry-content\">\n\n\t<h3 class=\"entry-title\">\n\t\t<a href=\"https:\/\/billroth73.at\/wp-content\/uploads\/2023\/06\/Extrablatt.pdf\" title=\"Aus dem D\u00f6blinger Extrablatt: \u00fcber die Er\u00f6ffnung unseres Schulgeb\u00e4udes\" rel=\"bookmark\">Aus dem D\u00f6blinger Extrablatt: \u00fcber die Er\u00f6ffnung unseres Schulgeb\u00e4udes<\/a>\n\t<\/h3>\n\n\t\n\t<div class=\"entry-excerpt\"><\/div>\n\t\n<a href=\"https:\/\/billroth73.at\/wp-content\/uploads\/2023\/06\/Extrablatt.pdf\" class=\"dt-btn-s dt-btn post-details details-type-btn\" aria-label=\"Read more about Aus dem D\u00f6blinger Extrablatt: \u00fcber die Er\u00f6ffnung unseres Schulgeb\u00e4udes\">Mehr erfahren...<i class=\"dt-icon-the7-arrow-03\" aria-hidden=\"true\"><\/i><\/a>\n\n<\/div><\/article><\/div><div class=\"hidden wf-cell\" data-post-id=\"8287\" data-date=\"2023-04-26T13:36:39+02:00\" data-name=\"2B: Exkursion zum Wiener Musikverein\"><article class=\"post project-odd visible post-8287 type-post status-publish format-standard has-post-thumbnail hentry category-allgemein category-1\" data-name=\"2B: Exkursion zum Wiener Musikverein\" data-date=\"2023-04-26T13:36:39+02:00\">\n\n<div class=\"post-thumbnail-wrap\">\n\t<div class=\"post-thumbnail\">\n\t\t\n\t\t\n\t\t<a href=\"https:\/\/billroth73.at\/index.php\/2023\/04\/26\/2b-exkursion-zum-wiener-musikverein\/\" class=\"post-thumbnail-rollover layzr-bg layzr-bg\" ><img decoding=\"async\" class=\"iso-lazy-load preload-me iso-lazy-load aspect\" src=\"data:image\/svg+xml,%3Csvg%20xmlns%3D&#39;http%3A%2F%2Fwww.w3.org%2F2000%2Fsvg&#39;%20viewBox%3D&#39;0%200%20768%20512&#39;%2F%3E\" data-src=\"https:\/\/billroth73.at\/wp-content\/uploads\/2023\/04\/Musikverein_20.03.2023-scaled-768x512.jpg\" data-srcset=\"https:\/\/billroth73.at\/wp-content\/uploads\/2023\/04\/Musikverein_20.03.2023-scaled-768x512.jpg 768w, https:\/\/billroth73.at\/wp-content\/uploads\/2023\/04\/Musikverein_20.03.2023-scaled-1152x768.jpg 1152w\" loading=\"eager\" style=\"--ratio: 768 \/ 512\" sizes=\"(max-width: 768px) 100vw, 768px\" alt=\"\" title=\"Musikverein_20.03.2023\" width=\"768\" height=\"512\"  \/><\/a>\t<\/div>\n<\/div>\n\n\n<div class=\"post-entry-content\">\n\n\t<h3 class=\"entry-title\">\n\t\t<a href=\"https:\/\/billroth73.at\/index.php\/2023\/04\/26\/2b-exkursion-zum-wiener-musikverein\/\" title=\"2B: Exkursion zum Wiener Musikverein\" rel=\"bookmark\">2B: Exkursion zum Wiener Musikverein<\/a>\n\t<\/h3>\n\n\t\n\t<div class=\"entry-excerpt\"><p>[vc_row][vc_column][vc_column_text] Die 2B besuchte am 20. M\u00e4rz 2023 ein Konzert im Wiener Musikverein. Im Goldenen Saal h\u00f6rten wir \u201eDie Moldau\u201c von Friedrich Smetana. Frau Professor Zloklikovits und Herr Professor Radic&hellip;<\/p>\n<\/div>\n\t\n<a href=\"https:\/\/billroth73.at\/index.php\/2023\/04\/26\/2b-exkursion-zum-wiener-musikverein\/\" class=\"dt-btn-s dt-btn post-details details-type-btn\" aria-label=\"Read more about 2B: Exkursion zum Wiener Musikverein\">Mehr erfahren...<i class=\"dt-icon-the7-arrow-03\" aria-hidden=\"true\"><\/i><\/a>\n\n<\/div><\/article><\/div><div class=\"hidden wf-cell\" data-post-id=\"8281\" data-date=\"2023-03-15T17:53:37+01:00\" data-name=\"8A: Videos der Jugendgesundheitskonferenz\"><article class=\"post project-odd visible post-8281 type-post status-publish format-standard has-post-thumbnail hentry category-allgemein category-1\" data-name=\"8A: Videos der Jugendgesundheitskonferenz\" data-date=\"2023-03-15T17:53:37+01:00\">\n\n<div class=\"post-thumbnail-wrap\">\n\t<div class=\"post-thumbnail\">\n\t\t\n\t\t\n\t\t<a href=\"https:\/\/www.youtube.com\/watch?v=oXGeTlG-ieg&#038;list=PLs-kdjRZ2jbXV3rhgS4qsz-PIQf4z7CF8\" class=\"post-thumbnail-rollover layzr-bg layzr-bg\" ><img decoding=\"async\" class=\"iso-lazy-load preload-me iso-lazy-load aspect\" src=\"data:image\/svg+xml,%3Csvg%20xmlns%3D&#39;http%3A%2F%2Fwww.w3.org%2F2000%2Fsvg&#39;%20viewBox%3D&#39;0%200%20768%20512&#39;%2F%3E\" data-src=\"https:\/\/billroth73.at\/wp-content\/uploads\/2020\/12\/youtube-icon-768x512.png\" data-srcset=\"https:\/\/billroth73.at\/wp-content\/uploads\/2020\/12\/youtube-icon-768x512.png 768w, https:\/\/billroth73.at\/wp-content\/uploads\/2020\/12\/youtube-icon-1152x768.png 1152w\" loading=\"eager\" style=\"--ratio: 768 \/ 512\" sizes=\"(max-width: 768px) 100vw, 768px\" alt=\"\" title=\"youtube-icon\" width=\"768\" height=\"512\"  \/><\/a>\t<\/div>\n<\/div>\n\n\n<div class=\"post-entry-content\">\n\n\t<h3 class=\"entry-title\">\n\t\t<a href=\"https:\/\/www.youtube.com\/watch?v=oXGeTlG-ieg&#038;list=PLs-kdjRZ2jbXV3rhgS4qsz-PIQf4z7CF8\" title=\"8A: Videos der Jugendgesundheitskonferenz\" rel=\"bookmark\">8A: Videos der Jugendgesundheitskonferenz<\/a>\n\t<\/h3>\n\n\t\n\t<div class=\"entry-excerpt\"><\/div>\n\t\n<a href=\"https:\/\/www.youtube.com\/watch?v=oXGeTlG-ieg&#038;list=PLs-kdjRZ2jbXV3rhgS4qsz-PIQf4z7CF8\" class=\"dt-btn-s dt-btn post-details details-type-btn\" aria-label=\"Read more about 8A: Videos der Jugendgesundheitskonferenz\">Mehr erfahren...<i class=\"dt-icon-the7-arrow-03\" aria-hidden=\"true\"><\/i><\/a>\n\n<\/div><\/article><\/div><div class=\"hidden wf-cell\" data-post-id=\"8265\" data-date=\"2023-02-03T10:45:06+01:00\" data-name=\"Fairtrade-Workshop der 5C\"><article class=\"post project-odd visible post-8265 type-post status-publish format-standard has-post-thumbnail hentry category-allgemein category-1\" data-name=\"Fairtrade-Workshop der 5C\" data-date=\"2023-02-03T10:45:06+01:00\">\n\n<div class=\"post-thumbnail-wrap\">\n\t<div class=\"post-thumbnail\">\n\t\t\n\t\t\n\t\t<a href=\"https:\/\/billroth73.at\/index.php\/2023\/02\/03\/fairtrade-workshop-der-5c\/\" class=\"post-thumbnail-rollover layzr-bg layzr-bg\" ><img decoding=\"async\" class=\"iso-lazy-load preload-me iso-lazy-load aspect\" src=\"data:image\/svg+xml,%3Csvg%20xmlns%3D&#39;http%3A%2F%2Fwww.w3.org%2F2000%2Fsvg&#39;%20viewBox%3D&#39;0%200%20768%20512&#39;%2F%3E\" data-src=\"https:\/\/billroth73.at\/wp-content\/uploads\/2023\/02\/20230124_143251-scaled-768x512.jpg\" data-srcset=\"https:\/\/billroth73.at\/wp-content\/uploads\/2023\/02\/20230124_143251-scaled-768x512.jpg 768w, https:\/\/billroth73.at\/wp-content\/uploads\/2023\/02\/20230124_143251-scaled-1152x768.jpg 1152w\" loading=\"eager\" style=\"--ratio: 768 \/ 512\" sizes=\"(max-width: 768px) 100vw, 768px\" alt=\"\" title=\"20230124_143251\" width=\"768\" height=\"512\"  \/><\/a>\t<\/div>\n<\/div>\n\n\n<div class=\"post-entry-content\">\n\n\t<h3 class=\"entry-title\">\n\t\t<a href=\"https:\/\/billroth73.at\/index.php\/2023\/02\/03\/fairtrade-workshop-der-5c\/\" title=\"Fairtrade-Workshop der 5C\" rel=\"bookmark\">Fairtrade-Workshop der 5C<\/a>\n\t<\/h3>\n\n\t\n\t<div class=\"entry-excerpt\"><p>[vc_row][vc_column][vc_single_image image=&#8220;8266&#8243; img_size=&#8220;full&#8220; alignment=&#8220;center&#8220;][vc_empty_space][vc_column_text] Am Dienstag, den 24. Januar, hatten wir, die Ethik- und katholische Religionsgruppe der 5C, einen Workshop zum Thema &#8222;FAIRTRADE&#8222;. Wir begannen mit einem kleinen Spiel, bei&hellip;<\/p>\n<\/div>\n\t\n<a href=\"https:\/\/billroth73.at\/index.php\/2023\/02\/03\/fairtrade-workshop-der-5c\/\" class=\"dt-btn-s dt-btn post-details details-type-btn\" aria-label=\"Read more about Fairtrade-Workshop der 5C\">Mehr erfahren...<i class=\"dt-icon-the7-arrow-03\" aria-hidden=\"true\"><\/i><\/a>\n\n<\/div><\/article><\/div><div class=\"hidden wf-cell\" data-post-id=\"8253\" data-date=\"2023-01-30T14:30:43+01:00\" data-name=\"7ACN: Exkursion zum bioanorganischen Symposium\"><article class=\"post project-odd visible post-8253 type-post status-publish format-standard has-post-thumbnail hentry category-allgemein category-1\" data-name=\"7ACN: Exkursion zum bioanorganischen Symposium\" data-date=\"2023-01-30T14:30:43+01:00\">\n\n<div class=\"post-thumbnail-wrap\">\n\t<div class=\"post-thumbnail\">\n\t\t\n\t\t\n\t\t<a href=\"https:\/\/billroth73.at\/index.php\/2023\/01\/30\/7acn-exkursion-zum-bioanorganisches-symposium\/\" class=\"post-thumbnail-rollover layzr-bg layzr-bg\" ><img decoding=\"async\" class=\"iso-lazy-load preload-me iso-lazy-load aspect\" src=\"data:image\/svg+xml,%3Csvg%20xmlns%3D&#39;http%3A%2F%2Fwww.w3.org%2F2000%2Fsvg&#39;%20viewBox%3D&#39;0%200%20768%20512&#39;%2F%3E\" data-src=\"https:\/\/billroth73.at\/wp-content\/uploads\/2023\/01\/Chemie3-768x512.jpg\" data-srcset=\"https:\/\/billroth73.at\/wp-content\/uploads\/2023\/01\/Chemie3-768x512.jpg 768w, https:\/\/billroth73.at\/wp-content\/uploads\/2023\/01\/Chemie3-1152x768.jpg 1152w\" loading=\"eager\" style=\"--ratio: 768 \/ 512\" sizes=\"(max-width: 768px) 100vw, 768px\" alt=\"\" title=\"Chemie3\" width=\"768\" height=\"512\"  \/><\/a>\t<\/div>\n<\/div>\n\n\n<div class=\"post-entry-content\">\n\n\t<h3 class=\"entry-title\">\n\t\t<a href=\"https:\/\/billroth73.at\/index.php\/2023\/01\/30\/7acn-exkursion-zum-bioanorganisches-symposium\/\" title=\"7ACN: Exkursion zum bioanorganischen Symposium\" rel=\"bookmark\">7ACN: Exkursion zum bioanorganischen Symposium<\/a>\n\t<\/h3>\n\n\t\n\t<div class=\"entry-excerpt\"><p>[vc_row][vc_column][vc_column_text]Am 20.12.2022 waren wir, die 7ACN, an der Chemieuniversit\u00e4t im Carl-Auer-von-Welsbach-H\u00f6rsaal, um an einer Vorlesung teilzunehmen. Dabei stellten vier verschiedene Studententeams Teilbereiche der Chemie anhand von einigen Experimenten vor. Zu&hellip;<\/p>\n<\/div>\n\t\n<a href=\"https:\/\/billroth73.at\/index.php\/2023\/01\/30\/7acn-exkursion-zum-bioanorganisches-symposium\/\" class=\"dt-btn-s dt-btn post-details details-type-btn\" aria-label=\"Read more about 7ACN: Exkursion zum bioanorganischen Symposium\">Mehr erfahren...<i class=\"dt-icon-the7-arrow-03\" aria-hidden=\"true\"><\/i><\/a>\n\n<\/div><\/article><\/div><div class=\"hidden wf-cell\" data-post-id=\"8247\" data-date=\"2023-01-24T10:31:22+01:00\" data-name=\"Socks on tour: Spendenaktion der 8A\"><article class=\"post project-odd visible post-8247 type-post status-publish format-standard has-post-thumbnail hentry category-allgemein category-1\" data-name=\"Socks on tour: Spendenaktion der 8A\" data-date=\"2023-01-24T10:31:22+01:00\">\n\n<div class=\"post-thumbnail-wrap\">\n\t<div class=\"post-thumbnail\">\n\t\t\n\t\t\n\t\t<a href=\"https:\/\/billroth73.at\/index.php\/2023\/01\/24\/spendenaktion-der-8a\/\" class=\"post-thumbnail-rollover layzr-bg layzr-bg\" ><img decoding=\"async\" class=\"iso-lazy-load preload-me iso-lazy-load aspect\" src=\"data:image\/svg+xml,%3Csvg%20xmlns%3D&#39;http%3A%2F%2Fwww.w3.org%2F2000%2Fsvg&#39;%20viewBox%3D&#39;0%200%20768%20512&#39;%2F%3E\" data-src=\"https:\/\/billroth73.at\/wp-content\/uploads\/2023\/01\/20221223_103502-scaled-768x512.jpg\" data-srcset=\"https:\/\/billroth73.at\/wp-content\/uploads\/2023\/01\/20221223_103502-scaled-768x512.jpg 768w, https:\/\/billroth73.at\/wp-content\/uploads\/2023\/01\/20221223_103502-scaled-1152x768.jpg 1152w\" loading=\"eager\" style=\"--ratio: 768 \/ 512\" sizes=\"(max-width: 768px) 100vw, 768px\" alt=\"\" title=\"20221223_103502\" width=\"768\" height=\"512\"  \/><\/a>\t<\/div>\n<\/div>\n\n\n<div class=\"post-entry-content\">\n\n\t<h3 class=\"entry-title\">\n\t\t<a href=\"https:\/\/billroth73.at\/index.php\/2023\/01\/24\/spendenaktion-der-8a\/\" title=\"Socks on tour: Spendenaktion der 8A\" rel=\"bookmark\">Socks on tour: Spendenaktion der 8A<\/a>\n\t<\/h3>\n\n\t\n\t<div class=\"entry-excerpt\"><p>[vc_row][vc_column][vc_column_text]Die 8A m\u00f6chte sich ganz herzlich bei allen bedanken, die Socken gespendet haben. Eine gro\u00dfe Box Socken wurde am 23.12.23 im Neunerhaus im 19. Bezirk abgegeben und hat f\u00fcr ein&hellip;<\/p>\n<\/div>\n\t\n<a href=\"https:\/\/billroth73.at\/index.php\/2023\/01\/24\/spendenaktion-der-8a\/\" class=\"dt-btn-s dt-btn post-details details-type-btn\" aria-label=\"Read more about Socks on tour: Spendenaktion der 8A\">Mehr erfahren...<i class=\"dt-icon-the7-arrow-03\" aria-hidden=\"true\"><\/i><\/a>\n\n<\/div><\/article><\/div><div class=\"hidden wf-cell\" data-post-id=\"8243\" data-date=\"2023-01-24T10:28:09+01:00\" data-name=\"8A: Teilnahme an Jugendgesundheitskonferenz 2023\"><article class=\"post project-odd visible post-8243 type-post status-publish format-standard has-post-thumbnail hentry category-allgemein category-1\" data-name=\"8A: Teilnahme an Jugendgesundheitskonferenz 2023\" data-date=\"2023-01-24T10:28:09+01:00\">\n\n<div class=\"post-thumbnail-wrap\">\n\t<div class=\"post-thumbnail\">\n\t\t\n\t\t\n\t\t<a href=\"https:\/\/billroth73.at\/index.php\/2023\/01\/24\/jugendgesundheitskonferenz-2023\/\" class=\"post-thumbnail-rollover layzr-bg layzr-bg\" ><img fetchpriority=\"high\" decoding=\"async\" class=\"iso-lazy-load preload-me iso-lazy-load aspect\" src=\"data:image\/svg+xml,%3Csvg%20xmlns%3D&#39;http%3A%2F%2Fwww.w3.org%2F2000%2Fsvg&#39;%20viewBox%3D&#39;0%200%20400%20266&#39;%2F%3E\" data-src=\"https:\/\/billroth73.at\/wp-content\/uploads\/2018\/09\/Logo-GRG-400-400x266.png\" data-srcset=\"https:\/\/billroth73.at\/wp-content\/uploads\/2018\/09\/Logo-GRG-400-400x266.png 400w\" loading=\"eager\" style=\"--ratio: 400 \/ 266\" sizes=\"(max-width: 400px) 100vw, 400px\" alt=\"\" title=\"Logo GRG-400\" width=\"400\" height=\"266\"  \/><\/a>\t<\/div>\n<\/div>\n\n\n<div class=\"post-entry-content\">\n\n\t<h3 class=\"entry-title\">\n\t\t<a href=\"https:\/\/billroth73.at\/index.php\/2023\/01\/24\/jugendgesundheitskonferenz-2023\/\" title=\"8A: Teilnahme an Jugendgesundheitskonferenz 2023\" rel=\"bookmark\">8A: Teilnahme an Jugendgesundheitskonferenz 2023<\/a>\n\t<\/h3>\n\n\t\n\t<div class=\"entry-excerpt\"><p>[vc_row][vc_column][vc_column_text]Die Jugendgesundheitskonferenz fand dieses Jahr in D\u00f6bling statt &#8211; und zwar vom 16.1.23 &#8211; 20.1.23. Da wir eine gesunde Schule im 19. Bezirk sind, hat die 8A mit sieben gesunden&hellip;<\/p>\n<\/div>\n\t\n<a href=\"https:\/\/billroth73.at\/index.php\/2023\/01\/24\/jugendgesundheitskonferenz-2023\/\" class=\"dt-btn-s dt-btn post-details details-type-btn\" aria-label=\"Read more about 8A: Teilnahme an Jugendgesundheitskonferenz 2023\">Mehr erfahren...<i class=\"dt-icon-the7-arrow-03\" aria-hidden=\"true\"><\/i><\/a>\n\n<\/div><\/article><\/div><div class=\"hidden wf-cell\" data-post-id=\"8226\" data-date=\"2022-12-23T13:57:37+01:00\" data-name=\"Weihnachtsw\u00fcnsche der Direktion\"><article class=\"post project-odd visible post-8226 type-post status-publish format-standard has-post-thumbnail hentry category-allgemein category-1\" data-name=\"Weihnachtsw\u00fcnsche der Direktion\" data-date=\"2022-12-23T13:57:37+01:00\">\n\n<div class=\"post-thumbnail-wrap\">\n\t<div class=\"post-thumbnail\">\n\t\t\n\t\t\n\t\t<a href=\"https:\/\/billroth73.at\/wp-content\/uploads\/2022\/12\/Weihnachtswuensche-2022_SchuelerInnen_Eltern.pdf\" class=\"post-thumbnail-rollover layzr-bg layzr-bg\" ><img fetchpriority=\"high\" decoding=\"async\" class=\"iso-lazy-load preload-me iso-lazy-load aspect\" src=\"data:image\/svg+xml,%3Csvg%20xmlns%3D&#39;http%3A%2F%2Fwww.w3.org%2F2000%2Fsvg&#39;%20viewBox%3D&#39;0%200%20400%20266&#39;%2F%3E\" data-src=\"https:\/\/billroth73.at\/wp-content\/uploads\/2018\/09\/Logo-GRG-400-400x266.png\" data-srcset=\"https:\/\/billroth73.at\/wp-content\/uploads\/2018\/09\/Logo-GRG-400-400x266.png 400w\" loading=\"eager\" style=\"--ratio: 400 \/ 266\" sizes=\"(max-width: 400px) 100vw, 400px\" alt=\"\" title=\"Logo GRG-400\" width=\"400\" height=\"266\"  \/><\/a>\t<\/div>\n<\/div>\n\n\n<div class=\"post-entry-content\">\n\n\t<h3 class=\"entry-title\">\n\t\t<a href=\"https:\/\/billroth73.at\/wp-content\/uploads\/2022\/12\/Weihnachtswuensche-2022_SchuelerInnen_Eltern.pdf\" title=\"Weihnachtsw\u00fcnsche der Direktion\" rel=\"bookmark\">Weihnachtsw\u00fcnsche der Direktion<\/a>\n\t<\/h3>\n\n\t\n\t<div class=\"entry-excerpt\"><\/div>\n\t\n<a href=\"https:\/\/billroth73.at\/wp-content\/uploads\/2022\/12\/Weihnachtswuensche-2022_SchuelerInnen_Eltern.pdf\" class=\"dt-btn-s dt-btn post-details details-type-btn\" aria-label=\"Read more about Weihnachtsw\u00fcnsche der Direktion\">Mehr erfahren...<i class=\"dt-icon-the7-arrow-03\" aria-hidden=\"true\"><\/i><\/a>\n\n<\/div><\/article><\/div><div class=\"hidden wf-cell\" data-post-id=\"8208\" data-date=\"2022-11-22T10:45:29+01:00\" data-name=\"N\u00e4chster Titel f\u00fcr Mina Schimicek und Leonard Kuhn: Sie sind Austrian R&#039;n&#039;R-Cup-Sieger 2022\"><article class=\"post project-odd visible post-8208 type-post status-publish format-standard has-post-thumbnail hentry category-allgemein category-1\" data-name=\"N\u00e4chster Titel f\u00fcr Mina Schimicek und Leonard Kuhn: Sie sind Austrian R&#8217;n&#8217;R-Cup-Sieger 2022\" data-date=\"2022-11-22T10:45:29+01:00\">\n\n<div class=\"post-thumbnail-wrap\">\n\t<div class=\"post-thumbnail\">\n\t\t\n\t\t\n\t\t<a href=\"https:\/\/billroth73.at\/index.php\/2022\/11\/22\/naechster-titel-fuer-mina-schimicek-und-leonard-kuhn-sie-sind-austrian-rnr-cup-sieger-2022\/\" class=\"post-thumbnail-rollover layzr-bg layzr-bg\" ><img decoding=\"async\" class=\"iso-lazy-load preload-me iso-lazy-load aspect\" src=\"data:image\/svg+xml,%3Csvg%20xmlns%3D&#39;http%3A%2F%2Fwww.w3.org%2F2000%2Fsvg&#39;%20viewBox%3D&#39;0%200%20768%20512&#39;%2F%3E\" data-src=\"https:\/\/billroth73.at\/wp-content\/uploads\/2022\/11\/Cupsieger-rotated-768x512.jpeg\" data-srcset=\"https:\/\/billroth73.at\/wp-content\/uploads\/2022\/11\/Cupsieger-rotated-768x512.jpeg 768w, https:\/\/billroth73.at\/wp-content\/uploads\/2022\/11\/Cupsieger-rotated-1152x768.jpeg 1152w\" loading=\"eager\" style=\"--ratio: 768 \/ 512\" sizes=\"(max-width: 768px) 100vw, 768px\" alt=\"\" title=\"Cupsieger\" width=\"768\" height=\"512\"  \/><\/a>\t<\/div>\n<\/div>\n\n\n<div class=\"post-entry-content\">\n\n\t<h3 class=\"entry-title\">\n\t\t<a href=\"https:\/\/billroth73.at\/index.php\/2022\/11\/22\/naechster-titel-fuer-mina-schimicek-und-leonard-kuhn-sie-sind-austrian-rnr-cup-sieger-2022\/\" title=\"N\u00e4chster Titel f\u00fcr Mina Schimicek und Leonard Kuhn: Sie sind Austrian R&#8217;n&#8217;R-Cup-Sieger 2022\" rel=\"bookmark\">N\u00e4chster Titel f\u00fcr Mina Schimicek und Leonard Kuhn: Sie sind Austrian R&#8217;n&#8217;R-Cup-Sieger 2022<\/a>\n\t<\/h3>\n\n\t\n\t<div class=\"entry-excerpt\"><p>[vc_row][vc_column][vc_column_text]Nach der \u00f6sterreichischen Meisterschaft in Rock&#8217;n&#8217;Roll-Akrobatik,die Mina Schimicek, 1A, und Leonard Kuhn, 1D, f\u00fcr sich entschieden haben, wurden sie nun auch Austrian R&#8217;n&#8217;R-Cup-Sieger in der Kategorie Children. Einmal mehr gratulieren&hellip;<\/p>\n<\/div>\n\t\n<a href=\"https:\/\/billroth73.at\/index.php\/2022\/11\/22\/naechster-titel-fuer-mina-schimicek-und-leonard-kuhn-sie-sind-austrian-rnr-cup-sieger-2022\/\" class=\"dt-btn-s dt-btn post-details details-type-btn\" aria-label=\"Read more about N\u00e4chster Titel f\u00fcr Mina Schimicek und Leonard Kuhn: Sie sind Austrian R&#8217;n&#8217;R-Cup-Sieger 2022\">Mehr erfahren...<i class=\"dt-icon-the7-arrow-03\" aria-hidden=\"true\"><\/i><\/a>\n\n<\/div><\/article><\/div><div class=\"hidden wf-cell\" data-post-id=\"8200\" data-date=\"2022-11-10T21:02:16+01:00\" data-name=\"Gro\u00dfer Erfolg: Mia Travniczek (8C) steht im Finale in Literatur-Wettbewerb\"><article class=\"post project-odd visible post-8200 type-post status-publish format-standard has-post-thumbnail hentry category-allgemein category-1\" data-name=\"Gro\u00dfer Erfolg: Mia Travniczek (8C) steht im Finale in Literatur-Wettbewerb\" data-date=\"2022-11-10T21:02:16+01:00\">\n\n<div class=\"post-thumbnail-wrap\">\n\t<div class=\"post-thumbnail\">\n\t\t\n\t\t\n\t\t<a href=\"https:\/\/billroth73.at\/index.php\/2022\/11\/10\/grosser-erfolg-mia-travniczek-8c-steht-im-finale-in-literatur-wettbewerb\/\" class=\"post-thumbnail-rollover layzr-bg layzr-bg\" ><img fetchpriority=\"high\" decoding=\"async\" class=\"iso-lazy-load preload-me iso-lazy-load aspect\" src=\"data:image\/svg+xml,%3Csvg%20xmlns%3D&#39;http%3A%2F%2Fwww.w3.org%2F2000%2Fsvg&#39;%20viewBox%3D&#39;0%200%20400%20266&#39;%2F%3E\" data-src=\"https:\/\/billroth73.at\/wp-content\/uploads\/2018\/09\/Logo-GRG-400-400x266.png\" data-srcset=\"https:\/\/billroth73.at\/wp-content\/uploads\/2018\/09\/Logo-GRG-400-400x266.png 400w\" loading=\"eager\" style=\"--ratio: 400 \/ 266\" sizes=\"(max-width: 400px) 100vw, 400px\" alt=\"\" title=\"Logo GRG-400\" width=\"400\" height=\"266\"  \/><\/a>\t<\/div>\n<\/div>\n\n\n<div class=\"post-entry-content\">\n\n\t<h3 class=\"entry-title\">\n\t\t<a href=\"https:\/\/billroth73.at\/index.php\/2022\/11\/10\/grosser-erfolg-mia-travniczek-8c-steht-im-finale-in-literatur-wettbewerb\/\" title=\"Gro\u00dfer Erfolg: Mia Travniczek (8C) steht im Finale in Literatur-Wettbewerb\" rel=\"bookmark\">Gro\u00dfer Erfolg: Mia Travniczek (8C) steht im Finale in Literatur-Wettbewerb<\/a>\n\t<\/h3>\n\n\t\n\t<div class=\"entry-excerpt\"><p>[vc_row][vc_column][vc_column_text]Gro\u00dfe Erfolg f\u00fcr Mia Travniczek, 8C: Sie erreichte das Finale des \u00f6sterreichischen Wettbewerbs \u201eTexte. Der Preis f\u00fcr junge Literatur&#8220;. Dabei wurden die besten 25 Texte, die aus ganz \u00d6sterreich (!)&hellip;<\/p>\n<\/div>\n\t\n<a href=\"https:\/\/billroth73.at\/index.php\/2022\/11\/10\/grosser-erfolg-mia-travniczek-8c-steht-im-finale-in-literatur-wettbewerb\/\" class=\"dt-btn-s dt-btn post-details details-type-btn\" aria-label=\"Read more about Gro\u00dfer Erfolg: Mia Travniczek (8C) steht im Finale in Literatur-Wettbewerb\">Mehr erfahren...<i class=\"dt-icon-the7-arrow-03\" aria-hidden=\"true\"><\/i><\/a>\n\n<\/div><\/article><\/div><div class=\"hidden wf-cell\" data-post-id=\"8180\" data-date=\"2022-11-09T15:58:08+01:00\" data-name=\"Mina Schimicek (1A) und Leonard Kuhn (1D) sind \u00f6sterreichische Meister in Rock&#039;n&#039;Roll-Akrobatik\"><article class=\"post project-odd visible post-8180 type-post status-publish format-standard has-post-thumbnail hentry category-allgemein category-1\" data-name=\"Mina Schimicek (1A) und Leonard Kuhn (1D) sind \u00f6sterreichische Meister in Rock&#8217;n&#8217;Roll-Akrobatik\" data-date=\"2022-11-09T15:58:08+01:00\">\n\n<div class=\"post-thumbnail-wrap\">\n\t<div class=\"post-thumbnail\">\n\t\t\n\t\t\n\t\t<a href=\"https:\/\/billroth73.at\/index.php\/2022\/11\/09\/mina-schimicek-1a-und-leonard-kuhn-1d-sind-oesterreichische-meister-in-rocknroll-akrobatik\/\" class=\"post-thumbnail-rollover layzr-bg layzr-bg\" ><img decoding=\"async\" class=\"iso-lazy-load preload-me iso-lazy-load aspect\" src=\"data:image\/svg+xml,%3Csvg%20xmlns%3D&#39;http%3A%2F%2Fwww.w3.org%2F2000%2Fsvg&#39;%20viewBox%3D&#39;0%200%20507%20338&#39;%2F%3E\" data-src=\"https:\/\/billroth73.at\/wp-content\/uploads\/2022\/11\/rocknrollakrobatik-507x338.jpeg\" data-srcset=\"https:\/\/billroth73.at\/wp-content\/uploads\/2022\/11\/rocknrollakrobatik-507x338.jpeg 507w\" loading=\"eager\" style=\"--ratio: 507 \/ 338\" sizes=\"(max-width: 507px) 100vw, 507px\" alt=\"\" title=\"rocknrollakrobatik\" width=\"507\" height=\"338\"  \/><\/a>\t<\/div>\n<\/div>\n\n\n<div class=\"post-entry-content\">\n\n\t<h3 class=\"entry-title\">\n\t\t<a href=\"https:\/\/billroth73.at\/index.php\/2022\/11\/09\/mina-schimicek-1a-und-leonard-kuhn-1d-sind-oesterreichische-meister-in-rocknroll-akrobatik\/\" title=\"Mina Schimicek (1A) und Leonard Kuhn (1D) sind \u00f6sterreichische Meister in Rock&#8217;n&#8217;Roll-Akrobatik\" rel=\"bookmark\">Mina Schimicek (1A) und Leonard Kuhn (1D) sind \u00f6sterreichische Meister in Rock&#8217;n&#8217;Roll-Akrobatik<\/a>\n\t<\/h3>\n\n\t\n\t<div class=\"entry-excerpt\"><p>[vc_row][vc_column][vc_column_text]Mina Schimicek, 1A, und Leonard Kuhn, 1D, haben die \u00f6sterreichische Meisterschaft in Rock&#8217;n&#8217;Roll-Akrobatik in der Kategorie Children f\u00fcr sich entschieden. Wir gratulieren unserer \u00f6sterreichischen Meisterin und unserem \u00f6sterreichischen Meister von&hellip;<\/p>\n<\/div>\n\t\n<a href=\"https:\/\/billroth73.at\/index.php\/2022\/11\/09\/mina-schimicek-1a-und-leonard-kuhn-1d-sind-oesterreichische-meister-in-rocknroll-akrobatik\/\" class=\"dt-btn-s dt-btn post-details details-type-btn\" aria-label=\"Read more about Mina Schimicek (1A) und Leonard Kuhn (1D) sind \u00f6sterreichische Meister in Rock&#8217;n&#8217;Roll-Akrobatik\">Mehr erfahren...<i class=\"dt-icon-the7-arrow-03\" aria-hidden=\"true\"><\/i><\/a>\n\n<\/div><\/article><\/div><div class=\"hidden wf-cell\" data-post-id=\"8060\" data-date=\"2022-09-07T09:43:55+02:00\" data-name=\"Unsere Spende f\u00fcr BACH\"><article class=\"post project-odd visible post-8060 type-post status-publish format-standard has-post-thumbnail hentry category-allgemein category-1\" data-name=\"Unsere Spende f\u00fcr BACH\" data-date=\"2022-09-07T09:43:55+02:00\">\n\n<div class=\"post-thumbnail-wrap\">\n\t<div class=\"post-thumbnail\">\n\t\t\n\t\t\n\t\t<a href=\"https:\/\/billroth73.at\/wp-content\/uploads\/2022\/09\/Spende-Bach.pdf\" class=\"post-thumbnail-rollover layzr-bg layzr-bg\" ><img fetchpriority=\"high\" decoding=\"async\" class=\"iso-lazy-load preload-me iso-lazy-load aspect\" src=\"data:image\/svg+xml,%3Csvg%20xmlns%3D&#39;http%3A%2F%2Fwww.w3.org%2F2000%2Fsvg&#39;%20viewBox%3D&#39;0%200%20400%20266&#39;%2F%3E\" data-src=\"https:\/\/billroth73.at\/wp-content\/uploads\/2018\/09\/Logo-GRG-400-400x266.png\" data-srcset=\"https:\/\/billroth73.at\/wp-content\/uploads\/2018\/09\/Logo-GRG-400-400x266.png 400w\" loading=\"eager\" style=\"--ratio: 400 \/ 266\" sizes=\"(max-width: 400px) 100vw, 400px\" alt=\"\" title=\"Logo GRG-400\" width=\"400\" height=\"266\"  \/><\/a>\t<\/div>\n<\/div>\n\n\n<div class=\"post-entry-content\">\n\n\t<h3 class=\"entry-title\">\n\t\t<a href=\"https:\/\/billroth73.at\/wp-content\/uploads\/2022\/09\/Spende-Bach.pdf\" title=\"Unsere Spende f\u00fcr BACH\" rel=\"bookmark\">Unsere Spende f\u00fcr BACH<\/a>\n\t<\/h3>\n\n\t\n\t<div class=\"entry-excerpt\"><\/div>\n\t\n<a href=\"https:\/\/billroth73.at\/wp-content\/uploads\/2022\/09\/Spende-Bach.pdf\" class=\"dt-btn-s dt-btn post-details details-type-btn\" aria-label=\"Read more about Unsere Spende f\u00fcr BACH\">Mehr erfahren...<i class=\"dt-icon-the7-arrow-03\" aria-hidden=\"true\"><\/i><\/a>\n\n<\/div><\/article><\/div><div class=\"hidden wf-cell\" data-post-id=\"7988\" data-date=\"2022-06-20T12:51:31+02:00\" data-name=\"&quot;Dramatischer&quot; Besuch der Volksschule Bischof-Faber-Platz\"><article class=\"post project-odd visible post-7988 type-post status-publish format-standard has-post-thumbnail hentry category-allgemein category-1\" data-name=\"&#8222;Dramatischer&#8220; Besuch der Volksschule Bischof-Faber-Platz\" data-date=\"2022-06-20T12:51:31+02:00\">\n\n<div class=\"post-thumbnail-wrap\">\n\t<div class=\"post-thumbnail\">\n\t\t\n\t\t\n\t\t<a href=\"https:\/\/billroth73.at\/index.php\/2022\/06\/20\/dramatischer-besuch-der-volksschule-bischof-faber-platz\/\" class=\"post-thumbnail-rollover layzr-bg layzr-bg\" ><img decoding=\"async\" class=\"iso-lazy-load preload-me iso-lazy-load aspect\" src=\"data:image\/svg+xml,%3Csvg%20xmlns%3D&#39;http%3A%2F%2Fwww.w3.org%2F2000%2Fsvg&#39;%20viewBox%3D&#39;0%200%20402%20268&#39;%2F%3E\" data-src=\"https:\/\/billroth73.at\/wp-content\/uploads\/2018\/10\/Theather-masken-402x268.png\" data-srcset=\"https:\/\/billroth73.at\/wp-content\/uploads\/2018\/10\/Theather-masken-402x268.png 402w\" loading=\"eager\" style=\"--ratio: 402 \/ 268\" sizes=\"(max-width: 402px) 100vw, 402px\" alt=\"\" title=\"Theather-masken\" width=\"402\" height=\"268\"  \/><\/a>\t<\/div>\n<\/div>\n\n\n<div class=\"post-entry-content\">\n\n\t<h3 class=\"entry-title\">\n\t\t<a href=\"https:\/\/billroth73.at\/index.php\/2022\/06\/20\/dramatischer-besuch-der-volksschule-bischof-faber-platz\/\" title=\"&#8222;Dramatischer&#8220; Besuch der Volksschule Bischof-Faber-Platz\" rel=\"bookmark\">&#8222;Dramatischer&#8220; Besuch der Volksschule Bischof-Faber-Platz<\/a>\n\t<\/h3>\n\n\t\n\t<div class=\"entry-excerpt\"><p>[vc_row][vc_column][vc_single_image image=&#8220;7999&#8243; img_size=&#8220;large&#8220; alignment=&#8220;center&#8220; style=&#8220;vc_box_rounded&#8220;][\/vc_column][\/vc_row]<\/p>\n<\/div>\n\t\n<a href=\"https:\/\/billroth73.at\/index.php\/2022\/06\/20\/dramatischer-besuch-der-volksschule-bischof-faber-platz\/\" class=\"dt-btn-s dt-btn post-details details-type-btn\" aria-label=\"Read more about &#8222;Dramatischer&#8220; Besuch der Volksschule Bischof-Faber-Platz\">Mehr erfahren...<i class=\"dt-icon-the7-arrow-03\" aria-hidden=\"true\"><\/i><\/a>\n\n<\/div><\/article><\/div><div class=\"hidden wf-cell\" data-post-id=\"6788\" data-date=\"2022-06-15T17:50:00+02:00\" data-name=\"Neuerliche Auszeichnung unserer Schule als &quot;Expert-Schule&quot;\"><article class=\"post project-odd visible post-6788 type-post status-publish format-standard has-post-thumbnail hentry category-allgemein category-1\" data-name=\"Neuerliche Auszeichnung unserer Schule als &#8222;Expert-Schule&#8220;\" data-date=\"2022-06-15T17:50:00+02:00\">\n\n<div class=\"post-thumbnail-wrap\">\n\t<div class=\"post-thumbnail\">\n\t\t\n\t\t\n\t\t<a href=\"https:\/\/billroth73.at\/wp-content\/uploads\/2022\/06\/eEducation-Auszeichnung-2022.pdf\" class=\"post-thumbnail-rollover layzr-bg layzr-bg\" ><img fetchpriority=\"high\" decoding=\"async\" class=\"iso-lazy-load preload-me iso-lazy-load aspect\" src=\"data:image\/svg+xml,%3Csvg%20xmlns%3D&#39;http%3A%2F%2Fwww.w3.org%2F2000%2Fsvg&#39;%20viewBox%3D&#39;0%200%20400%20266&#39;%2F%3E\" data-src=\"https:\/\/billroth73.at\/wp-content\/uploads\/2018\/09\/Logo-GRG-400-400x266.png\" data-srcset=\"https:\/\/billroth73.at\/wp-content\/uploads\/2018\/09\/Logo-GRG-400-400x266.png 400w\" loading=\"eager\" style=\"--ratio: 400 \/ 266\" sizes=\"(max-width: 400px) 100vw, 400px\" alt=\"\" title=\"Logo GRG-400\" width=\"400\" height=\"266\"  \/><\/a>\t<\/div>\n<\/div>\n\n\n<div class=\"post-entry-content\">\n\n\t<h3 class=\"entry-title\">\n\t\t<a href=\"https:\/\/billroth73.at\/wp-content\/uploads\/2022\/06\/eEducation-Auszeichnung-2022.pdf\" title=\"Neuerliche Auszeichnung unserer Schule als &#8222;Expert-Schule&#8220;\" rel=\"bookmark\">Neuerliche Auszeichnung unserer Schule als &#8222;Expert-Schule&#8220;<\/a>\n\t<\/h3>\n\n\t\n\t<div class=\"entry-excerpt\"><\/div>\n\t\n<a href=\"https:\/\/billroth73.at\/wp-content\/uploads\/2022\/06\/eEducation-Auszeichnung-2022.pdf\" class=\"dt-btn-s dt-btn post-details details-type-btn\" aria-label=\"Read more about Neuerliche Auszeichnung unserer Schule als &#8222;Expert-Schule&#8220;\">Mehr erfahren...<i class=\"dt-icon-the7-arrow-03\" aria-hidden=\"true\"><\/i><\/a>\n\n<\/div><\/article><\/div><div class=\"hidden wf-cell\" data-post-id=\"7982\" data-date=\"2022-06-02T17:18:17+02:00\" data-name=\"Herzliche Einladung zum Schulfest!\"><article class=\"post project-odd visible post-7982 type-post status-publish format-standard has-post-thumbnail hentry category-allgemein category-1\" data-name=\"Herzliche Einladung zum Schulfest!\" data-date=\"2022-06-02T17:18:17+02:00\">\n\n<div class=\"post-thumbnail-wrap\">\n\t<div class=\"post-thumbnail\">\n\t\t\n\t\t\n\t\t<a href=\"https:\/\/billroth73.at\/wp-content\/uploads\/2022\/06\/Herzliche-Einladung-zum-Schulfest_AB03.pdf\" class=\"post-thumbnail-rollover layzr-bg layzr-bg\" ><img fetchpriority=\"high\" decoding=\"async\" class=\"iso-lazy-load preload-me iso-lazy-load aspect\" src=\"data:image\/svg+xml,%3Csvg%20xmlns%3D&#39;http%3A%2F%2Fwww.w3.org%2F2000%2Fsvg&#39;%20viewBox%3D&#39;0%200%20400%20266&#39;%2F%3E\" data-src=\"https:\/\/billroth73.at\/wp-content\/uploads\/2018\/09\/Logo-GRG-400-400x266.png\" data-srcset=\"https:\/\/billroth73.at\/wp-content\/uploads\/2018\/09\/Logo-GRG-400-400x266.png 400w\" loading=\"eager\" style=\"--ratio: 400 \/ 266\" sizes=\"(max-width: 400px) 100vw, 400px\" alt=\"\" title=\"Logo GRG-400\" width=\"400\" height=\"266\"  \/><\/a>\t<\/div>\n<\/div>\n\n\n<div class=\"post-entry-content\">\n\n\t<h3 class=\"entry-title\">\n\t\t<a href=\"https:\/\/billroth73.at\/wp-content\/uploads\/2022\/06\/Herzliche-Einladung-zum-Schulfest_AB03.pdf\" title=\"Herzliche Einladung zum Schulfest!\" rel=\"bookmark\">Herzliche Einladung zum Schulfest!<\/a>\n\t<\/h3>\n\n\t\n\t<div class=\"entry-excerpt\"><\/div>\n\t\n<a href=\"https:\/\/billroth73.at\/wp-content\/uploads\/2022\/06\/Herzliche-Einladung-zum-Schulfest_AB03.pdf\" class=\"dt-btn-s dt-btn post-details details-type-btn\" aria-label=\"Read more about Herzliche Einladung zum Schulfest!\">Mehr erfahren...<i class=\"dt-icon-the7-arrow-03\" aria-hidden=\"true\"><\/i><\/a>\n\n<\/div><\/article><\/div><div class=\"hidden wf-cell\" data-post-id=\"7959\" data-date=\"2022-05-05T13:08:26+02:00\" data-name=\"Teilnahme an der \u00d6sterreichischen Chemieolympiade\"><article class=\"post project-odd visible post-7959 type-post status-publish format-standard has-post-thumbnail hentry category-allgemein category-1\" data-name=\"Teilnahme an der \u00d6sterreichischen Chemieolympiade\" data-date=\"2022-05-05T13:08:26+02:00\">\n\n<div class=\"post-thumbnail-wrap\">\n\t<div class=\"post-thumbnail\">\n\t\t\n\t\t\n\t\t<a href=\"https:\/\/billroth73.at\/index.php\/2022\/05\/05\/teilnahme-an-der-oesterreichischen-chemieolympiade\/\" class=\"post-thumbnail-rollover layzr-bg layzr-bg\" ><img decoding=\"async\" class=\"iso-lazy-load preload-me iso-lazy-load aspect\" src=\"data:image\/svg+xml,%3Csvg%20xmlns%3D&#39;http%3A%2F%2Fwww.w3.org%2F2000%2Fsvg&#39;%20viewBox%3D&#39;0%200%20768%20512&#39;%2F%3E\" data-src=\"https:\/\/billroth73.at\/wp-content\/uploads\/2022\/05\/MicrosoftTeams-image-36-768x512.jpg\" data-srcset=\"https:\/\/billroth73.at\/wp-content\/uploads\/2022\/05\/MicrosoftTeams-image-36-768x512.jpg 768w, https:\/\/billroth73.at\/wp-content\/uploads\/2022\/05\/MicrosoftTeams-image-36-1024x682.jpg 1024w\" loading=\"eager\" style=\"--ratio: 768 \/ 512\" sizes=\"(max-width: 768px) 100vw, 768px\" alt=\"\"  width=\"768\" height=\"512\"  \/><\/a>\t<\/div>\n<\/div>\n\n\n<div class=\"post-entry-content\">\n\n\t<h3 class=\"entry-title\">\n\t\t<a href=\"https:\/\/billroth73.at\/index.php\/2022\/05\/05\/teilnahme-an-der-oesterreichischen-chemieolympiade\/\" title=\"Teilnahme an der \u00d6sterreichischen Chemieolympiade\" rel=\"bookmark\">Teilnahme an der \u00d6sterreichischen Chemieolympiade<\/a>\n\t<\/h3>\n\n\t\n\t<div class=\"entry-excerpt\"><p>[vc_row][vc_column][vc_column_text] Nach zwei Pandemiejahren fand dieses Jahr wieder eine Chemieolympiade statt. Und auch unsere Schule durfte von drei Teilnehmern der 7.Klassen repr\u00e4sentiert werden, die zuvor im Rahmen des gleichnamigen Moduls&hellip;<\/p>\n<\/div>\n\t\n<a href=\"https:\/\/billroth73.at\/index.php\/2022\/05\/05\/teilnahme-an-der-oesterreichischen-chemieolympiade\/\" class=\"dt-btn-s dt-btn post-details details-type-btn\" aria-label=\"Read more about Teilnahme an der \u00d6sterreichischen Chemieolympiade\">Mehr erfahren...<i class=\"dt-icon-the7-arrow-03\" aria-hidden=\"true\"><\/i><\/a>\n\n<\/div><\/article><\/div><div class=\"hidden wf-cell\" data-post-id=\"7933\" data-date=\"2022-03-18T10:50:04+01:00\" data-name=\"Spendenaktion der 4C f\u00fcr die Ukraine\"><article class=\"post project-odd visible post-7933 type-post status-publish format-standard has-post-thumbnail hentry category-allgemein category-1\" data-name=\"Spendenaktion der 4C f\u00fcr die Ukraine\" data-date=\"2022-03-18T10:50:04+01:00\">\n\n<div class=\"post-thumbnail-wrap\">\n\t<div class=\"post-thumbnail\">\n\t\t\n\t\t\n\t\t<a href=\"https:\/\/billroth73.at\/index.php\/2022\/03\/18\/spendenaktion-der-4c-fuer-die-ukraine\/\" class=\"post-thumbnail-rollover layzr-bg layzr-bg\" ><img fetchpriority=\"high\" decoding=\"async\" class=\"iso-lazy-load preload-me iso-lazy-load aspect\" src=\"data:image\/svg+xml,%3Csvg%20xmlns%3D&#39;http%3A%2F%2Fwww.w3.org%2F2000%2Fsvg&#39;%20viewBox%3D&#39;0%200%20400%20266&#39;%2F%3E\" data-src=\"https:\/\/billroth73.at\/wp-content\/uploads\/2018\/09\/Logo-GRG-400-400x266.png\" data-srcset=\"https:\/\/billroth73.at\/wp-content\/uploads\/2018\/09\/Logo-GRG-400-400x266.png 400w\" loading=\"eager\" style=\"--ratio: 400 \/ 266\" sizes=\"(max-width: 400px) 100vw, 400px\" alt=\"\" title=\"Logo GRG-400\" width=\"400\" height=\"266\"  \/><\/a>\t<\/div>\n<\/div>\n\n\n<div class=\"post-entry-content\">\n\n\t<h3 class=\"entry-title\">\n\t\t<a href=\"https:\/\/billroth73.at\/index.php\/2022\/03\/18\/spendenaktion-der-4c-fuer-die-ukraine\/\" title=\"Spendenaktion der 4C f\u00fcr die Ukraine\" rel=\"bookmark\">Spendenaktion der 4C f\u00fcr die Ukraine<\/a>\n\t<\/h3>\n\n\t\n\t<div class=\"entry-excerpt\"><p>[vc_row][vc_column][vc_custom_heading text=&#8220;Der Krieg in der Ukraine macht uns betroffen. Am Freitag, 11.3., belieferte die 4C die ukrainische Community in der Pfarre St. Barbara, Postgasse 10, mit Sachspenden. Die Freude und&hellip;<\/p>\n<\/div>\n\t\n<a href=\"https:\/\/billroth73.at\/index.php\/2022\/03\/18\/spendenaktion-der-4c-fuer-die-ukraine\/\" class=\"dt-btn-s dt-btn post-details details-type-btn\" aria-label=\"Read more about Spendenaktion der 4C f\u00fcr die Ukraine\">Mehr erfahren...<i class=\"dt-icon-the7-arrow-03\" aria-hidden=\"true\"><\/i><\/a>\n\n<\/div><\/article><\/div><div class=\"hidden wf-cell\" data-post-id=\"7928\" data-date=\"2022-02-28T11:19:37+01:00\" data-name=\"Europ\u00e4ischer Sozialfonds: Unterrichtsbezogene F\u00f6rderangebote im Bereich der allgemein bildenden h\u00f6heren Schulen im Schuljahr 2021\/22\"><article class=\"post project-odd visible post-7928 type-post status-publish format-standard has-post-thumbnail hentry category-allgemein category-1\" data-name=\"Europ\u00e4ischer Sozialfonds: Unterrichtsbezogene F\u00f6rderangebote im Bereich der allgemein bildenden h\u00f6heren Schulen im Schuljahr 2021\/22\" data-date=\"2022-02-28T11:19:37+01:00\">\n\n<div class=\"post-thumbnail-wrap\">\n\t<div class=\"post-thumbnail\">\n\t\t\n\t\t\n\t\t<a href=\"https:\/\/billroth73.at\/wp-content\/uploads\/2022\/02\/Homepage_Text_AHS.pdf\" class=\"post-thumbnail-rollover layzr-bg layzr-bg\" ><img decoding=\"async\" class=\"iso-lazy-load preload-me iso-lazy-load aspect\" src=\"data:image\/svg+xml,%3Csvg%20xmlns%3D&#39;http%3A%2F%2Fwww.w3.org%2F2000%2Fsvg&#39;%20viewBox%3D&#39;0%200%20768%20512&#39;%2F%3E\" data-src=\"https:\/\/billroth73.at\/wp-content\/uploads\/2022\/02\/ESF-Logo-768x512.png\" data-srcset=\"https:\/\/billroth73.at\/wp-content\/uploads\/2022\/02\/ESF-Logo-768x512.png 768w, https:\/\/billroth73.at\/wp-content\/uploads\/2022\/02\/ESF-Logo-785x523.png 785w\" loading=\"eager\" style=\"--ratio: 768 \/ 512\" sizes=\"(max-width: 768px) 100vw, 768px\" alt=\"\" title=\"ESF-Logo\" width=\"768\" height=\"512\"  \/><\/a>\t<\/div>\n<\/div>\n\n\n<div class=\"post-entry-content\">\n\n\t<h3 class=\"entry-title\">\n\t\t<a href=\"https:\/\/billroth73.at\/wp-content\/uploads\/2022\/02\/Homepage_Text_AHS.pdf\" title=\"Europ\u00e4ischer Sozialfonds: Unterrichtsbezogene F\u00f6rderangebote im Bereich der allgemein bildenden h\u00f6heren Schulen im Schuljahr 2021\/22\" rel=\"bookmark\">Europ\u00e4ischer Sozialfonds: Unterrichtsbezogene F\u00f6rderangebote im Bereich der allgemein bildenden h\u00f6heren Schulen im Schuljahr 2021\/22<\/a>\n\t<\/h3>\n\n\t\n\t<div class=\"entry-excerpt\"><\/div>\n\t\n<a href=\"https:\/\/billroth73.at\/wp-content\/uploads\/2022\/02\/Homepage_Text_AHS.pdf\" class=\"dt-btn-s dt-btn post-details details-type-btn\" aria-label=\"Read more about Europ\u00e4ischer Sozialfonds: Unterrichtsbezogene F\u00f6rderangebote im Bereich der allgemein bildenden h\u00f6heren Schulen im Schuljahr 2021\/22\">Mehr erfahren...<i class=\"dt-icon-the7-arrow-03\" aria-hidden=\"true\"><\/i><\/a>\n\n<\/div><\/article><\/div><div class=\"hidden wf-cell\" data-post-id=\"7890\" data-date=\"2021-12-21T13:02:31+01:00\" data-name=\"Weihnachtsw\u00fcnsche der Direktion\"><article class=\"post project-odd visible post-7890 type-post status-publish format-standard has-post-thumbnail hentry category-allgemein category-1\" data-name=\"Weihnachtsw\u00fcnsche der Direktion\" data-date=\"2021-12-21T13:02:31+01:00\">\n\n<div class=\"post-thumbnail-wrap\">\n\t<div class=\"post-thumbnail\">\n\t\t\n\t\t\n\t\t<a href=\"https:\/\/billroth73.at\/wp-content\/uploads\/2021\/12\/Weihnachtswuensche-2021_SchuelerInnen_Eltern.pdf\" class=\"post-thumbnail-rollover layzr-bg layzr-bg\" ><img decoding=\"async\" class=\"iso-lazy-load preload-me iso-lazy-load aspect\" src=\"data:image\/svg+xml,%3Csvg%20xmlns%3D&#39;http%3A%2F%2Fwww.w3.org%2F2000%2Fsvg&#39;%20viewBox%3D&#39;0%200%20768%20512&#39;%2F%3E\" data-src=\"https:\/\/billroth73.at\/wp-content\/uploads\/2021\/11\/christmas-g669df6061_1920-768x512.jpg\" data-srcset=\"https:\/\/billroth73.at\/wp-content\/uploads\/2021\/11\/christmas-g669df6061_1920-768x512.jpg 768w, https:\/\/billroth73.at\/wp-content\/uploads\/2021\/11\/christmas-g669df6061_1920-1152x768.jpg 1152w\" loading=\"eager\" style=\"--ratio: 768 \/ 512\" sizes=\"(max-width: 768px) 100vw, 768px\" alt=\"\" title=\"christmas-g669df6061_1920\" width=\"768\" height=\"512\"  \/><\/a>\t<\/div>\n<\/div>\n\n\n<div class=\"post-entry-content\">\n\n\t<h3 class=\"entry-title\">\n\t\t<a href=\"https:\/\/billroth73.at\/wp-content\/uploads\/2021\/12\/Weihnachtswuensche-2021_SchuelerInnen_Eltern.pdf\" title=\"Weihnachtsw\u00fcnsche der Direktion\" rel=\"bookmark\">Weihnachtsw\u00fcnsche der Direktion<\/a>\n\t<\/h3>\n\n\t\n\t<div class=\"entry-excerpt\"><\/div>\n\t\n<a href=\"https:\/\/billroth73.at\/wp-content\/uploads\/2021\/12\/Weihnachtswuensche-2021_SchuelerInnen_Eltern.pdf\" class=\"dt-btn-s dt-btn post-details details-type-btn\" aria-label=\"Read more about Weihnachtsw\u00fcnsche der Direktion\">Mehr erfahren...<i class=\"dt-icon-the7-arrow-03\" aria-hidden=\"true\"><\/i><\/a>\n\n<\/div><\/article><\/div><div class=\"hidden wf-cell\" data-post-id=\"7766\" data-date=\"2021-11-26T11:09:42+01:00\" data-name=\"\u00d6kolog-Projekt der 4BR: GREEN FRIDAY STATT BLACK FRIDAY\"><article class=\"post project-odd visible post-7766 type-post status-publish format-standard has-post-thumbnail hentry category-allgemein category-1\" data-name=\"\u00d6kolog-Projekt der 4BR: GREEN FRIDAY STATT BLACK FRIDAY\" data-date=\"2021-11-26T11:09:42+01:00\">\n\n<div class=\"post-thumbnail-wrap\">\n\t<div class=\"post-thumbnail\">\n\t\t\n\t\t\n\t\t<a href=\"https:\/\/billroth73.at\/index.php\/dt_gallery\/green-friday\/\" class=\"post-thumbnail-rollover layzr-bg layzr-bg\" ><img decoding=\"async\" class=\"iso-lazy-load preload-me iso-lazy-load aspect\" src=\"data:image\/svg+xml,%3Csvg%20xmlns%3D&#39;http%3A%2F%2Fwww.w3.org%2F2000%2Fsvg&#39;%20viewBox%3D&#39;0%200%20768%20512&#39;%2F%3E\" data-src=\"https:\/\/billroth73.at\/wp-content\/uploads\/2021\/11\/IMG_20211125_140056-scaled-768x512.jpg\" data-srcset=\"https:\/\/billroth73.at\/wp-content\/uploads\/2021\/11\/IMG_20211125_140056-scaled-768x512.jpg 768w, https:\/\/billroth73.at\/wp-content\/uploads\/2021\/11\/IMG_20211125_140056-scaled-1152x768.jpg 1152w\" loading=\"eager\" style=\"--ratio: 768 \/ 512\" sizes=\"(max-width: 768px) 100vw, 768px\" alt=\"\"  width=\"768\" height=\"512\"  \/><\/a>\t<\/div>\n<\/div>\n\n\n<div class=\"post-entry-content\">\n\n\t<h3 class=\"entry-title\">\n\t\t<a href=\"https:\/\/billroth73.at\/index.php\/dt_gallery\/green-friday\/\" title=\"\u00d6kolog-Projekt der 4BR: GREEN FRIDAY STATT BLACK FRIDAY\" rel=\"bookmark\">\u00d6kolog-Projekt der 4BR: GREEN FRIDAY STATT BLACK FRIDAY<\/a>\n\t<\/h3>\n\n\t\n\t<div class=\"entry-excerpt\"><\/div>\n\t\n<a href=\"https:\/\/billroth73.at\/index.php\/dt_gallery\/green-friday\/\" class=\"dt-btn-s dt-btn post-details details-type-btn\" aria-label=\"Read more about \u00d6kolog-Projekt der 4BR: GREEN FRIDAY STATT BLACK FRIDAY\">Mehr erfahren...<i class=\"dt-icon-the7-arrow-03\" aria-hidden=\"true\"><\/i><\/a>\n\n<\/div><\/article><\/div><div class=\"hidden wf-cell\" data-post-id=\"7645\" data-date=\"2021-10-01T10:34:12+02:00\" data-name=\"Tag der offenen T\u00fcr\"><article class=\"post project-odd visible post-7645 type-post status-publish format-standard has-post-thumbnail hentry category-allgemein category-1\" data-name=\"Tag der offenen T\u00fcr\" data-date=\"2021-10-01T10:34:12+02:00\">\n\n<div class=\"post-thumbnail-wrap\">\n\t<div class=\"post-thumbnail\">\n\t\t\n\t\t\n\t\t<a href=\"https:\/\/billroth73.at\/index.php\/tdot\/\" class=\"post-thumbnail-rollover layzr-bg layzr-bg\" ><img fetchpriority=\"high\" decoding=\"async\" class=\"iso-lazy-load preload-me iso-lazy-load aspect\" src=\"data:image\/svg+xml,%3Csvg%20xmlns%3D&#39;http%3A%2F%2Fwww.w3.org%2F2000%2Fsvg&#39;%20viewBox%3D&#39;0%200%20400%20266&#39;%2F%3E\" data-src=\"https:\/\/billroth73.at\/wp-content\/uploads\/2018\/09\/Logo-GRG-400-400x266.png\" data-srcset=\"https:\/\/billroth73.at\/wp-content\/uploads\/2018\/09\/Logo-GRG-400-400x266.png 400w\" loading=\"eager\" style=\"--ratio: 400 \/ 266\" sizes=\"(max-width: 400px) 100vw, 400px\" alt=\"\" title=\"Logo GRG-400\" width=\"400\" height=\"266\"  \/><\/a>\t<\/div>\n<\/div>\n\n\n<div class=\"post-entry-content\">\n\n\t<h3 class=\"entry-title\">\n\t\t<a href=\"https:\/\/billroth73.at\/index.php\/tdot\/\" title=\"Tag der offenen T\u00fcr\" rel=\"bookmark\">Tag der offenen T\u00fcr<\/a>\n\t<\/h3>\n\n\t\n\t<div class=\"entry-excerpt\"><\/div>\n\t\n<a href=\"https:\/\/billroth73.at\/index.php\/tdot\/\" class=\"dt-btn-s dt-btn post-details details-type-btn\" aria-label=\"Read more about Tag der offenen T\u00fcr\">Mehr erfahren...<i class=\"dt-icon-the7-arrow-03\" aria-hidden=\"true\"><\/i><\/a>\n\n<\/div><\/article><\/div><div class=\"hidden wf-cell\" data-post-id=\"7634\" data-date=\"2021-09-28T14:01:44+02:00\" data-name=\"Neue Sch\u00fclervertretung wurde gew\u00e4hlt\"><article class=\"post project-odd visible post-7634 type-post status-publish format-standard has-post-thumbnail hentry category-allgemein category-1\" data-name=\"Neue Sch\u00fclervertretung wurde gew\u00e4hlt\" data-date=\"2021-09-28T14:01:44+02:00\">\n\n<div class=\"post-thumbnail-wrap\">\n\t<div class=\"post-thumbnail\">\n\t\t\n\t\t\n\t\t<a href=\"https:\/\/billroth73.at\/index.php\/schuelervertretung\/\" class=\"post-thumbnail-rollover layzr-bg layzr-bg\" ><img fetchpriority=\"high\" decoding=\"async\" class=\"iso-lazy-load preload-me iso-lazy-load aspect\" src=\"data:image\/svg+xml,%3Csvg%20xmlns%3D&#39;http%3A%2F%2Fwww.w3.org%2F2000%2Fsvg&#39;%20viewBox%3D&#39;0%200%20400%20266&#39;%2F%3E\" data-src=\"https:\/\/billroth73.at\/wp-content\/uploads\/2018\/09\/Logo-GRG-400-400x266.png\" data-srcset=\"https:\/\/billroth73.at\/wp-content\/uploads\/2018\/09\/Logo-GRG-400-400x266.png 400w\" loading=\"eager\" style=\"--ratio: 400 \/ 266\" sizes=\"(max-width: 400px) 100vw, 400px\" alt=\"\" title=\"Logo GRG-400\" width=\"400\" height=\"266\"  \/><\/a>\t<\/div>\n<\/div>\n\n\n<div class=\"post-entry-content\">\n\n\t<h3 class=\"entry-title\">\n\t\t<a href=\"https:\/\/billroth73.at\/index.php\/schuelervertretung\/\" title=\"Neue Sch\u00fclervertretung wurde gew\u00e4hlt\" rel=\"bookmark\">Neue Sch\u00fclervertretung wurde gew\u00e4hlt<\/a>\n\t<\/h3>\n\n\t\n\t<div class=\"entry-excerpt\"><\/div>\n\t\n<a href=\"https:\/\/billroth73.at\/index.php\/schuelervertretung\/\" class=\"dt-btn-s dt-btn post-details details-type-btn\" aria-label=\"Read more about Neue Sch\u00fclervertretung wurde gew\u00e4hlt\">Mehr erfahren...<i class=\"dt-icon-the7-arrow-03\" aria-hidden=\"true\"><\/i><\/a>\n\n<\/div><\/article><\/div><div class=\"hidden wf-cell\" data-post-id=\"7520\" data-date=\"2021-07-02T08:17:27+02:00\" data-name=\"Brief der Direktion zum Schuljahresabschluss\"><article class=\"post project-odd visible post-7520 type-post status-publish format-standard has-post-thumbnail hentry category-allgemein category-1\" data-name=\"Brief der Direktion zum Schuljahresabschluss\" data-date=\"2021-07-02T08:17:27+02:00\">\n\n<div class=\"post-thumbnail-wrap\">\n\t<div class=\"post-thumbnail\">\n\t\t\n\t\t\n\t\t<a href=\"https:\/\/billroth73.at\/wp-content\/uploads\/2021\/07\/Eltern-SchuelerInnenbrief-01.07.2021.pdf\" class=\"post-thumbnail-rollover layzr-bg layzr-bg\" ><img fetchpriority=\"high\" decoding=\"async\" class=\"iso-lazy-load preload-me iso-lazy-load aspect\" src=\"data:image\/svg+xml,%3Csvg%20xmlns%3D&#39;http%3A%2F%2Fwww.w3.org%2F2000%2Fsvg&#39;%20viewBox%3D&#39;0%200%20400%20266&#39;%2F%3E\" data-src=\"https:\/\/billroth73.at\/wp-content\/uploads\/2018\/09\/Logo-GRG-400-400x266.png\" data-srcset=\"https:\/\/billroth73.at\/wp-content\/uploads\/2018\/09\/Logo-GRG-400-400x266.png 400w\" loading=\"eager\" style=\"--ratio: 400 \/ 266\" sizes=\"(max-width: 400px) 100vw, 400px\" alt=\"\" title=\"Logo GRG-400\" width=\"400\" height=\"266\"  \/><\/a>\t<\/div>\n<\/div>\n\n\n<div class=\"post-entry-content\">\n\n\t<h3 class=\"entry-title\">\n\t\t<a href=\"https:\/\/billroth73.at\/wp-content\/uploads\/2021\/07\/Eltern-SchuelerInnenbrief-01.07.2021.pdf\" title=\"Brief der Direktion zum Schuljahresabschluss\" rel=\"bookmark\">Brief der Direktion zum Schuljahresabschluss<\/a>\n\t<\/h3>\n\n\t\n\t<div class=\"entry-excerpt\"><\/div>\n\t\n<a href=\"https:\/\/billroth73.at\/wp-content\/uploads\/2021\/07\/Eltern-SchuelerInnenbrief-01.07.2021.pdf\" class=\"dt-btn-s dt-btn post-details details-type-btn\" aria-label=\"Read more about Brief der Direktion zum Schuljahresabschluss\">Mehr erfahren...<i class=\"dt-icon-the7-arrow-03\" aria-hidden=\"true\"><\/i><\/a>\n\n<\/div><\/article><\/div><div class=\"hidden wf-cell\" data-post-id=\"7489\" data-date=\"2021-06-11T16:10:47+02:00\" data-name=\"Staatsmeister und Vizestaatsmeister im Debattieren!!!\"><article class=\"post project-odd visible post-7489 type-post status-publish format-standard has-post-thumbnail hentry category-allgemein category-1\" data-name=\"Staatsmeister und Vizestaatsmeister im Debattieren!!!\" data-date=\"2021-06-11T16:10:47+02:00\">\n\n<div class=\"post-thumbnail-wrap\">\n\t<div class=\"post-thumbnail\">\n\t\t\n\t\t\n\t\t<a href=\"https:\/\/billroth73.at\/index.php\/2021\/06\/11\/staatsmeister-und-vizestaatsmeister-im-debattieren\/\" class=\"post-thumbnail-rollover layzr-bg layzr-bg\" ><img decoding=\"async\" class=\"iso-lazy-load preload-me iso-lazy-load aspect\" src=\"data:image\/svg+xml,%3Csvg%20xmlns%3D&#39;http%3A%2F%2Fwww.w3.org%2F2000%2Fsvg&#39;%20viewBox%3D&#39;0%200%20768%20512&#39;%2F%3E\" data-src=\"https:\/\/billroth73.at\/wp-content\/uploads\/2020\/10\/angry-1294679_1280-768x512.png\" data-srcset=\"https:\/\/billroth73.at\/wp-content\/uploads\/2020\/10\/angry-1294679_1280-768x512.png 768w, https:\/\/billroth73.at\/wp-content\/uploads\/2020\/10\/angry-1294679_1280-1152x768.png 1152w\" loading=\"eager\" style=\"--ratio: 768 \/ 512\" sizes=\"(max-width: 768px) 100vw, 768px\" alt=\"\" title=\"angry-1294679_1280\" width=\"768\" height=\"512\"  \/><\/a>\t<\/div>\n<\/div>\n\n\n<div class=\"post-entry-content\">\n\n\t<h3 class=\"entry-title\">\n\t\t<a href=\"https:\/\/billroth73.at\/index.php\/2021\/06\/11\/staatsmeister-und-vizestaatsmeister-im-debattieren\/\" title=\"Staatsmeister und Vizestaatsmeister im Debattieren!!!\" rel=\"bookmark\">Staatsmeister und Vizestaatsmeister im Debattieren!!!<\/a>\n\t<\/h3>\n\n\t\n\t<div class=\"entry-excerpt\"><p>[vc_row][vc_column width=&#8220;1\/2&#8243;][vc_column_text] Gro\u00dfe Ehre f\u00fcr das GRG 19 Billrothstra\u00dfe 73 &#8211; zwei Auszeichnungen bei den Staatsmeisterschaften im Debattieren Am 28. Mai 2021 fand das Finale der Staatsmeisterschaften im Debattieren statt.&hellip;<\/p>\n<\/div>\n\t\n<a href=\"https:\/\/billroth73.at\/index.php\/2021\/06\/11\/staatsmeister-und-vizestaatsmeister-im-debattieren\/\" class=\"dt-btn-s dt-btn post-details details-type-btn\" aria-label=\"Read more about Staatsmeister und Vizestaatsmeister im Debattieren!!!\">Mehr erfahren...<i class=\"dt-icon-the7-arrow-03\" aria-hidden=\"true\"><\/i><\/a>\n\n<\/div><\/article><\/div><div class=\"hidden wf-cell\" data-post-id=\"7360\" data-date=\"2020-12-21T14:23:10+01:00\" data-name=\"Adventfeier 2020\"><article class=\"post project-odd visible post-7360 type-post status-publish format-standard has-post-thumbnail hentry category-allgemein category-1\" data-name=\"Adventfeier 2020\" data-date=\"2020-12-21T14:23:10+01:00\">\n\n<div class=\"post-thumbnail-wrap\">\n\t<div class=\"post-thumbnail\">\n\t\t\n\t\t\n\t\t<a href=\"https:\/\/billroth73.at\/index.php\/2020\/12\/21\/adventfeier-2020\/\" class=\"post-thumbnail-rollover layzr-bg layzr-bg\" ><img decoding=\"async\" class=\"iso-lazy-load preload-me iso-lazy-load aspect\" src=\"data:image\/svg+xml,%3Csvg%20xmlns%3D&#39;http%3A%2F%2Fwww.w3.org%2F2000%2Fsvg&#39;%20viewBox%3D&#39;0%200%20510%20340&#39;%2F%3E\" data-src=\"https:\/\/billroth73.at\/wp-content\/uploads\/2019\/01\/adventfeier-510x340.jpg\" data-srcset=\"https:\/\/billroth73.at\/wp-content\/uploads\/2019\/01\/adventfeier-510x340.jpg 510w\" loading=\"eager\" style=\"--ratio: 510 \/ 340\" sizes=\"(max-width: 510px) 100vw, 510px\" alt=\"\" title=\"adventfeier\" width=\"510\" height=\"340\"  \/><\/a>\t<\/div>\n<\/div>\n\n\n<div class=\"post-entry-content\">\n\n\t<h3 class=\"entry-title\">\n\t\t<a href=\"https:\/\/billroth73.at\/index.php\/2020\/12\/21\/adventfeier-2020\/\" title=\"Adventfeier 2020\" rel=\"bookmark\">Adventfeier 2020<\/a>\n\t<\/h3>\n\n\t\n\t<div class=\"entry-excerpt\"><p>[vc_row][vc_column width=&#8220;2\/3&#8243;][vc_column_text]Liebe Schulgemeinschaft des GRG 19! Aus bekannten Gr\u00fcnden k\u00f6nnen wir heuer keine Weihnachtsfreude f\u00fcr euch auf die B\u00fchne zaubern. Die Adventfeiern finden im kleinen Kreis in den jeweiligen Klassen&hellip;<\/p>\n<\/div>\n\t\n<a href=\"https:\/\/billroth73.at\/index.php\/2020\/12\/21\/adventfeier-2020\/\" class=\"dt-btn-s dt-btn post-details details-type-btn\" aria-label=\"Read more about Adventfeier 2020\">Mehr erfahren...<i class=\"dt-icon-the7-arrow-03\" aria-hidden=\"true\"><\/i><\/a>\n\n<\/div><\/article><\/div><div class=\"hidden wf-cell\" data-post-id=\"7358\" data-date=\"2020-12-21T12:21:07+01:00\" data-name=\"Weihnachtsgr\u00fc\u00dfe von der B\u00fchnenspielgruppe\"><article class=\"post project-odd visible post-7358 type-post status-publish format-standard has-post-thumbnail hentry category-allgemein category-1\" data-name=\"Weihnachtsgr\u00fc\u00dfe von der B\u00fchnenspielgruppe\" data-date=\"2020-12-21T12:21:07+01:00\">\n\n<div class=\"post-thumbnail-wrap\">\n\t<div class=\"post-thumbnail\">\n\t\t\n\t\t\n\t\t<a href=\"https:\/\/www.youtube.com\/watch?v=rZhy0nQ6nGA&#038;list=PLs-kdjRZ2jbUQoVHyAmF_h3qXJQVgqqI8\" class=\"post-thumbnail-rollover layzr-bg layzr-bg\" ><img decoding=\"async\" class=\"iso-lazy-load preload-me iso-lazy-load aspect\" src=\"data:image\/svg+xml,%3Csvg%20xmlns%3D&#39;http%3A%2F%2Fwww.w3.org%2F2000%2Fsvg&#39;%20viewBox%3D&#39;0%200%20768%20512&#39;%2F%3E\" data-src=\"https:\/\/billroth73.at\/wp-content\/uploads\/2020\/12\/youtube-icon-768x512.png\" data-srcset=\"https:\/\/billroth73.at\/wp-content\/uploads\/2020\/12\/youtube-icon-768x512.png 768w, https:\/\/billroth73.at\/wp-content\/uploads\/2020\/12\/youtube-icon-1152x768.png 1152w\" loading=\"eager\" style=\"--ratio: 768 \/ 512\" sizes=\"(max-width: 768px) 100vw, 768px\" alt=\"\" title=\"youtube-icon\" width=\"768\" height=\"512\"  \/><\/a>\t<\/div>\n<\/div>\n\n\n<div class=\"post-entry-content\">\n\n\t<h3 class=\"entry-title\">\n\t\t<a href=\"https:\/\/www.youtube.com\/watch?v=rZhy0nQ6nGA&#038;list=PLs-kdjRZ2jbUQoVHyAmF_h3qXJQVgqqI8\" title=\"Weihnachtsgr\u00fc\u00dfe von der B\u00fchnenspielgruppe\" rel=\"bookmark\">Weihnachtsgr\u00fc\u00dfe von der B\u00fchnenspielgruppe<\/a>\n\t<\/h3>\n\n\t\n\t<div class=\"entry-excerpt\"><\/div>\n\t\n<a href=\"https:\/\/www.youtube.com\/watch?v=rZhy0nQ6nGA&#038;list=PLs-kdjRZ2jbUQoVHyAmF_h3qXJQVgqqI8\" class=\"dt-btn-s dt-btn post-details details-type-btn\" aria-label=\"Read more about Weihnachtsgr\u00fc\u00dfe von der B\u00fchnenspielgruppe\">Mehr erfahren...<i class=\"dt-icon-the7-arrow-03\" aria-hidden=\"true\"><\/i><\/a>\n\n<\/div><\/article><\/div><div class=\"hidden wf-cell\" data-post-id=\"7352\" data-date=\"2020-12-15T11:17:45+01:00\" data-name=\"Videoausschnitt aus der Modell UNO 2019\"><article class=\"post project-odd visible post-7352 type-post status-publish format-standard has-post-thumbnail hentry category-allgemein category-1\" data-name=\"Videoausschnitt aus der Modell UNO 2019\" data-date=\"2020-12-15T11:17:45+01:00\">\n\n<div class=\"post-thumbnail-wrap\">\n\t<div class=\"post-thumbnail\">\n\t\t\n\t\t\n\t\t<a href=\"https:\/\/youtu.be\/O-Vkgmb212Q\" class=\"post-thumbnail-rollover layzr-bg layzr-bg\" ><img decoding=\"async\" class=\"iso-lazy-load preload-me iso-lazy-load aspect\" src=\"data:image\/svg+xml,%3Csvg%20xmlns%3D&#39;http%3A%2F%2Fwww.w3.org%2F2000%2Fsvg&#39;%20viewBox%3D&#39;0%200%20768%20512&#39;%2F%3E\" data-src=\"https:\/\/billroth73.at\/wp-content\/uploads\/2020\/12\/youtube-icon-768x512.png\" data-srcset=\"https:\/\/billroth73.at\/wp-content\/uploads\/2020\/12\/youtube-icon-768x512.png 768w, https:\/\/billroth73.at\/wp-content\/uploads\/2020\/12\/youtube-icon-1152x768.png 1152w\" loading=\"eager\" style=\"--ratio: 768 \/ 512\" sizes=\"(max-width: 768px) 100vw, 768px\" alt=\"\" title=\"youtube-icon\" width=\"768\" height=\"512\"  \/><\/a>\t<\/div>\n<\/div>\n\n\n<div class=\"post-entry-content\">\n\n\t<h3 class=\"entry-title\">\n\t\t<a href=\"https:\/\/youtu.be\/O-Vkgmb212Q\" title=\"Videoausschnitt aus der Modell UNO 2019\" rel=\"bookmark\">Videoausschnitt aus der Modell UNO 2019<\/a>\n\t<\/h3>\n\n\t\n\t<div class=\"entry-excerpt\"><\/div>\n\t\n<a href=\"https:\/\/youtu.be\/O-Vkgmb212Q\" class=\"dt-btn-s dt-btn post-details details-type-btn\" aria-label=\"Read more about Videoausschnitt aus der Modell UNO 2019\">Mehr erfahren...<i class=\"dt-icon-the7-arrow-03\" aria-hidden=\"true\"><\/i><\/a>\n\n<\/div><\/article><\/div><div class=\"hidden wf-cell\" data-post-id=\"7102\" data-date=\"2020-11-05T15:01:19+01:00\" data-name=\"Zum virtuellen Tag der offenen T\u00fcr\"><article class=\"post project-odd visible post-7102 type-post status-publish format-standard has-post-thumbnail hentry category-allgemein category-1\" data-name=\"Zum virtuellen Tag der offenen T\u00fcr\" data-date=\"2020-11-05T15:01:19+01:00\">\n\n<div class=\"post-thumbnail-wrap\">\n\t<div class=\"post-thumbnail\">\n\t\t\n\t\t\n\t\t<a href=\"https:\/\/billroth73.at\/index.php\/tdot\/\" class=\"post-thumbnail-rollover layzr-bg layzr-bg\" ><img decoding=\"async\" class=\"iso-lazy-load preload-me iso-lazy-load aspect\" src=\"data:image\/svg+xml,%3Csvg%20xmlns%3D&#39;http%3A%2F%2Fwww.w3.org%2F2000%2Fsvg&#39;%20viewBox%3D&#39;0%200%20768%20512&#39;%2F%3E\" data-src=\"https:\/\/billroth73.at\/wp-content\/uploads\/2020\/10\/IMG_2639-1-scaled-768x512.jpeg\" data-srcset=\"https:\/\/billroth73.at\/wp-content\/uploads\/2020\/10\/IMG_2639-1-scaled-768x512.jpeg 768w, https:\/\/billroth73.at\/wp-content\/uploads\/2020\/10\/IMG_2639-1-scaled-1152x768.jpeg 1152w\" loading=\"eager\" style=\"--ratio: 768 \/ 512\" sizes=\"(max-width: 768px) 100vw, 768px\" alt=\"\" title=\"IMG_2639\" width=\"768\" height=\"512\"  \/><\/a>\t<\/div>\n<\/div>\n\n\n<div class=\"post-entry-content\">\n\n\t<h3 class=\"entry-title\">\n\t\t<a href=\"https:\/\/billroth73.at\/index.php\/tdot\/\" title=\"Zum virtuellen Tag der offenen T\u00fcr\" rel=\"bookmark\">Zum virtuellen Tag der offenen T\u00fcr<\/a>\n\t<\/h3>\n\n\t\n\t<div class=\"entry-excerpt\"><\/div>\n\t\n<a href=\"https:\/\/billroth73.at\/index.php\/tdot\/\" class=\"dt-btn-s dt-btn post-details details-type-btn\" aria-label=\"Read more about Zum virtuellen Tag der offenen T\u00fcr\">Mehr erfahren...<i class=\"dt-icon-the7-arrow-03\" aria-hidden=\"true\"><\/i><\/a>\n\n<\/div><\/article><\/div><div class=\"hidden wf-cell\" data-post-id=\"7269\" data-date=\"2020-11-04T13:29:55+01:00\" data-name=\"Gratulation an Max Janka zu seiner ausgezeichneten und pr\u00e4mierten VWA\"><article class=\"post project-odd visible post-7269 type-post status-publish format-standard has-post-thumbnail hentry category-allgemein category-1\" data-name=\"Gratulation an Max Janka zu seiner ausgezeichneten und pr\u00e4mierten VWA\" data-date=\"2020-11-04T13:29:55+01:00\">\n\n<div class=\"post-thumbnail-wrap\">\n\t<div class=\"post-thumbnail\">\n\t\t\n\t\t\n\t\t<a href=\"https:\/\/billroth73.at\/index.php\/2020\/11\/04\/gratulation-an-max-janka-zu-seiner-ausgezeichneten-und-praemierten-vwa\/\" class=\"post-thumbnail-rollover layzr-bg layzr-bg\" ><img decoding=\"async\" class=\"iso-lazy-load preload-me iso-lazy-load aspect\" src=\"data:image\/svg+xml,%3Csvg%20xmlns%3D&#39;http%3A%2F%2Fwww.w3.org%2F2000%2Fsvg&#39;%20viewBox%3D&#39;0%200%20768%20512&#39;%2F%3E\" data-src=\"https:\/\/billroth73.at\/wp-content\/uploads\/2020\/11\/Preisfoto-Max-Janka-scaled-768x512.jpg\" data-srcset=\"https:\/\/billroth73.at\/wp-content\/uploads\/2020\/11\/Preisfoto-Max-Janka-scaled-768x512.jpg 768w, https:\/\/billroth73.at\/wp-content\/uploads\/2020\/11\/Preisfoto-Max-Janka-scaled-1152x768.jpg 1152w\" loading=\"eager\" style=\"--ratio: 768 \/ 512\" sizes=\"(max-width: 768px) 100vw, 768px\" alt=\"\" title=\"Preisfoto &#8211; Max Janka\" width=\"768\" height=\"512\"  \/><\/a>\t<\/div>\n<\/div>\n\n\n<div class=\"post-entry-content\">\n\n\t<h3 class=\"entry-title\">\n\t\t<a href=\"https:\/\/billroth73.at\/index.php\/2020\/11\/04\/gratulation-an-max-janka-zu-seiner-ausgezeichneten-und-praemierten-vwa\/\" title=\"Gratulation an Max Janka zu seiner ausgezeichneten und pr\u00e4mierten VWA\" rel=\"bookmark\">Gratulation an Max Janka zu seiner ausgezeichneten und pr\u00e4mierten VWA<\/a>\n\t<\/h3>\n\n\t\n\t<div class=\"entry-excerpt\"><p>[vc_row][vc_column width=&#8220;2\/3&#8243;][vc_column_text]Max Jankas VWA \u201ePressezensur in \u00d6sterreich \u2013 Ein Vergleich zwischen den Jahren 1848 und 2018&#8243; wurde im Rahmen des VWA-Wettbewerbs Politische Bildung von der KPH Wien\/Krems ausgezeichnet und pr\u00e4miert.&hellip;<\/p>\n<\/div>\n\t\n<a href=\"https:\/\/billroth73.at\/index.php\/2020\/11\/04\/gratulation-an-max-janka-zu-seiner-ausgezeichneten-und-praemierten-vwa\/\" class=\"dt-btn-s dt-btn post-details details-type-btn\" aria-label=\"Read more about Gratulation an Max Janka zu seiner ausgezeichneten und pr\u00e4mierten VWA\">Mehr erfahren...<i class=\"dt-icon-the7-arrow-03\" aria-hidden=\"true\"><\/i><\/a>\n\n<\/div><\/article><\/div><div class=\"hidden wf-cell\" data-post-id=\"6950\" data-date=\"2020-10-02T16:03:46+02:00\" data-name=\"Vize-Staatsmeister im Debattieren!!!\"><article class=\"post project-odd visible post-6950 type-post status-publish format-standard has-post-thumbnail hentry category-allgemein category-1\" data-name=\"Vize-Staatsmeister im Debattieren!!!\" data-date=\"2020-10-02T16:03:46+02:00\">\n\n<div class=\"post-thumbnail-wrap\">\n\t<div class=\"post-thumbnail\">\n\t\t\n\t\t\n\t\t<a href=\"https:\/\/billroth73.at\/index.php\/2020\/10\/02\/vize-staatsmeister-im-debattieren\/\" class=\"post-thumbnail-rollover layzr-bg layzr-bg\" ><img decoding=\"async\" class=\"iso-lazy-load preload-me iso-lazy-load aspect\" src=\"data:image\/svg+xml,%3Csvg%20xmlns%3D&#39;http%3A%2F%2Fwww.w3.org%2F2000%2Fsvg&#39;%20viewBox%3D&#39;0%200%20768%20512&#39;%2F%3E\" data-src=\"https:\/\/billroth73.at\/wp-content\/uploads\/2020\/10\/angry-1294679_1280-768x512.png\" data-srcset=\"https:\/\/billroth73.at\/wp-content\/uploads\/2020\/10\/angry-1294679_1280-768x512.png 768w, https:\/\/billroth73.at\/wp-content\/uploads\/2020\/10\/angry-1294679_1280-1152x768.png 1152w\" loading=\"eager\" style=\"--ratio: 768 \/ 512\" sizes=\"(max-width: 768px) 100vw, 768px\" alt=\"\" title=\"angry-1294679_1280\" width=\"768\" height=\"512\"  \/><\/a>\t<\/div>\n<\/div>\n\n\n<div class=\"post-entry-content\">\n\n\t<h3 class=\"entry-title\">\n\t\t<a href=\"https:\/\/billroth73.at\/index.php\/2020\/10\/02\/vize-staatsmeister-im-debattieren\/\" title=\"Vize-Staatsmeister im Debattieren!!!\" rel=\"bookmark\">Vize-Staatsmeister im Debattieren!!!<\/a>\n\t<\/h3>\n\n\t\n\t<div class=\"entry-excerpt\"><p>[vc_row][vc_column][vc_column_text]Unsere Schule hat den zweiten Platz bei den Staatsmeisterschaften im Debattieren erstritten! Was ihre Lehrer \u00fcber sie bereits wussten, konnten Franz Perko, Jakob Unterhuber, Julia Th\u00fcring und Valentin Heidenhofer (allesamt&hellip;<\/p>\n<\/div>\n\t\n<a href=\"https:\/\/billroth73.at\/index.php\/2020\/10\/02\/vize-staatsmeister-im-debattieren\/\" class=\"dt-btn-s dt-btn post-details details-type-btn\" aria-label=\"Read more about Vize-Staatsmeister im Debattieren!!!\">Mehr erfahren...<i class=\"dt-icon-the7-arrow-03\" aria-hidden=\"true\"><\/i><\/a>\n\n<\/div><\/article><\/div><div class=\"hidden wf-cell\" data-post-id=\"6865\" data-date=\"2020-08-31T11:48:30+02:00\" data-name=\"Prof. Ingrid Hofbauer beendet ihre T\u00e4tigkeit\"><article class=\"post project-odd visible post-6865 type-post status-publish format-standard has-post-thumbnail hentry category-allgemein category-1\" data-name=\"Prof. Ingrid Hofbauer beendet ihre T\u00e4tigkeit\" data-date=\"2020-08-31T11:48:30+02:00\">\n\n<div class=\"post-thumbnail-wrap\">\n\t<div class=\"post-thumbnail\">\n\t\t\n\t\t\n\t\t<a href=\"https:\/\/billroth73.at\/index.php\/2020\/08\/31\/prof-ingrid-hofbauer-beendet-ihre-taetigkeit\/\" class=\"post-thumbnail-rollover layzr-bg layzr-bg\" ><img decoding=\"async\" class=\"iso-lazy-load preload-me iso-lazy-load aspect\" src=\"data:image\/svg+xml,%3Csvg%20xmlns%3D&#39;http%3A%2F%2Fwww.w3.org%2F2000%2Fsvg&#39;%20viewBox%3D&#39;0%200%20768%20512&#39;%2F%3E\" data-src=\"https:\/\/billroth73.at\/wp-content\/uploads\/2020\/09\/DSC_0052-scaled-768x512.jpg\" data-srcset=\"https:\/\/billroth73.at\/wp-content\/uploads\/2020\/09\/DSC_0052-scaled-768x512.jpg 768w, https:\/\/billroth73.at\/wp-content\/uploads\/2020\/09\/DSC_0052-scaled-1152x768.jpg 1152w\" loading=\"eager\" style=\"--ratio: 768 \/ 512\" sizes=\"(max-width: 768px) 100vw, 768px\" alt=\"\" title=\"DSC_0052\" width=\"768\" height=\"512\"  \/><\/a>\t<\/div>\n<\/div>\n\n\n<div class=\"post-entry-content\">\n\n\t<h3 class=\"entry-title\">\n\t\t<a href=\"https:\/\/billroth73.at\/index.php\/2020\/08\/31\/prof-ingrid-hofbauer-beendet-ihre-taetigkeit\/\" title=\"Prof. Ingrid Hofbauer beendet ihre T\u00e4tigkeit\" rel=\"bookmark\">Prof. Ingrid Hofbauer beendet ihre T\u00e4tigkeit<\/a>\n\t<\/h3>\n\n\t\n\t<div class=\"entry-excerpt\"><p>[vc_row][vc_column width=&#8220;2\/3&#8243;][vc_custom_heading text=&#8220;Ich \u00fcber mich &#8211; so der Wunsch des Homepage-Redakteurs. Le voil\u00e0, mon texte des adieux. Im September 1985, bald nach Schulbeginn, wurde ich ans GRG 19 gerufen, um&hellip;<\/p>\n<\/div>\n\t\n<a href=\"https:\/\/billroth73.at\/index.php\/2020\/08\/31\/prof-ingrid-hofbauer-beendet-ihre-taetigkeit\/\" class=\"dt-btn-s dt-btn post-details details-type-btn\" aria-label=\"Read more about Prof. Ingrid Hofbauer beendet ihre T\u00e4tigkeit\">Mehr erfahren...<i class=\"dt-icon-the7-arrow-03\" aria-hidden=\"true\"><\/i><\/a>\n\n<\/div><\/article><\/div><div class=\"hidden wf-cell\" data-post-id=\"6808\" data-date=\"2020-07-06T10:54:55+02:00\" data-name=\"Prof. Thomas Knob beendet seine T\u00e4tigkeit\"><article class=\"post project-odd visible post-6808 type-post status-publish format-standard has-post-thumbnail hentry category-allgemein category-1\" data-name=\"Prof. Thomas Knob beendet seine T\u00e4tigkeit\" data-date=\"2020-07-06T10:54:55+02:00\">\n\n<div class=\"post-thumbnail-wrap\">\n\t<div class=\"post-thumbnail\">\n\t\t\n\t\t\n\t\t<a href=\"https:\/\/billroth73.at\/index.php\/2020\/07\/06\/prof-thomas-knob-beendet-seine-taetigkeit\/\" class=\"post-thumbnail-rollover layzr-bg layzr-bg\" ><img decoding=\"async\" class=\"iso-lazy-load preload-me iso-lazy-load aspect\" src=\"data:image\/svg+xml,%3Csvg%20xmlns%3D&#39;http%3A%2F%2Fwww.w3.org%2F2000%2Fsvg&#39;%20viewBox%3D&#39;0%200%20768%20512&#39;%2F%3E\" data-src=\"https:\/\/billroth73.at\/wp-content\/uploads\/2020\/07\/ThoKno-scaled-768x512.jpg\" data-srcset=\"https:\/\/billroth73.at\/wp-content\/uploads\/2020\/07\/ThoKno-scaled-768x512.jpg 768w, https:\/\/billroth73.at\/wp-content\/uploads\/2020\/07\/ThoKno-scaled-1152x768.jpg 1152w\" loading=\"eager\" style=\"--ratio: 768 \/ 512\" sizes=\"(max-width: 768px) 100vw, 768px\" alt=\"\" title=\"ThoKno\" width=\"768\" height=\"512\"  \/><\/a>\t<\/div>\n<\/div>\n\n\n<div class=\"post-entry-content\">\n\n\t<h3 class=\"entry-title\">\n\t\t<a href=\"https:\/\/billroth73.at\/index.php\/2020\/07\/06\/prof-thomas-knob-beendet-seine-taetigkeit\/\" title=\"Prof. Thomas Knob beendet seine T\u00e4tigkeit\" rel=\"bookmark\">Prof. Thomas Knob beendet seine T\u00e4tigkeit<\/a>\n\t<\/h3>\n\n\t\n\t<div class=\"entry-excerpt\"><p>[vc_row][vc_column width=&#8220;2\/3&#8243;][vc_custom_heading text=&#8220;Mit Ende des Schuljahres 2019\/20 beendet Prof. Thomas Knob, der zurzeit dienst\u00e4lteste Lehrer unserer Anstalt, seine Lehrt\u00e4tigkeit. Als stellvertretender Direktor wird er noch bis zum Schulanfang amtieren, der&hellip;<\/p>\n<\/div>\n\t\n<a href=\"https:\/\/billroth73.at\/index.php\/2020\/07\/06\/prof-thomas-knob-beendet-seine-taetigkeit\/\" class=\"dt-btn-s dt-btn post-details details-type-btn\" aria-label=\"Read more about Prof. Thomas Knob beendet seine T\u00e4tigkeit\">Mehr erfahren...<i class=\"dt-icon-the7-arrow-03\" aria-hidden=\"true\"><\/i><\/a>\n\n<\/div><\/article><\/div><div class=\"hidden wf-cell\" data-post-id=\"6558\" data-date=\"2019-12-20T11:12:09+01:00\" data-name=\"Prager Schule in Wien\"><article class=\"post project-odd visible post-6558 type-post status-publish format-standard has-post-thumbnail hentry category-allgemein category-1\" data-name=\"Prager Schule in Wien\" data-date=\"2019-12-20T11:12:09+01:00\">\n\n<div class=\"post-thumbnail-wrap\">\n\t<div class=\"post-thumbnail\">\n\t\t\n\t\t\n\t\t<a href=\"https:\/\/billroth73.at\/index.php\/2019\/12\/20\/prager-schule-in-wien\/\" class=\"post-thumbnail-rollover layzr-bg layzr-bg\" ><img fetchpriority=\"high\" decoding=\"async\" class=\"iso-lazy-load preload-me iso-lazy-load aspect\" src=\"data:image\/svg+xml,%3Csvg%20xmlns%3D&#39;http%3A%2F%2Fwww.w3.org%2F2000%2Fsvg&#39;%20viewBox%3D&#39;0%200%20400%20266&#39;%2F%3E\" data-src=\"https:\/\/billroth73.at\/wp-content\/uploads\/2018\/09\/Logo-GRG-400-400x266.png\" data-srcset=\"https:\/\/billroth73.at\/wp-content\/uploads\/2018\/09\/Logo-GRG-400-400x266.png 400w\" loading=\"eager\" style=\"--ratio: 400 \/ 266\" sizes=\"(max-width: 400px) 100vw, 400px\" alt=\"\" title=\"Logo GRG-400\" width=\"400\" height=\"266\"  \/><\/a>\t<\/div>\n<\/div>\n\n\n<div class=\"post-entry-content\">\n\n\t<h3 class=\"entry-title\">\n\t\t<a href=\"https:\/\/billroth73.at\/index.php\/2019\/12\/20\/prager-schule-in-wien\/\" title=\"Prager Schule in Wien\" rel=\"bookmark\">Prager Schule in Wien<\/a>\n\t<\/h3>\n\n\t\n\t<div class=\"entry-excerpt\"><p>[vc_row][vc_column][vc_column_text]Am 16. Dezember 2019 empfing die 6A-Klasse im Rahmen eines von Prof. Sarah Meier und Prof. Christian Dohlhofer organisierten Sch\u00fclerInnenaustauchprojektes 24 AltersgenossInnen des P\u0159\u00edrodn\u00ed Gymn\u00e1ziums, Letohradsk\u00e1 370, in Prag. Nach&hellip;<\/p>\n<\/div>\n\t\n<a href=\"https:\/\/billroth73.at\/index.php\/2019\/12\/20\/prager-schule-in-wien\/\" class=\"dt-btn-s dt-btn post-details details-type-btn\" aria-label=\"Read more about Prager Schule in Wien\">Mehr erfahren...<i class=\"dt-icon-the7-arrow-03\" aria-hidden=\"true\"><\/i><\/a>\n\n<\/div><\/article><\/div><div class=\"hidden wf-cell\" data-post-id=\"6549\" data-date=\"2019-12-20T11:03:11+01:00\" data-name=\"Fulminantes V\u00f6lkerballturnier der ersten und zweiten Klassen\"><article class=\"post project-odd visible post-6549 type-post status-publish format-standard has-post-thumbnail hentry category-allgemein category-1\" data-name=\"Fulminantes V\u00f6lkerballturnier der ersten und zweiten Klassen\" data-date=\"2019-12-20T11:03:11+01:00\">\n\n<div class=\"post-thumbnail-wrap\">\n\t<div class=\"post-thumbnail\">\n\t\t\n\t\t\n\t\t<a href=\"https:\/\/billroth73.at\/index.php\/2019\/12\/20\/fulminantes-voelkerballturnier-der-ersten-und-zweiten-klassen\/\" class=\"post-thumbnail-rollover layzr-bg layzr-bg\" ><img decoding=\"async\" class=\"iso-lazy-load preload-me iso-lazy-load aspect\" src=\"data:image\/svg+xml,%3Csvg%20xmlns%3D&#39;http%3A%2F%2Fwww.w3.org%2F2000%2Fsvg&#39;%20viewBox%3D&#39;0%200%20340%20226&#39;%2F%3E\" data-src=\"https:\/\/billroth73.at\/wp-content\/uploads\/2019\/01\/pokal-340x226.jpg\" data-srcset=\"https:\/\/billroth73.at\/wp-content\/uploads\/2019\/01\/pokal-340x226.jpg 340w\" loading=\"eager\" style=\"--ratio: 340 \/ 226\" sizes=\"(max-width: 340px) 100vw, 340px\" alt=\"\" title=\"Pokal\" width=\"340\" height=\"226\"  \/><\/a>\t<\/div>\n<\/div>\n\n\n<div class=\"post-entry-content\">\n\n\t<h3 class=\"entry-title\">\n\t\t<a href=\"https:\/\/billroth73.at\/index.php\/2019\/12\/20\/fulminantes-voelkerballturnier-der-ersten-und-zweiten-klassen\/\" title=\"Fulminantes V\u00f6lkerballturnier der ersten und zweiten Klassen\" rel=\"bookmark\">Fulminantes V\u00f6lkerballturnier der ersten und zweiten Klassen<\/a>\n\t<\/h3>\n\n\t\n\t<div class=\"entry-excerpt\"><p>[vc_row][vc_column][vc_column_text]Zwei ausgesprochen spannende V\u00f6lkerballturniere fanden heute, am 19. Dezember, an unserer Schule statt. Die Ergebnisse lauten wie folgt: 1. Klassen: 1. Platz &#8211; 1B 2. Platz &#8211; 1A 3. Platz&hellip;<\/p>\n<\/div>\n\t\n<a href=\"https:\/\/billroth73.at\/index.php\/2019\/12\/20\/fulminantes-voelkerballturnier-der-ersten-und-zweiten-klassen\/\" class=\"dt-btn-s dt-btn post-details details-type-btn\" aria-label=\"Read more about Fulminantes V\u00f6lkerballturnier der ersten und zweiten Klassen\">Mehr erfahren...<i class=\"dt-icon-the7-arrow-03\" aria-hidden=\"true\"><\/i><\/a>\n\n<\/div><\/article><\/div><div class=\"hidden wf-cell\" data-post-id=\"6527\" data-date=\"2019-12-17T14:19:14+01:00\" data-name=\"2B-Exkursion in die Medienwerkstatt\"><article class=\"post project-odd visible post-6527 type-post status-publish format-standard has-post-thumbnail hentry category-allgemein category-1\" data-name=\"2B-Exkursion in die Medienwerkstatt\" data-date=\"2019-12-17T14:19:14+01:00\">\n\n<div class=\"post-thumbnail-wrap\">\n\t<div class=\"post-thumbnail\">\n\t\t\n\t\t\n\t\t<a href=\"https:\/\/billroth73.at\/index.php\/2019\/12\/17\/2b-exkursion-in-die-medienwerkstatt\/\" class=\"post-thumbnail-rollover layzr-bg layzr-bg\" ><img decoding=\"async\" class=\"iso-lazy-load preload-me iso-lazy-load aspect\" src=\"data:image\/svg+xml,%3Csvg%20xmlns%3D&#39;http%3A%2F%2Fwww.w3.org%2F2000%2Fsvg&#39;%20viewBox%3D&#39;0%200%20768%20512&#39;%2F%3E\" data-src=\"https:\/\/billroth73.at\/wp-content\/uploads\/2019\/12\/09A6D34E-613E-4699-9AE5-CEE634F00619-scaled-768x512.jpeg\" data-srcset=\"https:\/\/billroth73.at\/wp-content\/uploads\/2019\/12\/09A6D34E-613E-4699-9AE5-CEE634F00619-scaled-768x512.jpeg 768w, https:\/\/billroth73.at\/wp-content\/uploads\/2019\/12\/09A6D34E-613E-4699-9AE5-CEE634F00619-scaled-1152x768.jpeg 1152w\" loading=\"eager\" style=\"--ratio: 768 \/ 512\" sizes=\"(max-width: 768px) 100vw, 768px\" alt=\"\"  width=\"768\" height=\"512\"  \/><\/a>\t<\/div>\n<\/div>\n\n\n<div class=\"post-entry-content\">\n\n\t<h3 class=\"entry-title\">\n\t\t<a href=\"https:\/\/billroth73.at\/index.php\/2019\/12\/17\/2b-exkursion-in-die-medienwerkstatt\/\" title=\"2B-Exkursion in die Medienwerkstatt\" rel=\"bookmark\">2B-Exkursion in die Medienwerkstatt<\/a>\n\t<\/h3>\n\n\t\n\t<div class=\"entry-excerpt\"><p>[vc_row][vc_column][vc_column_text] Wer? Klasse 2B mit Prof. Grandegger (Organisation) und Prof. Gressel Was? Storytelling &#8211; Vom Bild zum Film, Medienworkshop Wann? Donnerstag, 12.12.2019, 09.00-14.30 Wo? Medienwerkstatt,\u00a01070 Wien [\/vc_column_text][vc_empty_space][vc_column_text] Nach einer Vorbereitung&hellip;<\/p>\n<\/div>\n\t\n<a href=\"https:\/\/billroth73.at\/index.php\/2019\/12\/17\/2b-exkursion-in-die-medienwerkstatt\/\" class=\"dt-btn-s dt-btn post-details details-type-btn\" aria-label=\"Read more about 2B-Exkursion in die Medienwerkstatt\">Mehr erfahren...<i class=\"dt-icon-the7-arrow-03\" aria-hidden=\"true\"><\/i><\/a>\n\n<\/div><\/article><\/div><div class=\"hidden wf-cell\" data-post-id=\"6485\" data-date=\"2019-11-26T12:54:23+01:00\" data-name=\"Erneute Auszeichnung unseres Schulbuffets\"><article class=\"post project-odd visible post-6485 type-post status-publish format-standard has-post-thumbnail hentry category-allgemein category-1\" data-name=\"Erneute Auszeichnung unseres Schulbuffets\" data-date=\"2019-11-26T12:54:23+01:00\">\n\n<div class=\"post-thumbnail-wrap\">\n\t<div class=\"post-thumbnail\">\n\t\t\n\t\t\n\t\t<a href=\"https:\/\/billroth73.at\/index.php\/2019\/11\/26\/erneute-auszeichnung-unseres-schulbuffets\/\" class=\"post-thumbnail-rollover layzr-bg layzr-bg\" ><img decoding=\"async\" class=\"iso-lazy-load preload-me iso-lazy-load aspect\" src=\"data:image\/svg+xml,%3Csvg%20xmlns%3D&#39;http%3A%2F%2Fwww.w3.org%2F2000%2Fsvg&#39;%20viewBox%3D&#39;0%200%20762%20508&#39;%2F%3E\" data-src=\"https:\/\/billroth73.at\/wp-content\/uploads\/2019\/11\/Logo_Sipcan_NEU_PRINT_gro\u00df_trans-762x508.png\" data-srcset=\"https:\/\/billroth73.at\/wp-content\/uploads\/2019\/11\/Logo_Sipcan_NEU_PRINT_gro\u00df_trans-762x508.png 762w\" loading=\"eager\" style=\"--ratio: 762 \/ 508\" sizes=\"(max-width: 762px) 100vw, 762px\" alt=\"\" title=\"Logo_Sipcan_NEU_PRINT_gro\u00df_trans\" width=\"762\" height=\"508\"  \/><\/a>\t<\/div>\n<\/div>\n\n\n<div class=\"post-entry-content\">\n\n\t<h3 class=\"entry-title\">\n\t\t<a href=\"https:\/\/billroth73.at\/index.php\/2019\/11\/26\/erneute-auszeichnung-unseres-schulbuffets\/\" title=\"Erneute Auszeichnung unseres Schulbuffets\" rel=\"bookmark\">Erneute Auszeichnung unseres Schulbuffets<\/a>\n\t<\/h3>\n\n\t\n\t<div class=\"entry-excerpt\"><p>[vc_row][vc_column][vc_single_image image=&#8220;6483&#8243; img_size=&#8220;medium&#8220;][vc_empty_space][vc_column_text]Unsere Schule hat ein ausgezeichnetes Schulbuffet Eine gesunde und ausgewogene Pausenverpflegung liegt unserer Schule am Herzen! Aus diesem Grund nimmt unsere Buffetbetreiberin Hannelore Horvath am Schulbuffet-Check des vorsorgemedizinischen&hellip;<\/p>\n<\/div>\n\t\n<a href=\"https:\/\/billroth73.at\/index.php\/2019\/11\/26\/erneute-auszeichnung-unseres-schulbuffets\/\" class=\"dt-btn-s dt-btn post-details details-type-btn\" aria-label=\"Read more about Erneute Auszeichnung unseres Schulbuffets\">Mehr erfahren...<i class=\"dt-icon-the7-arrow-03\" aria-hidden=\"true\"><\/i><\/a>\n\n<\/div><\/article><\/div><div class=\"hidden wf-cell\" data-post-id=\"6454\" data-date=\"2019-11-19T06:33:16+01:00\" data-name=\"Modell UNO - Bratislava 2019\"><article class=\"post project-odd visible post-6454 type-post status-publish format-standard has-post-thumbnail hentry category-allgemein category-1\" data-name=\"Modell UNO &#8211; Bratislava 2019\" data-date=\"2019-11-19T06:33:16+01:00\">\n\n<div class=\"post-thumbnail-wrap\">\n\t<div class=\"post-thumbnail\">\n\t\t\n\t\t\n\t\t<a href=\"https:\/\/billroth73.at\/index.php\/2019\/11\/19\/modell-uno-bratislava-2019\/\" class=\"post-thumbnail-rollover layzr-bg layzr-bg\" ><img decoding=\"async\" class=\"iso-lazy-load preload-me iso-lazy-load aspect\" src=\"data:image\/svg+xml,%3Csvg%20xmlns%3D&#39;http%3A%2F%2Fwww.w3.org%2F2000%2Fsvg&#39;%20viewBox%3D&#39;0%200%20768%20512&#39;%2F%3E\" data-src=\"https:\/\/billroth73.at\/wp-content\/uploads\/2019\/11\/IMG-20191109-WA0020-768x512.jpg\" data-srcset=\"https:\/\/billroth73.at\/wp-content\/uploads\/2019\/11\/IMG-20191109-WA0020-768x512.jpg 768w, https:\/\/billroth73.at\/wp-content\/uploads\/2019\/11\/IMG-20191109-WA0020-1152x768.jpg 1152w\" loading=\"eager\" style=\"--ratio: 768 \/ 512\" sizes=\"(max-width: 768px) 100vw, 768px\" alt=\"\"  width=\"768\" height=\"512\"  \/><\/a>\t<\/div>\n<\/div>\n\n\n<div class=\"post-entry-content\">\n\n\t<h3 class=\"entry-title\">\n\t\t<a href=\"https:\/\/billroth73.at\/index.php\/2019\/11\/19\/modell-uno-bratislava-2019\/\" title=\"Modell UNO &#8211; Bratislava 2019\" rel=\"bookmark\">Modell UNO &#8211; Bratislava 2019<\/a>\n\t<\/h3>\n\n\t\n\t<div class=\"entry-excerpt\"><p>[vc_row][vc_column][vc_column_text]So wie \u00fcblich trat auch dieses Jahr wieder eine Gruppe von Sch\u00fclerinnen und Sch\u00fclern die Reise in die Hauptstadt der Slowakei an. Im Gep\u00e4ck hatten die siebzehn Delegierten unter der&hellip;<\/p>\n<\/div>\n\t\n<a href=\"https:\/\/billroth73.at\/index.php\/2019\/11\/19\/modell-uno-bratislava-2019\/\" class=\"dt-btn-s dt-btn post-details details-type-btn\" aria-label=\"Read more about Modell UNO &#8211; Bratislava 2019\">Mehr erfahren...<i class=\"dt-icon-the7-arrow-03\" aria-hidden=\"true\"><\/i><\/a>\n\n<\/div><\/article><\/div><div class=\"hidden wf-cell\" data-post-id=\"6195\" data-date=\"2019-05-28T11:25:12+02:00\" data-name=\"Debattierclub \u201eSpeak Up\u201c\"><article class=\"post project-odd visible post-6195 type-post status-publish format-standard has-post-thumbnail hentry category-allgemein category-1\" data-name=\"Debattierclub \u201eSpeak Up\u201c\" data-date=\"2019-05-28T11:25:12+02:00\">\n\n<div class=\"post-thumbnail-wrap\">\n\t<div class=\"post-thumbnail\">\n\t\t\n\t\t\n\t\t<a href=\"https:\/\/billroth73.at\/index.php\/2019\/05\/28\/debattierclub-speak-up\/\" class=\"post-thumbnail-rollover layzr-bg layzr-bg\" ><img decoding=\"async\" class=\"iso-lazy-load preload-me iso-lazy-load aspect\" src=\"data:image\/svg+xml,%3Csvg%20xmlns%3D&#39;http%3A%2F%2Fwww.w3.org%2F2000%2Fsvg&#39;%20viewBox%3D&#39;0%200%20768%20512&#39;%2F%3E\" data-src=\"https:\/\/billroth73.at\/wp-content\/uploads\/2019\/05\/Team-Staatsmeisterschaft-2019-768x512.jpg\" data-srcset=\"https:\/\/billroth73.at\/wp-content\/uploads\/2019\/05\/Team-Staatsmeisterschaft-2019-768x512.jpg 768w, https:\/\/billroth73.at\/wp-content\/uploads\/2019\/05\/Team-Staatsmeisterschaft-2019-1024x682.jpg 1024w\" loading=\"eager\" style=\"--ratio: 768 \/ 512\" sizes=\"(max-width: 768px) 100vw, 768px\" alt=\"\" title=\"Team Staatsmeisterschaft 2019\" width=\"768\" height=\"512\"  \/><\/a>\t<\/div>\n<\/div>\n\n\n<div class=\"post-entry-content\">\n\n\t<h3 class=\"entry-title\">\n\t\t<a href=\"https:\/\/billroth73.at\/index.php\/2019\/05\/28\/debattierclub-speak-up\/\" title=\"Debattierclub \u201eSpeak Up\u201c\" rel=\"bookmark\">Debattierclub \u201eSpeak Up\u201c<\/a>\n\t<\/h3>\n\n\t\n\t<div class=\"entry-excerpt\"><p>[vc_row][vc_column][vc_column_text]Schon Demosthenes bek\u00e4mpfte seinen Sprachfehler, indem er mit Kieselsteinen im Mund die Meeresbrandung zu \u00fcbert\u00f6nen versuchte. In unserem Debattierclub \u201eSpeak Up\u201c geht es nicht, wie heutzutage so oft, um die&hellip;<\/p>\n<\/div>\n\t\n<a href=\"https:\/\/billroth73.at\/index.php\/2019\/05\/28\/debattierclub-speak-up\/\" class=\"dt-btn-s dt-btn post-details details-type-btn\" aria-label=\"Read more about Debattierclub \u201eSpeak Up\u201c\">Mehr erfahren...<i class=\"dt-icon-the7-arrow-03\" aria-hidden=\"true\"><\/i><\/a>\n\n<\/div><\/article><\/div><div class=\"hidden wf-cell\" data-post-id=\"6191\" data-date=\"2019-05-18T18:03:50+02:00\" data-name=\"Peermediation - erster Platz beim Gewaltpr\u00e4ventionswettbewerb\"><article class=\"post project-odd visible post-6191 type-post status-publish format-standard has-post-thumbnail hentry category-allgemein category-1\" data-name=\"Peermediation &#8211; erster Platz beim Gewaltpr\u00e4ventionswettbewerb\" data-date=\"2019-05-18T18:03:50+02:00\">\n\n<div class=\"post-thumbnail-wrap\">\n\t<div class=\"post-thumbnail\">\n\t\t\n\t\t\n\t\t<a href=\"https:\/\/billroth73.at\/index.php\/2019\/05\/18\/peermediation-erster-platz-beim-gewaltpraeventionswettbewerb\/\" class=\"post-thumbnail-rollover layzr-bg layzr-bg\" ><img decoding=\"async\" class=\"iso-lazy-load preload-me iso-lazy-load aspect\" src=\"data:image\/svg+xml,%3Csvg%20xmlns%3D&#39;http%3A%2F%2Fwww.w3.org%2F2000%2Fsvg&#39;%20viewBox%3D&#39;0%200%20340%20226&#39;%2F%3E\" data-src=\"https:\/\/billroth73.at\/wp-content\/uploads\/2019\/01\/pokal-340x226.jpg\" data-srcset=\"https:\/\/billroth73.at\/wp-content\/uploads\/2019\/01\/pokal-340x226.jpg 340w\" loading=\"eager\" style=\"--ratio: 340 \/ 226\" sizes=\"(max-width: 340px) 100vw, 340px\" alt=\"\" title=\"Pokal\" width=\"340\" height=\"226\"  \/><\/a>\t<\/div>\n<\/div>\n\n\n<div class=\"post-entry-content\">\n\n\t<h3 class=\"entry-title\">\n\t\t<a href=\"https:\/\/billroth73.at\/index.php\/2019\/05\/18\/peermediation-erster-platz-beim-gewaltpraeventionswettbewerb\/\" title=\"Peermediation &#8211; erster Platz beim Gewaltpr\u00e4ventionswettbewerb\" rel=\"bookmark\">Peermediation &#8211; erster Platz beim Gewaltpr\u00e4ventionswettbewerb<\/a>\n\t<\/h3>\n\n\t\n\t<div class=\"entry-excerpt\"><p>[vc_row][vc_column][vc_column_text]Gewonnen! Unsere Peer-Mediatorinnen und Peer-Mediatoren haben die Jury \u00fcberzeugt! Ihr Video hat den ersten Platz des Gewaltpr\u00e4ventionswettbewerbs &#8222;Gemeinsam sicher mit deiner Schule&#8220; in der Kategorie 9. Schulstufe bis Matura im&hellip;<\/p>\n<\/div>\n\t\n<a href=\"https:\/\/billroth73.at\/index.php\/2019\/05\/18\/peermediation-erster-platz-beim-gewaltpraeventionswettbewerb\/\" class=\"dt-btn-s dt-btn post-details details-type-btn\" aria-label=\"Read more about Peermediation &#8211; erster Platz beim Gewaltpr\u00e4ventionswettbewerb\">Mehr erfahren...<i class=\"dt-icon-the7-arrow-03\" aria-hidden=\"true\"><\/i><\/a>\n\n<\/div><\/article><\/div><div class=\"hidden wf-cell\" data-post-id=\"6181\" data-date=\"2019-05-16T07:47:05+02:00\" data-name=\"Herzliche Gratulation zum Erfolg beim &quot;K\u00e4nguru -Test&quot;!\"><article class=\"post project-odd visible post-6181 type-post status-publish format-standard has-post-thumbnail hentry category-allgemein category-1\" data-name=\"Herzliche Gratulation zum Erfolg beim &#8222;K\u00e4nguru -Test&#8220;!\" data-date=\"2019-05-16T07:47:05+02:00\">\n\n<div class=\"post-thumbnail-wrap\">\n\t<div class=\"post-thumbnail\">\n\t\t\n\t\t\n\t\t<a href=\"https:\/\/billroth73.at\/index.php\/2019\/05\/16\/herzliche-gratulation-zum-erfolg-beim-kaenguru-test\/\" class=\"post-thumbnail-rollover layzr-bg layzr-bg\" ><img decoding=\"async\" class=\"iso-lazy-load preload-me iso-lazy-load aspect\" src=\"data:image\/svg+xml,%3Csvg%20xmlns%3D&#39;http%3A%2F%2Fwww.w3.org%2F2000%2Fsvg&#39;%20viewBox%3D&#39;0%200%20180%20120&#39;%2F%3E\" data-src=\"https:\/\/billroth73.at\/wp-content\/uploads\/2019\/05\/kangaroo-180x120.png\" data-srcset=\"https:\/\/billroth73.at\/wp-content\/uploads\/2019\/05\/kangaroo-180x120.png 180w\" loading=\"eager\" style=\"--ratio: 180 \/ 120\" sizes=\"(max-width: 180px) 100vw, 180px\" alt=\"\" title=\"kangaroo\" width=\"180\" height=\"120\"  \/><\/a>\t<\/div>\n<\/div>\n\n\n<div class=\"post-entry-content\">\n\n\t<h3 class=\"entry-title\">\n\t\t<a href=\"https:\/\/billroth73.at\/index.php\/2019\/05\/16\/herzliche-gratulation-zum-erfolg-beim-kaenguru-test\/\" title=\"Herzliche Gratulation zum Erfolg beim &#8222;K\u00e4nguru -Test&#8220;!\" rel=\"bookmark\">Herzliche Gratulation zum Erfolg beim &#8222;K\u00e4nguru -Test&#8220;!<\/a>\n\t<\/h3>\n\n\t\n\t<div class=\"entry-excerpt\"><p>Am 21.03.2019 durften sich wieder Sch\u00fclerinnen und Sch\u00fcler aus ganz \u00d6sterreich beim diesj\u00e4hrigen Mathematik-K\u00e4nguru-Wettbewerb miteinander messen. Unsere Schule nahm in den Kategorien \u201eBenjamin\u201c (5. \/ 6. Schulstufe) und \u201eKadett\u201c (7.&hellip;<\/p>\n<\/div>\n\t\n<a href=\"https:\/\/billroth73.at\/index.php\/2019\/05\/16\/herzliche-gratulation-zum-erfolg-beim-kaenguru-test\/\" class=\"dt-btn-s dt-btn post-details details-type-btn\" aria-label=\"Read more about Herzliche Gratulation zum Erfolg beim &#8222;K\u00e4nguru -Test&#8220;!\">Mehr erfahren...<i class=\"dt-icon-the7-arrow-03\" aria-hidden=\"true\"><\/i><\/a>\n\n<\/div><\/article><\/div><div class=\"hidden wf-cell\" data-post-id=\"6091\" data-date=\"2019-03-25T11:47:32+01:00\" data-name=\"Bundesmeisterschaft Hockey 20. \u2013 21. 3. 2019 in Linz\"><article class=\"post project-odd visible post-6091 type-post status-publish format-standard has-post-thumbnail hentry category-allgemein category-1\" data-name=\"Bundesmeisterschaft Hockey 20. \u2013 21. 3. 2019 in Linz\" data-date=\"2019-03-25T11:47:32+01:00\">\n\n<div class=\"post-thumbnail-wrap\">\n\t<div class=\"post-thumbnail\">\n\t\t\n\t\t\n\t\t<a href=\"https:\/\/billroth73.at\/index.php\/2019\/03\/25\/bundesmeisterschaft-hockey-20-21-3-2019-in-linz\/\" class=\"post-thumbnail-rollover layzr-bg layzr-bg\" ><img decoding=\"async\" class=\"iso-lazy-load preload-me iso-lazy-load aspect\" src=\"data:image\/svg+xml,%3Csvg%20xmlns%3D&#39;http%3A%2F%2Fwww.w3.org%2F2000%2Fsvg&#39;%20viewBox%3D&#39;0%200%20768%20512&#39;%2F%3E\" data-src=\"https:\/\/billroth73.at\/wp-content\/uploads\/2019\/03\/20190320_Hockeybundesmeisterschaft_M\u00e4dchen-Unterstufe_2-768x512.jpg\" data-srcset=\"https:\/\/billroth73.at\/wp-content\/uploads\/2019\/03\/20190320_Hockeybundesmeisterschaft_M\u00e4dchen-Unterstufe_2-768x512.jpg 768w, https:\/\/billroth73.at\/wp-content\/uploads\/2019\/03\/20190320_Hockeybundesmeisterschaft_M\u00e4dchen-Unterstufe_2-1152x768.jpg 1152w\" loading=\"eager\" style=\"--ratio: 768 \/ 512\" sizes=\"(max-width: 768px) 100vw, 768px\" alt=\"\" title=\"dav\" width=\"768\" height=\"512\"  \/><\/a>\t<\/div>\n<\/div>\n\n\n<div class=\"post-entry-content\">\n\n\t<h3 class=\"entry-title\">\n\t\t<a href=\"https:\/\/billroth73.at\/index.php\/2019\/03\/25\/bundesmeisterschaft-hockey-20-21-3-2019-in-linz\/\" title=\"Bundesmeisterschaft Hockey 20. \u2013 21. 3. 2019 in Linz\" rel=\"bookmark\">Bundesmeisterschaft Hockey 20. \u2013 21. 3. 2019 in Linz<\/a>\n\t<\/h3>\n\n\t\n\t<div class=\"entry-excerpt\"><p>[vc_row][vc_column][vc_column_text]So wie vergangenes Schuljahr gewannen die Billroth-M\u00e4dels auch heuer wieder die Wiener Hockeylandesmeisterschaft und qualifizierten sich dadurch f\u00fcr die nur alle 2 Jahre stattfindenden Bundesmeisterschaften. Nun konnte sich das M\u00e4dchenhockeyteam&hellip;<\/p>\n<\/div>\n\t\n<a href=\"https:\/\/billroth73.at\/index.php\/2019\/03\/25\/bundesmeisterschaft-hockey-20-21-3-2019-in-linz\/\" class=\"dt-btn-s dt-btn post-details details-type-btn\" aria-label=\"Read more about Bundesmeisterschaft Hockey 20. \u2013 21. 3. 2019 in Linz\">Mehr erfahren...<i class=\"dt-icon-the7-arrow-03\" aria-hidden=\"true\"><\/i><\/a>\n\n<\/div><\/article><\/div><div class=\"hidden wf-cell\" data-post-id=\"6001\" data-date=\"2019-03-12T18:06:48+01:00\" data-name=\"Besuch des Streichquartetts &#039;Quatuor Arod&#039;\"><article class=\"post project-odd visible post-6001 type-post status-publish format-standard has-post-thumbnail hentry category-allgemein category-1\" data-name=\"Besuch des Streichquartetts &#8218;Quatuor Arod&#8216;\" data-date=\"2019-03-12T18:06:48+01:00\">\n\n<div class=\"post-thumbnail-wrap\">\n\t<div class=\"post-thumbnail\">\n\t\t\n\t\t\n\t\t<a href=\"https:\/\/billroth73.at\/index.php\/2019\/03\/12\/besuch-des-streichquartetts-quatuor-arod\/\" class=\"post-thumbnail-rollover layzr-bg layzr-bg\" ><img decoding=\"async\" class=\"iso-lazy-load preload-me iso-lazy-load aspect\" src=\"data:image\/svg+xml,%3Csvg%20xmlns%3D&#39;http%3A%2F%2Fwww.w3.org%2F2000%2Fsvg&#39;%20viewBox%3D&#39;0%200%20768%20512&#39;%2F%3E\" data-src=\"https:\/\/billroth73.at\/wp-content\/uploads\/2019\/03\/IMG_20190312_122427-768x512.jpg\" data-srcset=\"https:\/\/billroth73.at\/wp-content\/uploads\/2019\/03\/IMG_20190312_122427-768x512.jpg 768w, https:\/\/billroth73.at\/wp-content\/uploads\/2019\/03\/IMG_20190312_122427-1152x768.jpg 1152w\" loading=\"eager\" style=\"--ratio: 768 \/ 512\" sizes=\"(max-width: 768px) 100vw, 768px\" alt=\"\" title=\"sdr\" width=\"768\" height=\"512\"  \/><\/a>\t<\/div>\n<\/div>\n\n\n<div class=\"post-entry-content\">\n\n\t<h3 class=\"entry-title\">\n\t\t<a href=\"https:\/\/billroth73.at\/index.php\/2019\/03\/12\/besuch-des-streichquartetts-quatuor-arod\/\" title=\"Besuch des Streichquartetts &#8218;Quatuor Arod&#8216;\" rel=\"bookmark\">Besuch des Streichquartetts &#8218;Quatuor Arod&#8216;<\/a>\n\t<\/h3>\n\n\t\n\t<div class=\"entry-excerpt\"><p>[vc_row][vc_column][vc_column_text]Franz\u00f6sisch-Unterricht etwas anders: Die Klassen 6B (Mag. Petra Lukas-Kickinger) und 6C (Mag. Katharina Tanzler) bekamen am Dienstag, 12.3.2019, musikalischen Besuch von den Rising Stars &#8218;Quatuor Arod&#8216;, die am Vorabend noch&hellip;<\/p>\n<\/div>\n\t\n<a href=\"https:\/\/billroth73.at\/index.php\/2019\/03\/12\/besuch-des-streichquartetts-quatuor-arod\/\" class=\"dt-btn-s dt-btn post-details details-type-btn\" aria-label=\"Read more about Besuch des Streichquartetts &#8218;Quatuor Arod&#8216;\">Mehr erfahren...<i class=\"dt-icon-the7-arrow-03\" aria-hidden=\"true\"><\/i><\/a>\n\n<\/div><\/article><\/div><div class=\"hidden wf-cell\" data-post-id=\"5978\" data-date=\"2019-03-08T12:17:15+01:00\" data-name=\"Berufspraktische Tage der 6. Klassen\"><article class=\"post project-odd visible post-5978 type-post status-publish format-standard has-post-thumbnail hentry category-allgemein category-1\" data-name=\"Berufspraktische Tage der 6. Klassen\" data-date=\"2019-03-08T12:17:15+01:00\">\n\n<div class=\"post-thumbnail-wrap\">\n\t<div class=\"post-thumbnail\">\n\t\t\n\t\t\n\t\t<a href=\"https:\/\/billroth73.at\/index.php\/2019\/03\/08\/berufspraktische-tage-der-6-klassen\/\" class=\"post-thumbnail-rollover layzr-bg layzr-bg\" ><img decoding=\"async\" class=\"iso-lazy-load preload-me iso-lazy-load aspect\" src=\"data:image\/svg+xml,%3Csvg%20xmlns%3D&#39;http%3A%2F%2Fwww.w3.org%2F2000%2Fsvg&#39;%20viewBox%3D&#39;0%200%20768%20512&#39;%2F%3E\" data-src=\"https:\/\/billroth73.at\/wp-content\/uploads\/2019\/03\/Berufspraktische-Tage-Pr\u00e4sentation-768x512.jpg\" data-srcset=\"https:\/\/billroth73.at\/wp-content\/uploads\/2019\/03\/Berufspraktische-Tage-Pr\u00e4sentation-768x512.jpg 768w, https:\/\/billroth73.at\/wp-content\/uploads\/2019\/03\/Berufspraktische-Tage-Pr\u00e4sentation-1152x768.jpg 1152w\" loading=\"eager\" style=\"--ratio: 768 \/ 512\" sizes=\"(max-width: 768px) 100vw, 768px\" alt=\"\" title=\"Berufspraktische Tage Pr\u00e4sentation\" width=\"768\" height=\"512\"  \/><\/a>\t<\/div>\n<\/div>\n\n\n<div class=\"post-entry-content\">\n\n\t<h3 class=\"entry-title\">\n\t\t<a href=\"https:\/\/billroth73.at\/index.php\/2019\/03\/08\/berufspraktische-tage-der-6-klassen\/\" title=\"Berufspraktische Tage der 6. Klassen\" rel=\"bookmark\">Berufspraktische Tage der 6. Klassen<\/a>\n\t<\/h3>\n\n\t\n\t<div class=\"entry-excerpt\"><p>Am 6. M\u00e4rz 2019 pr\u00e4sentierten 15 Sch\u00fclerInnen\/Sch\u00fcler um 18 Uhr im Veranstaltungssaal ihre Erfahrungen von den berufspratkischen Tagen, die vom 11. bis 13. Februar 2019 stattgefunden haben. Alle Sch\u00fclerinnen und&hellip;<\/p>\n<\/div>\n\t\n<a href=\"https:\/\/billroth73.at\/index.php\/2019\/03\/08\/berufspraktische-tage-der-6-klassen\/\" class=\"dt-btn-s dt-btn post-details details-type-btn\" aria-label=\"Read more about Berufspraktische Tage der 6. Klassen\">Mehr erfahren...<i class=\"dt-icon-the7-arrow-03\" aria-hidden=\"true\"><\/i><\/a>\n\n<\/div><\/article><\/div><div class=\"hidden wf-cell\" data-post-id=\"5987\" data-date=\"2019-03-05T10:44:07+01:00\" data-name=\"N\u00e4rrisches Treiben\"><article class=\"post project-odd visible post-5987 type-post status-publish format-standard has-post-thumbnail hentry category-allgemein category-1\" data-name=\"N\u00e4rrisches Treiben\" data-date=\"2019-03-05T10:44:07+01:00\">\n\n<div class=\"post-thumbnail-wrap\">\n\t<div class=\"post-thumbnail\">\n\t\t\n\t\t\n\t\t<a href=\"https:\/\/billroth73.at\/index.php\/2019\/03\/05\/naerrisches-treiben\/\" class=\"post-thumbnail-rollover layzr-bg layzr-bg\" ><img decoding=\"async\" class=\"iso-lazy-load preload-me iso-lazy-load aspect\" src=\"data:image\/svg+xml,%3Csvg%20xmlns%3D&#39;http%3A%2F%2Fwww.w3.org%2F2000%2Fsvg&#39;%20viewBox%3D&#39;0%200%20768%20512&#39;%2F%3E\" data-src=\"https:\/\/billroth73.at\/wp-content\/uploads\/2019\/03\/Ingrid-Stejskal2-768x512.jpg\" data-srcset=\"https:\/\/billroth73.at\/wp-content\/uploads\/2019\/03\/Ingrid-Stejskal2-768x512.jpg 768w, https:\/\/billroth73.at\/wp-content\/uploads\/2019\/03\/Ingrid-Stejskal2-1152x768.jpg 1152w\" loading=\"eager\" style=\"--ratio: 768 \/ 512\" sizes=\"(max-width: 768px) 100vw, 768px\" alt=\"\" title=\"Fasching 2019\" width=\"768\" height=\"512\"  \/><\/a>\t<\/div>\n<\/div>\n\n\n<div class=\"post-entry-content\">\n\n\t<h3 class=\"entry-title\">\n\t\t<a href=\"https:\/\/billroth73.at\/index.php\/2019\/03\/05\/naerrisches-treiben\/\" title=\"N\u00e4rrisches Treiben\" rel=\"bookmark\">N\u00e4rrisches Treiben<\/a>\n\t<\/h3>\n\n\t\n\t<div class=\"entry-excerpt\"><p>[vc_row][vc_column][vc_column_text] Am Faschingsdienstag 2019 fand das traditionelle Faschingsfest in der 5. und 6. Schulstunde statt. Siegreich waren die 1A (&#8222;Schlafen&#8220;) sowie die 6C (&#8222;Spanische Inquisition&#8220;). Den Abschluss stellte ein Umzug&hellip;<\/p>\n<\/div>\n\t\n<a href=\"https:\/\/billroth73.at\/index.php\/2019\/03\/05\/naerrisches-treiben\/\" class=\"dt-btn-s dt-btn post-details details-type-btn\" aria-label=\"Read more about N\u00e4rrisches Treiben\">Mehr erfahren...<i class=\"dt-icon-the7-arrow-03\" aria-hidden=\"true\"><\/i><\/a>\n\n<\/div><\/article><\/div><div class=\"hidden wf-cell\" data-post-id=\"5786\" data-date=\"2019-01-25T11:12:00+01:00\" data-name=\"1. Platz bei den Landesmeisterschaften im Alpinen Skilauf\"><article class=\"post project-odd visible post-5786 type-post status-publish format-standard has-post-thumbnail hentry category-allgemein category-1\" data-name=\"1. Platz bei den Landesmeisterschaften im Alpinen Skilauf\" data-date=\"2019-01-25T11:12:00+01:00\">\n\n<div class=\"post-thumbnail-wrap\">\n\t<div class=\"post-thumbnail\">\n\t\t\n\t\t\n\t\t<a href=\"https:\/\/billroth73.at\/index.php\/2019\/01\/25\/1-platz-bei-den-landesmeisterschaften-im-alpinen-skilauf\/\" class=\"post-thumbnail-rollover layzr-bg layzr-bg\" ><img decoding=\"async\" class=\"iso-lazy-load preload-me iso-lazy-load aspect\" src=\"data:image\/svg+xml,%3Csvg%20xmlns%3D&#39;http%3A%2F%2Fwww.w3.org%2F2000%2Fsvg&#39;%20viewBox%3D&#39;0%200%20340%20226&#39;%2F%3E\" data-src=\"https:\/\/billroth73.at\/wp-content\/uploads\/2019\/01\/pokal-340x226.jpg\" data-srcset=\"https:\/\/billroth73.at\/wp-content\/uploads\/2019\/01\/pokal-340x226.jpg 340w\" loading=\"eager\" style=\"--ratio: 340 \/ 226\" sizes=\"(max-width: 340px) 100vw, 340px\" alt=\"\" title=\"Pokal\" width=\"340\" height=\"226\"  \/><\/a>\t<\/div>\n<\/div>\n\n\n<div class=\"post-entry-content\">\n\n\t<h3 class=\"entry-title\">\n\t\t<a href=\"https:\/\/billroth73.at\/index.php\/2019\/01\/25\/1-platz-bei-den-landesmeisterschaften-im-alpinen-skilauf\/\" title=\"1. Platz bei den Landesmeisterschaften im Alpinen Skilauf\" rel=\"bookmark\">1. Platz bei den Landesmeisterschaften im Alpinen Skilauf<\/a>\n\t<\/h3>\n\n\t\n\t<div class=\"entry-excerpt\"><p>[vc_row][vc_column][vc_single_image image=&#8220;5790&#8243; img_size=&#8220;full&#8220;][vc_column_text] Am 23.01.2019 fanden in M\u00f6nichkirchen die Landesmeisterschaften der Wiener Schulen im Alpinen Skilauf statt. Im Riesentorlauf belegten unsere Sch\u00fcler der 1. und 2. Klassen in der Teamwertung&hellip;<\/p>\n<\/div>\n\t\n<a href=\"https:\/\/billroth73.at\/index.php\/2019\/01\/25\/1-platz-bei-den-landesmeisterschaften-im-alpinen-skilauf\/\" class=\"dt-btn-s dt-btn post-details details-type-btn\" aria-label=\"Read more about 1. Platz bei den Landesmeisterschaften im Alpinen Skilauf\">Mehr erfahren...<i class=\"dt-icon-the7-arrow-03\" aria-hidden=\"true\"><\/i><\/a>\n\n<\/div><\/article><\/div><div class=\"hidden wf-cell\" data-post-id=\"5691\" data-date=\"2018-12-19T20:47:10+01:00\" data-name=\"Sozialprojekt Aktion Kilo gegen Armut\"><article class=\"post project-odd visible post-5691 type-post status-publish format-standard has-post-thumbnail hentry category-allgemein category-1\" data-name=\"Sozialprojekt Aktion Kilo gegen Armut\" data-date=\"2018-12-19T20:47:10+01:00\">\n\n<div class=\"post-thumbnail-wrap\">\n\t<div class=\"post-thumbnail\">\n\t\t\n\t\t\n\t\t<a href=\"https:\/\/billroth73.at\/index.php\/2018\/12\/19\/sozialprojekt-aktion-kilo-gegen-armut\/\" class=\"post-thumbnail-rollover layzr-bg layzr-bg\" ><img decoding=\"async\" class=\"iso-lazy-load preload-me iso-lazy-load aspect\" src=\"data:image\/svg+xml,%3Csvg%20xmlns%3D&#39;http%3A%2F%2Fwww.w3.org%2F2000%2Fsvg&#39;%20viewBox%3D&#39;0%200%20768%20512&#39;%2F%3E\" data-src=\"https:\/\/billroth73.at\/wp-content\/uploads\/2018\/12\/sozialprojekt-e1545247752399-768x512.jpg\" data-srcset=\"https:\/\/billroth73.at\/wp-content\/uploads\/2018\/12\/sozialprojekt-e1545247752399-768x512.jpg 768w, https:\/\/billroth73.at\/wp-content\/uploads\/2018\/12\/sozialprojekt-e1545247752399-1152x768.jpg 1152w\" loading=\"eager\" style=\"--ratio: 768 \/ 512\" sizes=\"(max-width: 768px) 100vw, 768px\" alt=\"\" title=\"sozialprojekt\" width=\"768\" height=\"512\"  \/><\/a>\t<\/div>\n<\/div>\n\n\n<div class=\"post-entry-content\">\n\n\t<h3 class=\"entry-title\">\n\t\t<a href=\"https:\/\/billroth73.at\/index.php\/2018\/12\/19\/sozialprojekt-aktion-kilo-gegen-armut\/\" title=\"Sozialprojekt Aktion Kilo gegen Armut\" rel=\"bookmark\">Sozialprojekt Aktion Kilo gegen Armut<\/a>\n\t<\/h3>\n\n\t\n\t<div class=\"entry-excerpt\"><p>[vc_row][vc_column][vc_empty_space][vc_column_text]Das Sozialprojekt der 7. Klassen &#8222;Aktion Kilo gegen Armut&#8220; fand vom 17.12. bis zum 19.12. statt und war ein voller Erfolg. N\u00e4here Informationen zu diesem Projekt befinden sich hier.[\/vc_column_text][\/vc_column][\/vc_row]<\/p>\n<\/div>\n\t\n<a href=\"https:\/\/billroth73.at\/index.php\/2018\/12\/19\/sozialprojekt-aktion-kilo-gegen-armut\/\" class=\"dt-btn-s dt-btn post-details details-type-btn\" aria-label=\"Read more about Sozialprojekt Aktion Kilo gegen Armut\">Mehr erfahren...<i class=\"dt-icon-the7-arrow-03\" aria-hidden=\"true\"><\/i><\/a>\n\n<\/div><\/article><\/div><div class=\"hidden wf-cell\" data-post-id=\"5490\" data-date=\"2018-12-04T05:37:25+01:00\" data-name=\"Willkommen auf der neuen Homepage!\"><article class=\"post project-odd visible post-5490 type-post status-publish format-standard has-post-thumbnail hentry category-allgemein category-1\" data-name=\"Willkommen auf der neuen Homepage!\" data-date=\"2018-12-04T05:37:25+01:00\">\n\n<div class=\"post-thumbnail-wrap\">\n\t<div class=\"post-thumbnail\">\n\t\t\n\t\t\n\t\t<a href=\"https:\/\/billroth73.at\/index.php\/2018\/12\/04\/homepageuebergabe-erfolgt\/\" class=\"post-thumbnail-rollover layzr-bg layzr-bg\" ><img decoding=\"async\" class=\"iso-lazy-load preload-me iso-lazy-load aspect\" src=\"data:image\/svg+xml,%3Csvg%20xmlns%3D&#39;http%3A%2F%2Fwww.w3.org%2F2000%2Fsvg&#39;%20viewBox%3D&#39;0%200%20768%20512&#39;%2F%3E\" data-src=\"https:\/\/billroth73.at\/wp-content\/uploads\/2018\/12\/Titelbild-768x512.png\" data-srcset=\"https:\/\/billroth73.at\/wp-content\/uploads\/2018\/12\/Titelbild-768x512.png 768w, https:\/\/billroth73.at\/wp-content\/uploads\/2018\/12\/Titelbild-1152x768.png 1152w\" loading=\"eager\" style=\"--ratio: 768 \/ 512\" sizes=\"(max-width: 768px) 100vw, 768px\" alt=\"\" title=\"Titelbild\" width=\"768\" height=\"512\"  \/><\/a>\t<\/div>\n<\/div>\n\n\n<div class=\"post-entry-content\">\n\n\t<h3 class=\"entry-title\">\n\t\t<a href=\"https:\/\/billroth73.at\/index.php\/2018\/12\/04\/homepageuebergabe-erfolgt\/\" title=\"Willkommen auf der neuen Homepage!\" rel=\"bookmark\">Willkommen auf der neuen Homepage!<\/a>\n\t<\/h3>\n\n\t\n\t<div class=\"entry-excerpt\"><p>[vc_row][vc_column][vc_column_text] Nach fast 20 Jahren erh\u00e4lt unsere Schulhomepage ein neues Antlitz! Wir m\u00f6chten uns an dieser Stelle\u00a0einerseits bei den Teammitgliedern der gegr\u00fcndeten Arbeitsgemeinschaft f\u00fcr die Zusammenarbeit und andererseits bei Prof.&hellip;<\/p>\n<\/div>\n\t\n<a href=\"https:\/\/billroth73.at\/index.php\/2018\/12\/04\/homepageuebergabe-erfolgt\/\" class=\"dt-btn-s dt-btn post-details details-type-btn\" aria-label=\"Read more about Willkommen auf der neuen Homepage!\">Mehr erfahren...<i class=\"dt-icon-the7-arrow-03\" aria-hidden=\"true\"><\/i><\/a>\n\n<\/div><\/article><\/div><div class=\"hidden wf-cell\" data-post-id=\"5493\" data-date=\"2018-12-04T05:30:04+01:00\" data-name=\"Einen Lux will er sich machen...\"><article class=\"post project-odd visible post-5493 type-post status-publish format-standard has-post-thumbnail hentry category-allgemein category-1\" data-name=\"Einen Lux will er sich machen&#8230;\" data-date=\"2018-12-04T05:30:04+01:00\">\n\n<div class=\"post-thumbnail-wrap\">\n\t<div class=\"post-thumbnail\">\n\t\t\n\t\t\n\t\t<a href=\"https:\/\/billroth73.at\/index.php\/2018\/12\/04\/einen-lux-will-er-sich-machen\/\" class=\"post-thumbnail-rollover layzr-bg layzr-bg\" ><img decoding=\"async\" class=\"iso-lazy-load preload-me iso-lazy-load aspect\" src=\"data:image\/svg+xml,%3Csvg%20xmlns%3D&#39;http%3A%2F%2Fwww.w3.org%2F2000%2Fsvg&#39;%20viewBox%3D&#39;0%200%20503%20335&#39;%2F%3E\" data-src=\"https:\/\/billroth73.at\/wp-content\/uploads\/2018\/12\/Lux_A-503x335.jpg\" data-srcset=\"https:\/\/billroth73.at\/wp-content\/uploads\/2018\/12\/Lux_A-503x335.jpg 503w\" loading=\"eager\" style=\"--ratio: 503 \/ 335\" sizes=\"(max-width: 503px) 100vw, 503px\" alt=\"\" title=\"Lux_A\" width=\"503\" height=\"335\"  \/><\/a>\t<\/div>\n<\/div>\n\n\n<div class=\"post-entry-content\">\n\n\t<h3 class=\"entry-title\">\n\t\t<a href=\"https:\/\/billroth73.at\/index.php\/2018\/12\/04\/einen-lux-will-er-sich-machen\/\" title=\"Einen Lux will er sich machen&#8230;\" rel=\"bookmark\">Einen Lux will er sich machen&#8230;<\/a>\n\t<\/h3>\n\n\t\n\t<div class=\"entry-excerpt\"><p>[vc_row][vc_column width=&#8220;1\/2&#8243;][vc_column_text]&#8230; und beendet deshalb seine T\u00e4tigkeit am GRG XIX. Der 30. November 2018 war der letzte Arbeitstag von Prof. Franz Lux. Wir verabschieden uns von einem Lehrer, Theaterleiter, Kollegen&hellip;<\/p>\n<\/div>\n\t\n<a href=\"https:\/\/billroth73.at\/index.php\/2018\/12\/04\/einen-lux-will-er-sich-machen\/\" class=\"dt-btn-s dt-btn post-details details-type-btn\" aria-label=\"Read more about Einen Lux will er sich machen&#8230;\">Mehr erfahren...<i class=\"dt-icon-the7-arrow-03\" aria-hidden=\"true\"><\/i><\/a>\n\n<\/div><\/article><\/div><\/div><!-- iso-container|iso-grid --><div class=\"paginator paginator-more-button\">\n\t\t\t\t<a class=\"button-load-more \" href=\"javascript:void(0);\" data-dt-page=\"1\" ><span class=\"stick\"><\/span><span class=\"stick\"><\/span><span class=\"stick\"><\/span><span class=\"button-caption\">Mehr laden<\/span><\/a>\n\t\t\t<\/div><\/div>[\/vc_column][\/vc_row][vc_row][vc_column][\/vc_column][\/vc_row]<\/p>\n","protected":false},"excerpt":{"rendered":"<p>[vc_row][vc_column][vc_column_text] [\/vc_column_text][vc_separator][\/vc_column][\/vc_row][vc_row][vc_column][vc_empty_space height=&#8220;50px&#8220;][vc_empty_space height=&#8220;50px&#8220;][\/vc_column][\/vc_row][vc_row type=&#8220;vc_default&#8220;][vc_column css=&#8220;.vc_custom_1490282465784{padding-right: 50px !important;padding-left: 50px !important;}&#8220;][\/vc_column][\/vc_row][vc_row][vc_column][\/vc_column][\/vc_row]<\/p>\n","protected":false},"author":1,"featured_media":0,"parent":0,"menu_order":58,"comment_status":"closed","ping_status":"closed","template":"","meta":{"footnotes":"","_links_to":"","_links_to_target":""},"class_list":["post-46","page","type-page","status-publish","hentry","description-off"],"_links":{"self":[{"href":"https:\/\/billroth73.at\/index.php\/wp-json\/wp\/v2\/pages\/46","targetHints":{"allow":["GET"]}}],"collection":[{"href":"https:\/\/billroth73.at\/index.php\/wp-json\/wp\/v2\/pages"}],"about":[{"href":"https:\/\/billroth73.at\/index.php\/wp-json\/wp\/v2\/types\/page"}],"author":[{"embeddable":true,"href":"https:\/\/billroth73.at\/index.php\/wp-json\/wp\/v2\/users\/1"}],"replies":[{"embeddable":true,"href":"https:\/\/billroth73.at\/index.php\/wp-json\/wp\/v2\/comments?post=46"}],"version-history":[{"count":40,"href":"https:\/\/billroth73.at\/index.php\/wp-json\/wp\/v2\/pages\/46\/revisions"}],"predecessor-version":[{"id":5715,"href":"https:\/\/billroth73.at\/index.php\/wp-json\/wp\/v2\/pages\/46\/revisions\/5715"}],"wp:attachment":[{"href":"https:\/\/billroth73.at\/index.php\/wp-json\/wp\/v2\/media?parent=46"}],"curies":[{"name":"wp","href":"https:\/\/api.w.org\/{rel}","templated":true}]}}